{"id":1361,"date":"2019-08-20T17:44:16","date_gmt":"2019-08-20T20:44:16","guid":{"rendered":"http:\/\/bar-sur.com.ar\/photo-gallery-cultural-activities\/"},"modified":"2019-08-21T17:45:39","modified_gmt":"2019-08-21T20:45:39","slug":"cultural-activities","status":"publish","type":"page","link":"https:\/\/bar-sur.com.ar\/en\/cultural-activities\/","title":{"rendered":"Cultural Activities"},"content":{"rendered":"\n<style type=\"text\/css\" data-created_by=\"avia_inline_auto\" id=\"style-css-av-jvwuv2gv-4889acab74cc6e90af86cbbc30f6ccff\">\n.avia-section.av-jvwuv2gv-4889acab74cc6e90af86cbbc30f6ccff{\nbackground-repeat:no-repeat;\nbackground-image:url(https:\/\/bar-sur.com.ar\/wp-content\/uploads\/2019\/07\/TOP-FOTOS-ACTIVIDADES.jpg);\nbackground-position:50% 50%;\nbackground-attachment:fixed;\n}\n.avia-section.av-jvwuv2gv-4889acab74cc6e90af86cbbc30f6ccff .av-section-color-overlay{\nopacity:0.5;\nbackground-color:#000000;\nbackground-image:url(https:\/\/bar-sur.com.ar\/wp-content\/themes\/enfold\/images\/background-images\/dots-mini-light.png);\nbackground-repeat:repeat;\n}\n<\/style>\n<div id='av_section_1'  class='avia-section av-jvwuv2gv-4889acab74cc6e90af86cbbc30f6ccff main_color avia-section-no-padding avia-no-border-styling  avia-builder-el-0  el_before_av_section  avia-builder-el-first  av-small-hide av-mini-hide avia-bg-style-fixed av-section-color-overlay-active av-minimum-height av-minimum-height-100 av-height-100  container_wrap fullsize'  data-section-bg-repeat='no-repeat' data-av_minimum_height_pc='100' data-av_min_height_opt='100'><div class=\"av-section-color-overlay-wrap\"><div class=\"av-section-color-overlay\"><\/div><a href='#next-section' title='' class='scroll-down-link  avia-svg-icon avia-font-svg_entypo-fontello' data-av_svg_icon='down-open-mini' data-av_iconset='svg_entypo-fontello'><svg version=\"1.1\" xmlns=\"http:\/\/www.w3.org\/2000\/svg\" width=\"15\" height=\"32\" viewBox=\"0 0 15 32\" preserveAspectRatio=\"xMidYMid meet\" aria-labelledby='av-svg-title-1' aria-describedby='av-svg-desc-1' role=\"graphics-symbol\" aria-hidden=\"true\">\n<title id='av-svg-title-1'>Scroll to next section<\/title>\n<desc id='av-svg-desc-1'>Scroll to next section<\/desc>\n<path d=\"M12.96 12.16q0.704-0.832 1.536 0 0.832 0.704 0 1.536l-6.272 6.144q-0.704 0.704-1.536 0l-6.272-6.144q-0.832-0.832 0-1.536 0.768-0.768 1.6 0l5.44 4.992z\"><\/path>\n<\/svg><\/a><div class='container av-section-cont-open' ><main  role=\"main\" itemprop=\"mainContentOfPage\"  class='template-page content  av-content-full alpha units'><div class='post-entry post-entry-type-page post-entry-1361'><div class='entry-content-wrapper clearfix'>\n<div class='flex_column_table av-jvzm2dl7-0c24082313a4debd57217adf3bc68efe sc-av_one_fourth av-equal-height-column-flextable'>\n<style type=\"text\/css\" data-created_by=\"avia_inline_auto\" id=\"style-css-av-jvzm2dl7-0c24082313a4debd57217adf3bc68efe\">\n.flex_column.av-jvzm2dl7-0c24082313a4debd57217adf3bc68efe{\nborder-radius:0px 0px 0px 0px;\npadding:0px 0px 0px 0px;\n}\n<\/style>\n<div  class='flex_column av-jvzm2dl7-0c24082313a4debd57217adf3bc68efe av_one_fourth  avia-builder-el-1  el_before_av_one_half  avia-builder-el-first  first flex_column_table_cell av-equal-height-column av-align-bottom av-zero-column-padding  '     ><\/div><div class='av-flex-placeholder'><\/div>\n<style type=\"text\/css\" data-created_by=\"avia_inline_auto\" id=\"style-css-av-2a31a-46a1707699188d7f640d087814483ace\">\n.flex_column.av-2a31a-46a1707699188d7f640d087814483ace{\nborder-radius:0px 0px 0px 0px;\npadding:0px 0px 0px 0px;\n}\n<\/style>\n<div  class='flex_column av-2a31a-46a1707699188d7f640d087814483ace av_one_half  avia-builder-el-2  el_after_av_one_fourth  el_before_av_one_fourth  flex_column_table_cell av-equal-height-column av-align-bottom av-zero-column-padding  '     ><p>\n<style type=\"text\/css\" data-created_by=\"avia_inline_auto\" id=\"style-css-av-jvzvcl1b-dc75241a43b49154d06c0573149037e3\">\n#top .hr.hr-invisible.av-jvzvcl1b-dc75241a43b49154d06c0573149037e3{\nheight:50px;\n}\n<\/style>\n<div  class='hr av-jvzvcl1b-dc75241a43b49154d06c0573149037e3 hr-invisible  avia-builder-el-3  el_before_av_heading  avia-builder-el-first '><span class='hr-inner '><span class=\"hr-inner-style\"><\/span><\/span><\/div><br \/>\n\n<style type=\"text\/css\" data-created_by=\"avia_inline_auto\" id=\"style-css-av-e8edr-88dde8cc9a16d92556d6e856a9c5949e\">\n#top .av-special-heading.av-e8edr-88dde8cc9a16d92556d6e856a9c5949e{\npadding-bottom:10px;\ncolor:#ffffff;\nfont-size:42px;\n}\nbody .av-special-heading.av-e8edr-88dde8cc9a16d92556d6e856a9c5949e .av-special-heading-tag .heading-char{\nfont-size:25px;\n}\n#top #wrap_all .av-special-heading.av-e8edr-88dde8cc9a16d92556d6e856a9c5949e .av-special-heading-tag{\nfont-size:42px;\n}\n.av-special-heading.av-e8edr-88dde8cc9a16d92556d6e856a9c5949e .special-heading-inner-border{\nborder-color:#ffffff;\n}\n.av-special-heading.av-e8edr-88dde8cc9a16d92556d6e856a9c5949e .av-subheading{\nfont-size:21px;\n}\n\n@media only screen and (min-width: 768px) and (max-width: 989px){ \n#top #wrap_all .av-special-heading.av-e8edr-88dde8cc9a16d92556d6e856a9c5949e .av-special-heading-tag{\nfont-size:32px;\n}\n}\n\n@media only screen and (min-width: 480px) and (max-width: 767px){ \n#top #wrap_all .av-special-heading.av-e8edr-88dde8cc9a16d92556d6e856a9c5949e .av-special-heading-tag{\nfont-size:28px;\n}\n}\n\n@media only screen and (max-width: 479px){ \n#top #wrap_all .av-special-heading.av-e8edr-88dde8cc9a16d92556d6e856a9c5949e .av-special-heading-tag{\nfont-size:36px;\n}\n}\n<\/style>\n<div  class='av-special-heading av-e8edr-88dde8cc9a16d92556d6e856a9c5949e av-special-heading-h1 custom-color-heading blockquote modern-quote modern-centered  avia-builder-el-4  el_after_av_hr  el_before_av_hr  av-inherit-size'><div class='av_custom_color av-subheading av-subheading_above'><p>Photo gallery<\/p>\n<\/div><h1 class='av-special-heading-tag '  itemprop=\"headline\"  >CULTURAL ACTIVITIES<\/h1><div class=\"special-heading-border\"><div class=\"special-heading-inner-border\"><\/div><\/div><\/div><br \/>\n\n<style type=\"text\/css\" data-created_by=\"avia_inline_auto\" id=\"style-css-av-jvzvcl1b-514277e79d74a1db3837fd860b68a636\">\n#top .hr.av-jvzvcl1b-514277e79d74a1db3837fd860b68a636{\nmargin-top:0px;\nmargin-bottom:0px;\n}\n.hr.av-jvzvcl1b-514277e79d74a1db3837fd860b68a636 .hr-inner{\nwidth:60px;\nborder-color:#c4c4c4;\n}\n<\/style>\n<div  class='hr av-jvzvcl1b-514277e79d74a1db3837fd860b68a636 hr-custom  avia-builder-el-5  el_after_av_heading  avia-builder-el-last  hr-center hr-icon-no'><span class='hr-inner inner-border-av-border-thin'><span class=\"hr-inner-style\"><\/span><\/span><\/div><\/p><\/div><div class='av-flex-placeholder'><\/div>\n<style type=\"text\/css\" data-created_by=\"avia_inline_auto\" id=\"style-css-av-1ofk6-f520a64548c4d90457af712fa6a3bf5a\">\n.flex_column.av-1ofk6-f520a64548c4d90457af712fa6a3bf5a{\nborder-radius:0px 0px 0px 0px;\npadding:0px 0px 0px 0px;\n}\n<\/style>\n<div  class='flex_column av-1ofk6-f520a64548c4d90457af712fa6a3bf5a av_one_fourth  avia-builder-el-6  el_after_av_one_half  avia-builder-el-last  flex_column_table_cell av-equal-height-column av-align-bottom av-zero-column-padding  '     ><\/div><\/div><!--close column table wrapper. Autoclose: 1 -->\n\n<\/div><\/div><\/main><!-- close content main element --><\/div><\/div><\/div>\n<style type=\"text\/css\" data-created_by=\"avia_inline_auto\" id=\"style-css-av-jvwuv2gv-40f24eaeec7a27c6eba512a4c6dca9eb\">\n.avia-section.av-jvwuv2gv-40f24eaeec7a27c6eba512a4c6dca9eb{\nbackground-repeat:no-repeat;\nbackground-image:url(https:\/\/bar-sur.com.ar\/wp-content\/uploads\/2019\/07\/TOP-ACTIVIDADES-CULTURAELS-1-1500x844.jpg);\nbackground-position:50% 50%;\nbackground-attachment:fixed;\n}\n.avia-section.av-jvwuv2gv-40f24eaeec7a27c6eba512a4c6dca9eb .av-section-color-overlay{\nopacity:0.5;\nbackground-color:#000000;\n}\n<\/style>\n<div id='av_section_2'  class='avia-section av-jvwuv2gv-40f24eaeec7a27c6eba512a4c6dca9eb main_color avia-section-no-padding avia-no-border-styling  avia-builder-el-7  el_after_av_section  el_before_av_section  av-desktop-hide av-medium-hide avia-bg-style-fixed av-section-color-overlay-active av-minimum-height av-minimum-height-100 av-height-100  container_wrap fullsize'  data-section-bg-repeat='no-repeat' data-av_minimum_height_pc='100' data-av_min_height_opt='100'><div class=\"av-section-color-overlay-wrap\"><div class=\"av-section-color-overlay\"><\/div><a href='#next-section' title='' class='scroll-down-link  avia-svg-icon avia-font-svg_entypo-fontello' data-av_svg_icon='down-open-mini' data-av_iconset='svg_entypo-fontello'><svg version=\"1.1\" xmlns=\"http:\/\/www.w3.org\/2000\/svg\" width=\"15\" height=\"32\" viewBox=\"0 0 15 32\" preserveAspectRatio=\"xMidYMid meet\" aria-labelledby='av-svg-title-2' aria-describedby='av-svg-desc-2' role=\"graphics-symbol\" aria-hidden=\"true\">\n<title id='av-svg-title-2'>Scroll to next section<\/title>\n<desc id='av-svg-desc-2'>Scroll to next section<\/desc>\n<path d=\"M12.96 12.16q0.704-0.832 1.536 0 0.832 0.704 0 1.536l-6.272 6.144q-0.704 0.704-1.536 0l-6.272-6.144q-0.832-0.832 0-1.536 0.768-0.768 1.6 0l5.44 4.992z\"><\/path>\n<\/svg><\/a><div class='container av-section-cont-open' ><div class='template-page content  av-content-full alpha units'><div class='post-entry post-entry-type-page post-entry-1361'><div class='entry-content-wrapper clearfix'>\n<div class='flex_column_table av-jvzm2dl7-0c24082313a4debd57217adf3bc68efe sc-av_one_fifth av-equal-height-column-flextable'>\n<style type=\"text\/css\" data-created_by=\"avia_inline_auto\" id=\"style-css-av-jvzm2dl7-0c24082313a4debd57217adf3bc68efe\">\n.flex_column.av-jvzm2dl7-0c24082313a4debd57217adf3bc68efe{\nborder-radius:0px 0px 0px 0px;\npadding:0px 0px 0px 0px;\n}\n<\/style>\n<div  class='flex_column av-jvzm2dl7-0c24082313a4debd57217adf3bc68efe av_one_fifth  avia-builder-el-8  el_before_av_three_fifth  avia-builder-el-first  first flex_column_table_cell av-equal-height-column av-align-bottom av-zero-column-padding  '     ><\/div><div class='av-flex-placeholder'><\/div>\n<style type=\"text\/css\" data-created_by=\"avia_inline_auto\" id=\"style-css-av-2a31a-46a1707699188d7f640d087814483ace\">\n.flex_column.av-2a31a-46a1707699188d7f640d087814483ace{\nborder-radius:0px 0px 0px 0px;\npadding:0px 0px 0px 0px;\n}\n<\/style>\n<div  class='flex_column av-2a31a-46a1707699188d7f640d087814483ace av_three_fifth  avia-builder-el-9  el_after_av_one_fifth  el_before_av_one_fifth  flex_column_table_cell av-equal-height-column av-align-bottom av-zero-column-padding  '     ><p>\n<style type=\"text\/css\" data-created_by=\"avia_inline_auto\" id=\"style-css-av-jvzm4kk3-ccc8d1731d6544bdc82337a76c93946b\">\n#top .hr.hr-invisible.av-jvzm4kk3-ccc8d1731d6544bdc82337a76c93946b{\nheight:200px;\n}\n<\/style>\n<div  class='hr av-jvzm4kk3-ccc8d1731d6544bdc82337a76c93946b hr-invisible  avia-builder-el-10  el_before_av_heading  avia-builder-el-first '><span class='hr-inner '><span class=\"hr-inner-style\"><\/span><\/span><\/div><br \/>\n\n<style type=\"text\/css\" data-created_by=\"avia_inline_auto\" id=\"style-css-av-6wojz-eaafbc814e824252671c6d285d3732f4\">\n#top .av-special-heading.av-6wojz-eaafbc814e824252671c6d285d3732f4{\npadding-bottom:10px;\ncolor:#ffffff;\nfont-size:48px;\n}\nbody .av-special-heading.av-6wojz-eaafbc814e824252671c6d285d3732f4 .av-special-heading-tag .heading-char{\nfont-size:25px;\n}\n#top #wrap_all .av-special-heading.av-6wojz-eaafbc814e824252671c6d285d3732f4 .av-special-heading-tag{\nfont-size:48px;\n}\n.av-special-heading.av-6wojz-eaafbc814e824252671c6d285d3732f4 .special-heading-inner-border{\nborder-color:#ffffff;\n}\n.av-special-heading.av-6wojz-eaafbc814e824252671c6d285d3732f4 .av-subheading{\nfont-size:21px;\n}\n\n@media only screen and (min-width: 768px) and (max-width: 989px){ \n#top #wrap_all .av-special-heading.av-6wojz-eaafbc814e824252671c6d285d3732f4 .av-special-heading-tag{\nfont-size:32px;\n}\n}\n\n@media only screen and (min-width: 480px) and (max-width: 767px){ \n#top #wrap_all .av-special-heading.av-6wojz-eaafbc814e824252671c6d285d3732f4 .av-special-heading-tag{\nfont-size:28px;\n}\n}\n\n@media only screen and (max-width: 479px){ \n#top #wrap_all .av-special-heading.av-6wojz-eaafbc814e824252671c6d285d3732f4 .av-special-heading-tag{\nfont-size:36px;\n}\n}\n<\/style>\n<div  class='av-special-heading av-6wojz-eaafbc814e824252671c6d285d3732f4 av-special-heading-h1 custom-color-heading blockquote modern-quote modern-centered  avia-builder-el-11  el_after_av_hr  el_before_av_hr  av-inherit-size'><div class='av_custom_color av-subheading av-subheading_above'><p>Photo gallery<\/p>\n<\/div><h1 class='av-special-heading-tag '  itemprop=\"headline\"  >CULTURAL ACTIVITIES<\/h1><div class=\"special-heading-border\"><div class=\"special-heading-inner-border\"><\/div><\/div><\/div><br \/>\n\n<style type=\"text\/css\" data-created_by=\"avia_inline_auto\" id=\"style-css-av-jvzvcl1b-514277e79d74a1db3837fd860b68a636\">\n#top .hr.av-jvzvcl1b-514277e79d74a1db3837fd860b68a636{\nmargin-top:0px;\nmargin-bottom:0px;\n}\n.hr.av-jvzvcl1b-514277e79d74a1db3837fd860b68a636 .hr-inner{\nwidth:60px;\nborder-color:#c4c4c4;\n}\n<\/style>\n<div  class='hr av-jvzvcl1b-514277e79d74a1db3837fd860b68a636 hr-custom  avia-builder-el-12  el_after_av_heading  avia-builder-el-last  hr-center hr-icon-no'><span class='hr-inner inner-border-av-border-thin'><span class=\"hr-inner-style\"><\/span><\/span><\/div><\/p><\/div><div class='av-flex-placeholder'><\/div>\n<style type=\"text\/css\" data-created_by=\"avia_inline_auto\" id=\"style-css-av-1ofk6-f520a64548c4d90457af712fa6a3bf5a\">\n.flex_column.av-1ofk6-f520a64548c4d90457af712fa6a3bf5a{\nborder-radius:0px 0px 0px 0px;\npadding:0px 0px 0px 0px;\n}\n<\/style>\n<div  class='flex_column av-1ofk6-f520a64548c4d90457af712fa6a3bf5a av_one_fifth  avia-builder-el-13  el_after_av_three_fifth  avia-builder-el-last  flex_column_table_cell av-equal-height-column av-align-bottom av-zero-column-padding  '     ><\/div><\/div><!--close column table wrapper. Autoclose: 1 -->\n\n<\/div><\/div><\/div><!-- close content main div --><\/div><\/div><\/div>\n<style type=\"text\/css\" data-created_by=\"avia_inline_auto\" id=\"style-css-av-jvxx5jr7-dcecea009fc68c5e2ee7c5db8fe4163d\">\n.avia-section.av-jvxx5jr7-dcecea009fc68c5e2ee7c5db8fe4163d{\nbackground-color:#f1eee6;\nbackground-image:url(https:\/\/bar-sur.com.ar\/wp-content\/uploads\/2019\/07\/BG-PATTERN-EMPAPELADO-1.gif);\nbackground-repeat:repeat;\nbackground-position:0% 0%;\nbackground-attachment:scroll;\n}\n<\/style>\n<div id='av_section_3'  class='avia-section av-jvxx5jr7-dcecea009fc68c5e2ee7c5db8fe4163d main_color avia-section-default avia-no-border-styling  avia-builder-el-14  el_after_av_section  avia-builder-el-last  avia-bg-style-scroll container_wrap fullsize'  data-section-bg-repeat='repeat'><div class='container av-section-cont-open' ><div class='template-page content  av-content-full alpha units'><div class='post-entry post-entry-type-page post-entry-1361'><div class='entry-content-wrapper clearfix'>\n\n<style type=\"text\/css\" data-created_by=\"avia_inline_auto\" id=\"style-css-av-1ofk6-ae7c6e27596c935af3604de496b20437\">\n.flex_column.av-1ofk6-ae7c6e27596c935af3604de496b20437{\nborder-radius:0px 0px 0px 0px;\npadding:0px 0px 0px 0px;\n}\n<\/style>\n<div  class='flex_column av-1ofk6-ae7c6e27596c935af3604de496b20437 av_one_fifth  avia-builder-el-15  el_before_av_three_fifth  avia-builder-el-first  first flex_column_div av-zero-column-padding  '     ><\/div>\n<style type=\"text\/css\" data-created_by=\"avia_inline_auto\" id=\"style-css-av-1jgbe-3964d79985450d3ef0bbf7db00b3a527\">\n.flex_column.av-1jgbe-3964d79985450d3ef0bbf7db00b3a527{\nborder-radius:0px 0px 0px 0px;\npadding:0px 0px 0px 0px;\n}\n<\/style>\n<div  class='flex_column av-1jgbe-3964d79985450d3ef0bbf7db00b3a527 av_three_fifth  avia-builder-el-16  el_after_av_one_fifth  el_before_av_one_fifth  flex_column_div av-zero-column-padding  '     ><p>\n<style type=\"text\/css\" data-created_by=\"avia_inline_auto\" id=\"style-css-av-mvlbb-2b4d83735c2878de8e410765524dd336\">\n#top .av-special-heading.av-mvlbb-2b4d83735c2878de8e410765524dd336{\npadding-bottom:10px;\ncolor:#4c4c4c;\n}\nbody .av-special-heading.av-mvlbb-2b4d83735c2878de8e410765524dd336 .av-special-heading-tag .heading-char{\nfont-size:25px;\n}\n.av-special-heading.av-mvlbb-2b4d83735c2878de8e410765524dd336 .special-heading-inner-border{\nborder-color:#4c4c4c;\n}\n.av-special-heading.av-mvlbb-2b4d83735c2878de8e410765524dd336 .av-subheading{\nfont-size:15px;\n}\n<\/style>\n<div  class='av-special-heading av-mvlbb-2b4d83735c2878de8e410765524dd336 av-special-heading-h2 custom-color-heading blockquote modern-quote modern-centered  avia-builder-el-17  el_before_av_gallery  avia-builder-el-first '><h2 class='av-special-heading-tag '  itemprop=\"headline\"  >1960 \/ 1980<\/h2><div class=\"special-heading-border\"><div class=\"special-heading-inner-border\"><\/div><\/div><\/div><br \/>\n\n<style type=\"text\/css\" data-created_by=\"avia_inline_auto\" id=\"style-css-av-jy3a5k3c-738efea588d96bc26c16607d82b53672\">\n#top .avia-gallery.av-jy3a5k3c-738efea588d96bc26c16607d82b53672 .avia-gallery-thumb a{\nwidth:25%;\n}\n<\/style>\n<div  class='avia-gallery av-jy3a5k3c-738efea588d96bc26c16607d82b53672 avia_animate_when_visible  avia-builder-el-18  el_after_av_heading  avia-builder-el-last  animations_off av-slideshow-ui av-loop-manual-endless av-control-hidden av-navigate-arrows av-navigate-dots hover-effect av-control-hidden avia-gallery-1'  itemprop=\"image\" itemscope=\"itemscope\" itemtype=\"https:\/\/schema.org\/ImageObject\" ><meta itemprop=\"contentURL\" content=\"https:\/\/bar-sur.com.ar\/en\/cultural-activities\/\"><div class='avia-gallery-big-wrapper'><a class='avia-gallery-big fakeLightbox lightbox avia-gallery-big-crop-thumb ' href=\"https:\/\/bar-sur.com.ar\/wp-content\/uploads\/2019\/07\/ACT-CULTURALES-JOUVET.jpg\" data-srcset=\"https:\/\/bar-sur.com.ar\/wp-content\/uploads\/2019\/07\/ACT-CULTURALES-JOUVET.jpg 800w, https:\/\/bar-sur.com.ar\/wp-content\/uploads\/2019\/07\/ACT-CULTURALES-JOUVET-300x223.jpg 300w, https:\/\/bar-sur.com.ar\/wp-content\/uploads\/2019\/07\/ACT-CULTURALES-JOUVET-768x570.jpg 768w, https:\/\/bar-sur.com.ar\/wp-content\/uploads\/2019\/07\/ACT-CULTURALES-JOUVET-705x523.jpg 705w, https:\/\/bar-sur.com.ar\/wp-content\/uploads\/2019\/07\/ACT-CULTURALES-JOUVET-450x334.jpg 450w\" data-sizes=\"(max-width: 800px) 100vw, 800px\"  data-onclick='1' title='Luis Montesino, Mourice Jouvet y Nelly Beltr\u00e1n &#8211; Union Bar' ><span class='avia-gallery-big-inner'  itemprop=\"thumbnailUrl\" ><img decoding=\"async\" fetchpriority=\"high\" class=\"wp-image-1418 avia-img-lazy-loading-not-1418\"  width=\"800\" height=\"594\" src=\"https:\/\/bar-sur.com.ar\/wp-content\/uploads\/2019\/07\/ACT-CULTURALES-JOUVET.jpg\" title='ACT-CULTURALES-JOUVET' alt='' srcset=\"https:\/\/bar-sur.com.ar\/wp-content\/uploads\/2019\/07\/ACT-CULTURALES-JOUVET.jpg 800w, https:\/\/bar-sur.com.ar\/wp-content\/uploads\/2019\/07\/ACT-CULTURALES-JOUVET-300x223.jpg 300w, https:\/\/bar-sur.com.ar\/wp-content\/uploads\/2019\/07\/ACT-CULTURALES-JOUVET-768x570.jpg 768w, https:\/\/bar-sur.com.ar\/wp-content\/uploads\/2019\/07\/ACT-CULTURALES-JOUVET-705x523.jpg 705w, https:\/\/bar-sur.com.ar\/wp-content\/uploads\/2019\/07\/ACT-CULTURALES-JOUVET-450x334.jpg 450w\" sizes=\"(max-width: 800px) 100vw, 800px\" \/><span class='avia-gallery-caption'>Luis Montesino, Mourice Jouvet y Nelly Beltr\u00e1n &#8211; Union Bar<\/span><\/span><\/a><\/div><div class='avia-gallery-thumb'><a href=\"https:\/\/bar-sur.com.ar\/wp-content\/uploads\/2019\/07\/ACT-CULTURALES-JOUVET.jpg\" data-srcset=\"https:\/\/bar-sur.com.ar\/wp-content\/uploads\/2019\/07\/ACT-CULTURALES-JOUVET.jpg 800w, https:\/\/bar-sur.com.ar\/wp-content\/uploads\/2019\/07\/ACT-CULTURALES-JOUVET-300x223.jpg 300w, https:\/\/bar-sur.com.ar\/wp-content\/uploads\/2019\/07\/ACT-CULTURALES-JOUVET-768x570.jpg 768w, https:\/\/bar-sur.com.ar\/wp-content\/uploads\/2019\/07\/ACT-CULTURALES-JOUVET-705x523.jpg 705w, https:\/\/bar-sur.com.ar\/wp-content\/uploads\/2019\/07\/ACT-CULTURALES-JOUVET-450x334.jpg 450w\" data-sizes=\"(max-width: 800px) 100vw, 800px\" data-rel='gallery-1' data-prev-img='https:\/\/bar-sur.com.ar\/wp-content\/uploads\/2019\/07\/ACT-CULTURALES-JOUVET.jpg' class='first_thumb lightbox ' data-onclick='1' title='Luis Montesino, Mourice Jouvet y Nelly Beltr\u00e1n &#8211; Union Bar'  itemprop=\"thumbnailUrl\"  ><img decoding=\"async\" fetchpriority=\"high\" class=\"wp-image-1418 avia-img-lazy-loading-not-1418\"  data-avia-tooltip='Luis Montesino, Mourice Jouvet y Nelly Beltr\u00e1n &#8211; Union Bar' src=\"https:\/\/bar-sur.com.ar\/wp-content\/uploads\/2019\/07\/ACT-CULTURALES-JOUVET-495x400.jpg\" width=\"495\" height=\"400\"  title='ACT-CULTURALES-JOUVET' alt='' \/><div class='big-prev-fake'><img decoding=\"async\" loading=\"lazy\" class=\"wp-image-1418 avia-img-lazy-loading-1418\"  width=\"800\" height=\"594\" src=\"https:\/\/bar-sur.com.ar\/wp-content\/uploads\/2019\/07\/ACT-CULTURALES-JOUVET.jpg\" title='ACT-CULTURALES-JOUVET' alt='' srcset=\"https:\/\/bar-sur.com.ar\/wp-content\/uploads\/2019\/07\/ACT-CULTURALES-JOUVET.jpg 800w, https:\/\/bar-sur.com.ar\/wp-content\/uploads\/2019\/07\/ACT-CULTURALES-JOUVET-300x223.jpg 300w, https:\/\/bar-sur.com.ar\/wp-content\/uploads\/2019\/07\/ACT-CULTURALES-JOUVET-768x570.jpg 768w, https:\/\/bar-sur.com.ar\/wp-content\/uploads\/2019\/07\/ACT-CULTURALES-JOUVET-705x523.jpg 705w, https:\/\/bar-sur.com.ar\/wp-content\/uploads\/2019\/07\/ACT-CULTURALES-JOUVET-450x334.jpg 450w\" sizes=\"auto, (max-width: 800px) 100vw, 800px\" \/><\/div><\/a><a href=\"https:\/\/bar-sur.com.ar\/wp-content\/uploads\/2019\/07\/ACT-CULTURALES-4.jpg\" data-srcset=\"https:\/\/bar-sur.com.ar\/wp-content\/uploads\/2019\/07\/ACT-CULTURALES-4.jpg 800w, https:\/\/bar-sur.com.ar\/wp-content\/uploads\/2019\/07\/ACT-CULTURALES-4-300x223.jpg 300w, https:\/\/bar-sur.com.ar\/wp-content\/uploads\/2019\/07\/ACT-CULTURALES-4-768x570.jpg 768w, https:\/\/bar-sur.com.ar\/wp-content\/uploads\/2019\/07\/ACT-CULTURALES-4-705x523.jpg 705w, https:\/\/bar-sur.com.ar\/wp-content\/uploads\/2019\/07\/ACT-CULTURALES-4-450x334.jpg 450w\" data-sizes=\"(max-width: 800px) 100vw, 800px\" data-rel='gallery-1' data-prev-img='https:\/\/bar-sur.com.ar\/wp-content\/uploads\/2019\/07\/ACT-CULTURALES-4.jpg' class='lightbox ' data-onclick='2' title='Acto Cultural &#8211; Bar Sur'  itemprop=\"thumbnailUrl\"  ><img decoding=\"async\" fetchpriority=\"high\" class=\"wp-image-1448 avia-img-lazy-loading-not-1448\"  data-avia-tooltip='Acto Cultural &#8211; Bar Sur' src=\"https:\/\/bar-sur.com.ar\/wp-content\/uploads\/2019\/07\/ACT-CULTURALES-4-495x400.jpg\" width=\"495\" height=\"400\"  title='ACT-CULTURALES-4' alt='' \/><div class='big-prev-fake'><img decoding=\"async\" loading=\"lazy\" class=\"wp-image-1448 avia-img-lazy-loading-1448\"  width=\"800\" height=\"594\" src=\"https:\/\/bar-sur.com.ar\/wp-content\/uploads\/2019\/07\/ACT-CULTURALES-4.jpg\" title='ACT-CULTURALES-4' alt='' srcset=\"https:\/\/bar-sur.com.ar\/wp-content\/uploads\/2019\/07\/ACT-CULTURALES-4.jpg 800w, https:\/\/bar-sur.com.ar\/wp-content\/uploads\/2019\/07\/ACT-CULTURALES-4-300x223.jpg 300w, https:\/\/bar-sur.com.ar\/wp-content\/uploads\/2019\/07\/ACT-CULTURALES-4-768x570.jpg 768w, https:\/\/bar-sur.com.ar\/wp-content\/uploads\/2019\/07\/ACT-CULTURALES-4-705x523.jpg 705w, https:\/\/bar-sur.com.ar\/wp-content\/uploads\/2019\/07\/ACT-CULTURALES-4-450x334.jpg 450w\" sizes=\"auto, (max-width: 800px) 100vw, 800px\" \/><\/div><\/a><a href=\"https:\/\/bar-sur.com.ar\/wp-content\/uploads\/2019\/07\/ACT-CULTURALES-CONDESA.jpg\" data-srcset=\"https:\/\/bar-sur.com.ar\/wp-content\/uploads\/2019\/07\/ACT-CULTURALES-CONDESA.jpg 800w, https:\/\/bar-sur.com.ar\/wp-content\/uploads\/2019\/07\/ACT-CULTURALES-CONDESA-300x223.jpg 300w, https:\/\/bar-sur.com.ar\/wp-content\/uploads\/2019\/07\/ACT-CULTURALES-CONDESA-768x570.jpg 768w, https:\/\/bar-sur.com.ar\/wp-content\/uploads\/2019\/07\/ACT-CULTURALES-CONDESA-705x523.jpg 705w, https:\/\/bar-sur.com.ar\/wp-content\/uploads\/2019\/07\/ACT-CULTURALES-CONDESA-450x334.jpg 450w\" data-sizes=\"(max-width: 800px) 100vw, 800px\" data-rel='gallery-1' data-prev-img='https:\/\/bar-sur.com.ar\/wp-content\/uploads\/2019\/07\/ACT-CULTURALES-CONDESA.jpg' class='lightbox ' data-onclick='3' title='Condesa Otillia Absi de Casa Ferrandiz'  itemprop=\"thumbnailUrl\"  ><img decoding=\"async\" fetchpriority=\"high\" class=\"wp-image-1438 avia-img-lazy-loading-not-1438\"  data-avia-tooltip='Condesa Otillia Absi de Casa Ferrandiz' src=\"https:\/\/bar-sur.com.ar\/wp-content\/uploads\/2019\/07\/ACT-CULTURALES-CONDESA-495x400.jpg\" width=\"495\" height=\"400\"  title='ACT-CULTURALES-CONDESA' alt='' \/><div class='big-prev-fake'><img decoding=\"async\" loading=\"lazy\" class=\"wp-image-1438 avia-img-lazy-loading-1438\"  width=\"800\" height=\"594\" src=\"https:\/\/bar-sur.com.ar\/wp-content\/uploads\/2019\/07\/ACT-CULTURALES-CONDESA.jpg\" title='ACT-CULTURALES-CONDESA' alt='' srcset=\"https:\/\/bar-sur.com.ar\/wp-content\/uploads\/2019\/07\/ACT-CULTURALES-CONDESA.jpg 800w, https:\/\/bar-sur.com.ar\/wp-content\/uploads\/2019\/07\/ACT-CULTURALES-CONDESA-300x223.jpg 300w, https:\/\/bar-sur.com.ar\/wp-content\/uploads\/2019\/07\/ACT-CULTURALES-CONDESA-768x570.jpg 768w, https:\/\/bar-sur.com.ar\/wp-content\/uploads\/2019\/07\/ACT-CULTURALES-CONDESA-705x523.jpg 705w, https:\/\/bar-sur.com.ar\/wp-content\/uploads\/2019\/07\/ACT-CULTURALES-CONDESA-450x334.jpg 450w\" sizes=\"auto, (max-width: 800px) 100vw, 800px\" \/><\/div><\/a><a href=\"https:\/\/bar-sur.com.ar\/wp-content\/uploads\/2019\/07\/ACT-CULTURALES-2.jpg\" data-srcset=\"https:\/\/bar-sur.com.ar\/wp-content\/uploads\/2019\/07\/ACT-CULTURALES-2.jpg 800w, https:\/\/bar-sur.com.ar\/wp-content\/uploads\/2019\/07\/ACT-CULTURALES-2-300x223.jpg 300w, https:\/\/bar-sur.com.ar\/wp-content\/uploads\/2019\/07\/ACT-CULTURALES-2-768x570.jpg 768w, https:\/\/bar-sur.com.ar\/wp-content\/uploads\/2019\/07\/ACT-CULTURALES-2-705x523.jpg 705w, https:\/\/bar-sur.com.ar\/wp-content\/uploads\/2019\/07\/ACT-CULTURALES-2-450x334.jpg 450w\" data-sizes=\"(max-width: 800px) 100vw, 800px\" data-rel='gallery-1' data-prev-img='https:\/\/bar-sur.com.ar\/wp-content\/uploads\/2019\/07\/ACT-CULTURALES-2.jpg' class='lightbox ' data-onclick='4' title='Uni\u00f3n Bar'  itemprop=\"thumbnailUrl\"  ><img decoding=\"async\" fetchpriority=\"high\" class=\"wp-image-1430 avia-img-lazy-loading-not-1430\"  data-avia-tooltip='Uni\u00f3n Bar' src=\"https:\/\/bar-sur.com.ar\/wp-content\/uploads\/2019\/07\/ACT-CULTURALES-2-495x400.jpg\" width=\"495\" height=\"400\"  title='ACT-CULTURALES-2' alt='' \/><div class='big-prev-fake'><img decoding=\"async\" loading=\"lazy\" class=\"wp-image-1430 avia-img-lazy-loading-1430\"  width=\"800\" height=\"594\" src=\"https:\/\/bar-sur.com.ar\/wp-content\/uploads\/2019\/07\/ACT-CULTURALES-2.jpg\" title='ACT-CULTURALES-2' alt='' srcset=\"https:\/\/bar-sur.com.ar\/wp-content\/uploads\/2019\/07\/ACT-CULTURALES-2.jpg 800w, https:\/\/bar-sur.com.ar\/wp-content\/uploads\/2019\/07\/ACT-CULTURALES-2-300x223.jpg 300w, https:\/\/bar-sur.com.ar\/wp-content\/uploads\/2019\/07\/ACT-CULTURALES-2-768x570.jpg 768w, https:\/\/bar-sur.com.ar\/wp-content\/uploads\/2019\/07\/ACT-CULTURALES-2-705x523.jpg 705w, https:\/\/bar-sur.com.ar\/wp-content\/uploads\/2019\/07\/ACT-CULTURALES-2-450x334.jpg 450w\" sizes=\"auto, (max-width: 800px) 100vw, 800px\" \/><\/div><\/a><a href=\"https:\/\/bar-sur.com.ar\/wp-content\/uploads\/2019\/07\/VISITAS-BLOU.jpg\" data-srcset=\"https:\/\/bar-sur.com.ar\/wp-content\/uploads\/2019\/07\/VISITAS-BLOU.jpg 800w, https:\/\/bar-sur.com.ar\/wp-content\/uploads\/2019\/07\/VISITAS-BLOU-300x223.jpg 300w, https:\/\/bar-sur.com.ar\/wp-content\/uploads\/2019\/07\/VISITAS-BLOU-768x570.jpg 768w, https:\/\/bar-sur.com.ar\/wp-content\/uploads\/2019\/07\/VISITAS-BLOU-705x523.jpg 705w, https:\/\/bar-sur.com.ar\/wp-content\/uploads\/2019\/07\/VISITAS-BLOU-450x334.jpg 450w\" data-sizes=\"(max-width: 800px) 100vw, 800px\" data-rel='gallery-1' data-prev-img='https:\/\/bar-sur.com.ar\/wp-content\/uploads\/2019\/07\/VISITAS-BLOU.jpg' class='first_thumb lightbox ' data-onclick='5' title='Louis Blue playing the piano at the Bar Sur'  itemprop=\"thumbnailUrl\"  ><img decoding=\"async\" fetchpriority=\"high\" class=\"wp-image-1352 avia-img-lazy-loading-not-1352\"  data-avia-tooltip='Louis Blue playing the piano at the Bar Sur' src=\"https:\/\/bar-sur.com.ar\/wp-content\/uploads\/2019\/07\/VISITAS-BLOU-495x400.jpg\" width=\"495\" height=\"400\"  title='Louis Blue playing the piano at the Bar Sur' alt='Louis Blue playing the piano at the Bar Sur' \/><div class='big-prev-fake'><img decoding=\"async\" loading=\"lazy\" class=\"wp-image-1352 avia-img-lazy-loading-1352\"  width=\"800\" height=\"594\" src=\"https:\/\/bar-sur.com.ar\/wp-content\/uploads\/2019\/07\/VISITAS-BLOU.jpg\" title='Louis Blue playing the piano at the Bar Sur' alt='Louis Blue playing the piano at the Bar Sur' srcset=\"https:\/\/bar-sur.com.ar\/wp-content\/uploads\/2019\/07\/VISITAS-BLOU.jpg 800w, https:\/\/bar-sur.com.ar\/wp-content\/uploads\/2019\/07\/VISITAS-BLOU-300x223.jpg 300w, https:\/\/bar-sur.com.ar\/wp-content\/uploads\/2019\/07\/VISITAS-BLOU-768x570.jpg 768w, https:\/\/bar-sur.com.ar\/wp-content\/uploads\/2019\/07\/VISITAS-BLOU-705x523.jpg 705w, https:\/\/bar-sur.com.ar\/wp-content\/uploads\/2019\/07\/VISITAS-BLOU-450x334.jpg 450w\" sizes=\"auto, (max-width: 800px) 100vw, 800px\" \/><\/div><\/a><a href=\"https:\/\/bar-sur.com.ar\/wp-content\/uploads\/2019\/07\/ACT-CULTURALES-1.jpg\" data-srcset=\"https:\/\/bar-sur.com.ar\/wp-content\/uploads\/2019\/07\/ACT-CULTURALES-1.jpg 800w, https:\/\/bar-sur.com.ar\/wp-content\/uploads\/2019\/07\/ACT-CULTURALES-1-300x223.jpg 300w, https:\/\/bar-sur.com.ar\/wp-content\/uploads\/2019\/07\/ACT-CULTURALES-1-768x570.jpg 768w, https:\/\/bar-sur.com.ar\/wp-content\/uploads\/2019\/07\/ACT-CULTURALES-1-705x523.jpg 705w, https:\/\/bar-sur.com.ar\/wp-content\/uploads\/2019\/07\/ACT-CULTURALES-1-450x334.jpg 450w\" data-sizes=\"(max-width: 800px) 100vw, 800px\" data-rel='gallery-1' data-prev-img='https:\/\/bar-sur.com.ar\/wp-content\/uploads\/2019\/07\/ACT-CULTURALES-1.jpg' class='lightbox ' data-onclick='6' title='Uni\u00f3n Bar'  itemprop=\"thumbnailUrl\"  ><img decoding=\"async\" fetchpriority=\"high\" class=\"wp-image-1428 avia-img-lazy-loading-not-1428\"  data-avia-tooltip='Uni\u00f3n Bar' src=\"https:\/\/bar-sur.com.ar\/wp-content\/uploads\/2019\/07\/ACT-CULTURALES-1-495x400.jpg\" width=\"495\" height=\"400\"  title='ACT-CULTURALES-1' alt='' \/><div class='big-prev-fake'><img decoding=\"async\" loading=\"lazy\" class=\"wp-image-1428 avia-img-lazy-loading-1428\"  width=\"800\" height=\"594\" src=\"https:\/\/bar-sur.com.ar\/wp-content\/uploads\/2019\/07\/ACT-CULTURALES-1.jpg\" title='ACT-CULTURALES-1' alt='' srcset=\"https:\/\/bar-sur.com.ar\/wp-content\/uploads\/2019\/07\/ACT-CULTURALES-1.jpg 800w, https:\/\/bar-sur.com.ar\/wp-content\/uploads\/2019\/07\/ACT-CULTURALES-1-300x223.jpg 300w, https:\/\/bar-sur.com.ar\/wp-content\/uploads\/2019\/07\/ACT-CULTURALES-1-768x570.jpg 768w, https:\/\/bar-sur.com.ar\/wp-content\/uploads\/2019\/07\/ACT-CULTURALES-1-705x523.jpg 705w, https:\/\/bar-sur.com.ar\/wp-content\/uploads\/2019\/07\/ACT-CULTURALES-1-450x334.jpg 450w\" sizes=\"auto, (max-width: 800px) 100vw, 800px\" \/><\/div><\/a><a href=\"https:\/\/bar-sur.com.ar\/wp-content\/uploads\/2019\/07\/ACT-CULTURALES-PEREZCELIS.jpg\" data-srcset=\"https:\/\/bar-sur.com.ar\/wp-content\/uploads\/2019\/07\/ACT-CULTURALES-PEREZCELIS.jpg 800w, https:\/\/bar-sur.com.ar\/wp-content\/uploads\/2019\/07\/ACT-CULTURALES-PEREZCELIS-300x223.jpg 300w, https:\/\/bar-sur.com.ar\/wp-content\/uploads\/2019\/07\/ACT-CULTURALES-PEREZCELIS-768x570.jpg 768w, https:\/\/bar-sur.com.ar\/wp-content\/uploads\/2019\/07\/ACT-CULTURALES-PEREZCELIS-705x523.jpg 705w, https:\/\/bar-sur.com.ar\/wp-content\/uploads\/2019\/07\/ACT-CULTURALES-PEREZCELIS-450x334.jpg 450w\" data-sizes=\"(max-width: 800px) 100vw, 800px\" data-rel='gallery-1' data-prev-img='https:\/\/bar-sur.com.ar\/wp-content\/uploads\/2019\/07\/ACT-CULTURALES-PEREZCELIS.jpg' class='lightbox ' data-onclick='7' title='Ricardo Montesino, P\u00e9rez Morris y P\u00e9rez Celis'  itemprop=\"thumbnailUrl\"  ><img decoding=\"async\" fetchpriority=\"high\" class=\"wp-image-1420 avia-img-lazy-loading-not-1420\"  data-avia-tooltip='Ricardo Montesino, P\u00e9rez Morris y P\u00e9rez Celis' src=\"https:\/\/bar-sur.com.ar\/wp-content\/uploads\/2019\/07\/ACT-CULTURALES-PEREZCELIS-495x400.jpg\" width=\"495\" height=\"400\"  title='ACT-CULTURALES-PEREZCELIS' alt='' \/><div class='big-prev-fake'><img decoding=\"async\" loading=\"lazy\" class=\"wp-image-1420 avia-img-lazy-loading-1420\"  width=\"800\" height=\"594\" src=\"https:\/\/bar-sur.com.ar\/wp-content\/uploads\/2019\/07\/ACT-CULTURALES-PEREZCELIS.jpg\" title='ACT-CULTURALES-PEREZCELIS' alt='' srcset=\"https:\/\/bar-sur.com.ar\/wp-content\/uploads\/2019\/07\/ACT-CULTURALES-PEREZCELIS.jpg 800w, https:\/\/bar-sur.com.ar\/wp-content\/uploads\/2019\/07\/ACT-CULTURALES-PEREZCELIS-300x223.jpg 300w, https:\/\/bar-sur.com.ar\/wp-content\/uploads\/2019\/07\/ACT-CULTURALES-PEREZCELIS-768x570.jpg 768w, https:\/\/bar-sur.com.ar\/wp-content\/uploads\/2019\/07\/ACT-CULTURALES-PEREZCELIS-705x523.jpg 705w, https:\/\/bar-sur.com.ar\/wp-content\/uploads\/2019\/07\/ACT-CULTURALES-PEREZCELIS-450x334.jpg 450w\" sizes=\"auto, (max-width: 800px) 100vw, 800px\" \/><\/div><\/a><a href=\"https:\/\/bar-sur.com.ar\/wp-content\/uploads\/2019\/07\/ACT-CULTURALES-VICTOR-AYOS.jpg\" data-srcset=\"https:\/\/bar-sur.com.ar\/wp-content\/uploads\/2019\/07\/ACT-CULTURALES-VICTOR-AYOS.jpg 800w, https:\/\/bar-sur.com.ar\/wp-content\/uploads\/2019\/07\/ACT-CULTURALES-VICTOR-AYOS-300x223.jpg 300w, https:\/\/bar-sur.com.ar\/wp-content\/uploads\/2019\/07\/ACT-CULTURALES-VICTOR-AYOS-768x570.jpg 768w, https:\/\/bar-sur.com.ar\/wp-content\/uploads\/2019\/07\/ACT-CULTURALES-VICTOR-AYOS-705x523.jpg 705w, https:\/\/bar-sur.com.ar\/wp-content\/uploads\/2019\/07\/ACT-CULTURALES-VICTOR-AYOS-450x334.jpg 450w\" data-sizes=\"(max-width: 800px) 100vw, 800px\" data-rel='gallery-1' data-prev-img='https:\/\/bar-sur.com.ar\/wp-content\/uploads\/2019\/07\/ACT-CULTURALES-VICTOR-AYOS.jpg' class='lightbox ' data-onclick='8' title='Victor Ayos (Centro)'  itemprop=\"thumbnailUrl\"  ><img decoding=\"async\" fetchpriority=\"high\" class=\"wp-image-1424 avia-img-lazy-loading-not-1424\"  data-avia-tooltip='Victor Ayos (Centro)' src=\"https:\/\/bar-sur.com.ar\/wp-content\/uploads\/2019\/07\/ACT-CULTURALES-VICTOR-AYOS-495x400.jpg\" width=\"495\" height=\"400\"  title='ACT-CULTURALES-VICTOR-AYOS' alt='' \/><div class='big-prev-fake'><img decoding=\"async\" loading=\"lazy\" class=\"wp-image-1424 avia-img-lazy-loading-1424\"  width=\"800\" height=\"594\" src=\"https:\/\/bar-sur.com.ar\/wp-content\/uploads\/2019\/07\/ACT-CULTURALES-VICTOR-AYOS.jpg\" title='ACT-CULTURALES-VICTOR-AYOS' alt='' srcset=\"https:\/\/bar-sur.com.ar\/wp-content\/uploads\/2019\/07\/ACT-CULTURALES-VICTOR-AYOS.jpg 800w, https:\/\/bar-sur.com.ar\/wp-content\/uploads\/2019\/07\/ACT-CULTURALES-VICTOR-AYOS-300x223.jpg 300w, https:\/\/bar-sur.com.ar\/wp-content\/uploads\/2019\/07\/ACT-CULTURALES-VICTOR-AYOS-768x570.jpg 768w, https:\/\/bar-sur.com.ar\/wp-content\/uploads\/2019\/07\/ACT-CULTURALES-VICTOR-AYOS-705x523.jpg 705w, https:\/\/bar-sur.com.ar\/wp-content\/uploads\/2019\/07\/ACT-CULTURALES-VICTOR-AYOS-450x334.jpg 450w\" sizes=\"auto, (max-width: 800px) 100vw, 800px\" \/><\/div><\/a><a href=\"https:\/\/bar-sur.com.ar\/wp-content\/uploads\/2019\/07\/HISTORIA-AMIGOS-2.jpg\" data-srcset=\"https:\/\/bar-sur.com.ar\/wp-content\/uploads\/2019\/07\/HISTORIA-AMIGOS-2.jpg 618w, https:\/\/bar-sur.com.ar\/wp-content\/uploads\/2019\/07\/HISTORIA-AMIGOS-2-300x226.jpg 300w, https:\/\/bar-sur.com.ar\/wp-content\/uploads\/2019\/07\/HISTORIA-AMIGOS-2-450x339.jpg 450w\" data-sizes=\"(max-width: 618px) 100vw, 618px\" data-rel='gallery-1' data-prev-img='https:\/\/bar-sur.com.ar\/wp-content\/uploads\/2019\/07\/HISTORIA-AMIGOS-2.jpg' class='first_thumb lightbox ' data-onclick='9' title='Cultural Act &#8211; Uni\u00f3n Bar'  itemprop=\"thumbnailUrl\"  ><img decoding=\"async\" fetchpriority=\"high\" class=\"wp-image-1191 avia-img-lazy-loading-not-1191\"  data-avia-tooltip='Cultural Act &#8211; Uni\u00f3n Bar' src=\"https:\/\/bar-sur.com.ar\/wp-content\/uploads\/2019\/07\/HISTORIA-AMIGOS-2-495x400.jpg\" width=\"495\" height=\"400\"  title='HISTORIA-AMIGOS-2' alt='' \/><div class='big-prev-fake'><img decoding=\"async\" loading=\"lazy\" class=\"wp-image-1191 avia-img-lazy-loading-1191\"  width=\"618\" height=\"465\" src=\"https:\/\/bar-sur.com.ar\/wp-content\/uploads\/2019\/07\/HISTORIA-AMIGOS-2.jpg\" title='HISTORIA-AMIGOS-2' alt='' srcset=\"https:\/\/bar-sur.com.ar\/wp-content\/uploads\/2019\/07\/HISTORIA-AMIGOS-2.jpg 618w, https:\/\/bar-sur.com.ar\/wp-content\/uploads\/2019\/07\/HISTORIA-AMIGOS-2-300x226.jpg 300w, https:\/\/bar-sur.com.ar\/wp-content\/uploads\/2019\/07\/HISTORIA-AMIGOS-2-450x339.jpg 450w\" sizes=\"auto, (max-width: 618px) 100vw, 618px\" \/><\/div><\/a><a href=\"https:\/\/bar-sur.com.ar\/wp-content\/uploads\/2019\/07\/ACT-CULTURALES-DIAS-VELEZ.jpg\" data-srcset=\"https:\/\/bar-sur.com.ar\/wp-content\/uploads\/2019\/07\/ACT-CULTURALES-DIAS-VELEZ.jpg 800w, https:\/\/bar-sur.com.ar\/wp-content\/uploads\/2019\/07\/ACT-CULTURALES-DIAS-VELEZ-300x223.jpg 300w, https:\/\/bar-sur.com.ar\/wp-content\/uploads\/2019\/07\/ACT-CULTURALES-DIAS-VELEZ-768x570.jpg 768w, https:\/\/bar-sur.com.ar\/wp-content\/uploads\/2019\/07\/ACT-CULTURALES-DIAS-VELEZ-705x523.jpg 705w, https:\/\/bar-sur.com.ar\/wp-content\/uploads\/2019\/07\/ACT-CULTURALES-DIAS-VELEZ-450x334.jpg 450w\" data-sizes=\"(max-width: 800px) 100vw, 800px\" data-rel='gallery-1' data-prev-img='https:\/\/bar-sur.com.ar\/wp-content\/uploads\/2019\/07\/ACT-CULTURALES-DIAS-VELEZ.jpg' class='lightbox ' data-onclick='10' title='Leopoldo D\u00edaz V\u00e9lez'  itemprop=\"thumbnailUrl\"  ><img decoding=\"async\" fetchpriority=\"high\" class=\"wp-image-1422 avia-img-lazy-loading-not-1422\"  data-avia-tooltip='Leopoldo D\u00edaz V\u00e9lez' src=\"https:\/\/bar-sur.com.ar\/wp-content\/uploads\/2019\/07\/ACT-CULTURALES-DIAS-VELEZ-495x400.jpg\" width=\"495\" height=\"400\"  title='ACT-CULTURALES-DIAS-VELEZ' alt='' \/><div class='big-prev-fake'><img decoding=\"async\" loading=\"lazy\" class=\"wp-image-1422 avia-img-lazy-loading-1422\"  width=\"800\" height=\"594\" src=\"https:\/\/bar-sur.com.ar\/wp-content\/uploads\/2019\/07\/ACT-CULTURALES-DIAS-VELEZ.jpg\" title='ACT-CULTURALES-DIAS-VELEZ' alt='' srcset=\"https:\/\/bar-sur.com.ar\/wp-content\/uploads\/2019\/07\/ACT-CULTURALES-DIAS-VELEZ.jpg 800w, https:\/\/bar-sur.com.ar\/wp-content\/uploads\/2019\/07\/ACT-CULTURALES-DIAS-VELEZ-300x223.jpg 300w, https:\/\/bar-sur.com.ar\/wp-content\/uploads\/2019\/07\/ACT-CULTURALES-DIAS-VELEZ-768x570.jpg 768w, https:\/\/bar-sur.com.ar\/wp-content\/uploads\/2019\/07\/ACT-CULTURALES-DIAS-VELEZ-705x523.jpg 705w, https:\/\/bar-sur.com.ar\/wp-content\/uploads\/2019\/07\/ACT-CULTURALES-DIAS-VELEZ-450x334.jpg 450w\" sizes=\"auto, (max-width: 800px) 100vw, 800px\" \/><\/div><\/a><a href=\"https:\/\/bar-sur.com.ar\/wp-content\/uploads\/2019\/07\/HISTORIA-PALCO-MONTESINO-1-1030x724.jpg\" data-srcset=\"https:\/\/bar-sur.com.ar\/wp-content\/uploads\/2019\/07\/HISTORIA-PALCO-MONTESINO-1-1030x724.jpg 1030w, https:\/\/bar-sur.com.ar\/wp-content\/uploads\/2019\/07\/HISTORIA-PALCO-MONTESINO-1-300x211.jpg 300w, https:\/\/bar-sur.com.ar\/wp-content\/uploads\/2019\/07\/HISTORIA-PALCO-MONTESINO-1-768x540.jpg 768w, https:\/\/bar-sur.com.ar\/wp-content\/uploads\/2019\/07\/HISTORIA-PALCO-MONTESINO-1-705x496.jpg 705w, https:\/\/bar-sur.com.ar\/wp-content\/uploads\/2019\/07\/HISTORIA-PALCO-MONTESINO-1-600x422.jpg 600w, https:\/\/bar-sur.com.ar\/wp-content\/uploads\/2019\/07\/HISTORIA-PALCO-MONTESINO-1.jpg 1280w\" data-sizes=\"(max-width: 1030px) 100vw, 1030px\" data-rel='gallery-1' data-prev-img='https:\/\/bar-sur.com.ar\/wp-content\/uploads\/2019\/07\/HISTORIA-PALCO-MONTESINO-1.jpg' class='lightbox ' data-onclick='11' title='Argentina Brito and Ricardo Montesino'  itemprop=\"thumbnailUrl\"  ><img decoding=\"async\" fetchpriority=\"high\" class=\"wp-image-1258 avia-img-lazy-loading-not-1258\"  data-avia-tooltip='Argentina Brito and Ricardo Montesino' src=\"https:\/\/bar-sur.com.ar\/wp-content\/uploads\/2019\/07\/HISTORIA-PALCO-MONTESINO-1-495x400.jpg\" width=\"495\" height=\"400\"  title='Argentina Brito and Ricardo Montesino' alt='Argentina Brito and Ricardo Montesino' srcset=\"https:\/\/bar-sur.com.ar\/wp-content\/uploads\/2019\/07\/HISTORIA-PALCO-MONTESINO-1-495x400.jpg 495w, https:\/\/bar-sur.com.ar\/wp-content\/uploads\/2019\/07\/HISTORIA-PALCO-MONTESINO-1-845x684.jpg 845w\" sizes=\"(max-width: 495px) 100vw, 495px\" \/><div class='big-prev-fake'><img decoding=\"async\" loading=\"lazy\" class=\"wp-image-1258 avia-img-lazy-loading-1258\"  width=\"1280\" height=\"900\" src=\"https:\/\/bar-sur.com.ar\/wp-content\/uploads\/2019\/07\/HISTORIA-PALCO-MONTESINO-1.jpg\" title='Argentina Brito and Ricardo Montesino' alt='Argentina Brito and Ricardo Montesino' srcset=\"https:\/\/bar-sur.com.ar\/wp-content\/uploads\/2019\/07\/HISTORIA-PALCO-MONTESINO-1.jpg 1280w, https:\/\/bar-sur.com.ar\/wp-content\/uploads\/2019\/07\/HISTORIA-PALCO-MONTESINO-1-300x211.jpg 300w, https:\/\/bar-sur.com.ar\/wp-content\/uploads\/2019\/07\/HISTORIA-PALCO-MONTESINO-1-768x540.jpg 768w, https:\/\/bar-sur.com.ar\/wp-content\/uploads\/2019\/07\/HISTORIA-PALCO-MONTESINO-1-1030x724.jpg 1030w, https:\/\/bar-sur.com.ar\/wp-content\/uploads\/2019\/07\/HISTORIA-PALCO-MONTESINO-1-705x496.jpg 705w, https:\/\/bar-sur.com.ar\/wp-content\/uploads\/2019\/07\/HISTORIA-PALCO-MONTESINO-1-600x422.jpg 600w\" sizes=\"auto, (max-width: 1280px) 100vw, 1280px\" \/><\/div><\/a><a href=\"https:\/\/bar-sur.com.ar\/wp-content\/uploads\/2019\/07\/HISTORIA-AMIGOS-3-1030x724.jpg\" data-srcset=\"https:\/\/bar-sur.com.ar\/wp-content\/uploads\/2019\/07\/HISTORIA-AMIGOS-3-1030x724.jpg 1030w, https:\/\/bar-sur.com.ar\/wp-content\/uploads\/2019\/07\/HISTORIA-AMIGOS-3-300x211.jpg 300w, https:\/\/bar-sur.com.ar\/wp-content\/uploads\/2019\/07\/HISTORIA-AMIGOS-3-768x540.jpg 768w, https:\/\/bar-sur.com.ar\/wp-content\/uploads\/2019\/07\/HISTORIA-AMIGOS-3-705x496.jpg 705w, https:\/\/bar-sur.com.ar\/wp-content\/uploads\/2019\/07\/HISTORIA-AMIGOS-3-600x422.jpg 600w, https:\/\/bar-sur.com.ar\/wp-content\/uploads\/2019\/07\/HISTORIA-AMIGOS-3.jpg 1280w\" data-sizes=\"(max-width: 1030px) 100vw, 1030px\" data-rel='gallery-1' data-prev-img='https:\/\/bar-sur.com.ar\/wp-content\/uploads\/2019\/07\/HISTORIA-AMIGOS-3.jpg' class='lightbox ' data-onclick='12' title='Ricardo Montesino with friends &#8211; Maximo Paz and Osvaldo Colombo &#8211; at Bar Sur'  itemprop=\"thumbnailUrl\"  ><img decoding=\"async\" fetchpriority=\"high\" class=\"wp-image-1260 avia-img-lazy-loading-not-1260\"  data-avia-tooltip='Ricardo Montesino with friends &#8211; Maximo Paz and Osvaldo Colombo &#8211; at Bar Sur' src=\"https:\/\/bar-sur.com.ar\/wp-content\/uploads\/2019\/07\/HISTORIA-AMIGOS-3-495x400.jpg\" width=\"495\" height=\"400\"  title='Ricardo Montesino with friends - Maximo Paz and Osvaldo Colombo - at Bar Sur' alt='Ricardo Montesino with friends - Maximo Paz and Osvaldo Colombo - at Bar Sur' srcset=\"https:\/\/bar-sur.com.ar\/wp-content\/uploads\/2019\/07\/HISTORIA-AMIGOS-3-495x400.jpg 495w, https:\/\/bar-sur.com.ar\/wp-content\/uploads\/2019\/07\/HISTORIA-AMIGOS-3-845x684.jpg 845w\" sizes=\"(max-width: 495px) 100vw, 495px\" \/><div class='big-prev-fake'><img decoding=\"async\" loading=\"lazy\" class=\"wp-image-1260 avia-img-lazy-loading-1260\"  width=\"1280\" height=\"900\" src=\"https:\/\/bar-sur.com.ar\/wp-content\/uploads\/2019\/07\/HISTORIA-AMIGOS-3.jpg\" title='Ricardo Montesino with friends - Maximo Paz and Osvaldo Colombo - at Bar Sur' alt='Ricardo Montesino with friends - Maximo Paz and Osvaldo Colombo - at Bar Sur' srcset=\"https:\/\/bar-sur.com.ar\/wp-content\/uploads\/2019\/07\/HISTORIA-AMIGOS-3.jpg 1280w, https:\/\/bar-sur.com.ar\/wp-content\/uploads\/2019\/07\/HISTORIA-AMIGOS-3-300x211.jpg 300w, https:\/\/bar-sur.com.ar\/wp-content\/uploads\/2019\/07\/HISTORIA-AMIGOS-3-768x540.jpg 768w, https:\/\/bar-sur.com.ar\/wp-content\/uploads\/2019\/07\/HISTORIA-AMIGOS-3-1030x724.jpg 1030w, https:\/\/bar-sur.com.ar\/wp-content\/uploads\/2019\/07\/HISTORIA-AMIGOS-3-705x496.jpg 705w, https:\/\/bar-sur.com.ar\/wp-content\/uploads\/2019\/07\/HISTORIA-AMIGOS-3-600x422.jpg 600w\" sizes=\"auto, (max-width: 1280px) 100vw, 1280px\" \/><\/div><\/a><a href=\"https:\/\/bar-sur.com.ar\/wp-content\/uploads\/2019\/07\/ACT-CULTURALES-5.jpg\" data-srcset=\"https:\/\/bar-sur.com.ar\/wp-content\/uploads\/2019\/07\/ACT-CULTURALES-5.jpg 800w, https:\/\/bar-sur.com.ar\/wp-content\/uploads\/2019\/07\/ACT-CULTURALES-5-300x223.jpg 300w, https:\/\/bar-sur.com.ar\/wp-content\/uploads\/2019\/07\/ACT-CULTURALES-5-768x570.jpg 768w, https:\/\/bar-sur.com.ar\/wp-content\/uploads\/2019\/07\/ACT-CULTURALES-5-705x523.jpg 705w, https:\/\/bar-sur.com.ar\/wp-content\/uploads\/2019\/07\/ACT-CULTURALES-5-450x334.jpg 450w\" data-sizes=\"(max-width: 800px) 100vw, 800px\" data-rel='gallery-1' data-prev-img='https:\/\/bar-sur.com.ar\/wp-content\/uploads\/2019\/07\/ACT-CULTURALES-5.jpg' class='first_thumb lightbox ' data-onclick='13' title='Acto Cultural &#8211; Uni\u00f3n Bar'  itemprop=\"thumbnailUrl\"  ><img decoding=\"async\" fetchpriority=\"high\" class=\"wp-image-1450 avia-img-lazy-loading-not-1450\"  data-avia-tooltip='Acto Cultural &#8211; Uni\u00f3n Bar' src=\"https:\/\/bar-sur.com.ar\/wp-content\/uploads\/2019\/07\/ACT-CULTURALES-5-495x400.jpg\" width=\"495\" height=\"400\"  title='ACT-CULTURALES-5' alt='' \/><div class='big-prev-fake'><img decoding=\"async\" loading=\"lazy\" class=\"wp-image-1450 avia-img-lazy-loading-1450\"  width=\"800\" height=\"594\" src=\"https:\/\/bar-sur.com.ar\/wp-content\/uploads\/2019\/07\/ACT-CULTURALES-5.jpg\" title='ACT-CULTURALES-5' alt='' srcset=\"https:\/\/bar-sur.com.ar\/wp-content\/uploads\/2019\/07\/ACT-CULTURALES-5.jpg 800w, https:\/\/bar-sur.com.ar\/wp-content\/uploads\/2019\/07\/ACT-CULTURALES-5-300x223.jpg 300w, https:\/\/bar-sur.com.ar\/wp-content\/uploads\/2019\/07\/ACT-CULTURALES-5-768x570.jpg 768w, https:\/\/bar-sur.com.ar\/wp-content\/uploads\/2019\/07\/ACT-CULTURALES-5-705x523.jpg 705w, https:\/\/bar-sur.com.ar\/wp-content\/uploads\/2019\/07\/ACT-CULTURALES-5-450x334.jpg 450w\" sizes=\"auto, (max-width: 800px) 100vw, 800px\" \/><\/div><\/a><a href=\"https:\/\/bar-sur.com.ar\/wp-content\/uploads\/2019\/07\/ACT-CULTURALES-CORAL.jpg\" data-srcset=\"https:\/\/bar-sur.com.ar\/wp-content\/uploads\/2019\/07\/ACT-CULTURALES-CORAL.jpg 800w, https:\/\/bar-sur.com.ar\/wp-content\/uploads\/2019\/07\/ACT-CULTURALES-CORAL-300x223.jpg 300w, https:\/\/bar-sur.com.ar\/wp-content\/uploads\/2019\/07\/ACT-CULTURALES-CORAL-768x570.jpg 768w, https:\/\/bar-sur.com.ar\/wp-content\/uploads\/2019\/07\/ACT-CULTURALES-CORAL-705x523.jpg 705w, https:\/\/bar-sur.com.ar\/wp-content\/uploads\/2019\/07\/ACT-CULTURALES-CORAL-450x334.jpg 450w\" data-sizes=\"(max-width: 800px) 100vw, 800px\" data-rel='gallery-1' data-prev-img='https:\/\/bar-sur.com.ar\/wp-content\/uploads\/2019\/07\/ACT-CULTURALES-CORAL.jpg' class='lightbox ' data-onclick='14' title='Coral recitando'  itemprop=\"thumbnailUrl\"  ><img decoding=\"async\" fetchpriority=\"high\" class=\"wp-image-1432 avia-img-lazy-loading-not-1432\"  data-avia-tooltip='Coral recitando' src=\"https:\/\/bar-sur.com.ar\/wp-content\/uploads\/2019\/07\/ACT-CULTURALES-CORAL-495x400.jpg\" width=\"495\" height=\"400\"  title='ACT-CULTURALES-CORAL' alt='' \/><div class='big-prev-fake'><img decoding=\"async\" loading=\"lazy\" class=\"wp-image-1432 avia-img-lazy-loading-1432\"  width=\"800\" height=\"594\" src=\"https:\/\/bar-sur.com.ar\/wp-content\/uploads\/2019\/07\/ACT-CULTURALES-CORAL.jpg\" title='ACT-CULTURALES-CORAL' alt='' srcset=\"https:\/\/bar-sur.com.ar\/wp-content\/uploads\/2019\/07\/ACT-CULTURALES-CORAL.jpg 800w, https:\/\/bar-sur.com.ar\/wp-content\/uploads\/2019\/07\/ACT-CULTURALES-CORAL-300x223.jpg 300w, https:\/\/bar-sur.com.ar\/wp-content\/uploads\/2019\/07\/ACT-CULTURALES-CORAL-768x570.jpg 768w, https:\/\/bar-sur.com.ar\/wp-content\/uploads\/2019\/07\/ACT-CULTURALES-CORAL-705x523.jpg 705w, https:\/\/bar-sur.com.ar\/wp-content\/uploads\/2019\/07\/ACT-CULTURALES-CORAL-450x334.jpg 450w\" sizes=\"auto, (max-width: 800px) 100vw, 800px\" \/><\/div><\/a><a href=\"https:\/\/bar-sur.com.ar\/wp-content\/uploads\/2019\/07\/ACT-CULTURALES-ESQUINA.jpg\" data-srcset=\"https:\/\/bar-sur.com.ar\/wp-content\/uploads\/2019\/07\/ACT-CULTURALES-ESQUINA.jpg 800w, https:\/\/bar-sur.com.ar\/wp-content\/uploads\/2019\/07\/ACT-CULTURALES-ESQUINA-300x223.jpg 300w, https:\/\/bar-sur.com.ar\/wp-content\/uploads\/2019\/07\/ACT-CULTURALES-ESQUINA-768x570.jpg 768w, https:\/\/bar-sur.com.ar\/wp-content\/uploads\/2019\/07\/ACT-CULTURALES-ESQUINA-705x523.jpg 705w, https:\/\/bar-sur.com.ar\/wp-content\/uploads\/2019\/07\/ACT-CULTURALES-ESQUINA-450x334.jpg 450w\" data-sizes=\"(max-width: 800px) 100vw, 800px\" data-rel='gallery-1' data-prev-img='https:\/\/bar-sur.com.ar\/wp-content\/uploads\/2019\/07\/ACT-CULTURALES-ESQUINA.jpg' class='lightbox ' data-onclick='15' title='ACT-CULTURALES-ESQUINA'  itemprop=\"thumbnailUrl\"  ><img decoding=\"async\" fetchpriority=\"high\" class=\"wp-image-1446 avia-img-lazy-loading-not-1446\"   src=\"https:\/\/bar-sur.com.ar\/wp-content\/uploads\/2019\/07\/ACT-CULTURALES-ESQUINA-495x400.jpg\" width=\"495\" height=\"400\"  title='ACT-CULTURALES-ESQUINA' alt='' \/><div class='big-prev-fake'><img decoding=\"async\" loading=\"lazy\" class=\"wp-image-1446 avia-img-lazy-loading-1446\"  width=\"800\" height=\"594\" src=\"https:\/\/bar-sur.com.ar\/wp-content\/uploads\/2019\/07\/ACT-CULTURALES-ESQUINA.jpg\" title='ACT-CULTURALES-ESQUINA' alt='' srcset=\"https:\/\/bar-sur.com.ar\/wp-content\/uploads\/2019\/07\/ACT-CULTURALES-ESQUINA.jpg 800w, https:\/\/bar-sur.com.ar\/wp-content\/uploads\/2019\/07\/ACT-CULTURALES-ESQUINA-300x223.jpg 300w, https:\/\/bar-sur.com.ar\/wp-content\/uploads\/2019\/07\/ACT-CULTURALES-ESQUINA-768x570.jpg 768w, https:\/\/bar-sur.com.ar\/wp-content\/uploads\/2019\/07\/ACT-CULTURALES-ESQUINA-705x523.jpg 705w, https:\/\/bar-sur.com.ar\/wp-content\/uploads\/2019\/07\/ACT-CULTURALES-ESQUINA-450x334.jpg 450w\" sizes=\"auto, (max-width: 800px) 100vw, 800px\" \/><\/div><\/a><a href=\"https:\/\/bar-sur.com.ar\/wp-content\/uploads\/2019\/07\/HISTORIA-PARTICIPATIVO-1030x724.jpg\" data-srcset=\"https:\/\/bar-sur.com.ar\/wp-content\/uploads\/2019\/07\/HISTORIA-PARTICIPATIVO-1030x724.jpg 1030w, https:\/\/bar-sur.com.ar\/wp-content\/uploads\/2019\/07\/HISTORIA-PARTICIPATIVO-300x211.jpg 300w, https:\/\/bar-sur.com.ar\/wp-content\/uploads\/2019\/07\/HISTORIA-PARTICIPATIVO-768x540.jpg 768w, https:\/\/bar-sur.com.ar\/wp-content\/uploads\/2019\/07\/HISTORIA-PARTICIPATIVO-705x496.jpg 705w, https:\/\/bar-sur.com.ar\/wp-content\/uploads\/2019\/07\/HISTORIA-PARTICIPATIVO-450x316.jpg 450w, https:\/\/bar-sur.com.ar\/wp-content\/uploads\/2019\/07\/HISTORIA-PARTICIPATIVO.jpg 1280w\" data-sizes=\"(max-width: 1030px) 100vw, 1030px\" data-rel='gallery-1' data-prev-img='https:\/\/bar-sur.com.ar\/wp-content\/uploads\/2019\/07\/HISTORIA-PARTICIPATIVO.jpg' class='lightbox ' data-onclick='16' title='Artistic activities at Bar Sur &#8211; Bernardo Koremblit and Ricardo Montesino'  itemprop=\"thumbnailUrl\"  ><img decoding=\"async\" fetchpriority=\"high\" class=\"wp-image-1177 avia-img-lazy-loading-not-1177\"  data-avia-tooltip='Artistic activities at Bar Sur &#8211; Bernardo Koremblit and Ricardo Montesino' src=\"https:\/\/bar-sur.com.ar\/wp-content\/uploads\/2019\/07\/HISTORIA-PARTICIPATIVO-495x400.jpg\" width=\"495\" height=\"400\"  title='HISTORIA-PARTICIPATIVO' alt='' srcset=\"https:\/\/bar-sur.com.ar\/wp-content\/uploads\/2019\/07\/HISTORIA-PARTICIPATIVO-495x400.jpg 495w, https:\/\/bar-sur.com.ar\/wp-content\/uploads\/2019\/07\/HISTORIA-PARTICIPATIVO-845x684.jpg 845w\" sizes=\"(max-width: 495px) 100vw, 495px\" \/><div class='big-prev-fake'><img decoding=\"async\" loading=\"lazy\" class=\"wp-image-1177 avia-img-lazy-loading-1177\"  width=\"1280\" height=\"900\" src=\"https:\/\/bar-sur.com.ar\/wp-content\/uploads\/2019\/07\/HISTORIA-PARTICIPATIVO.jpg\" title='HISTORIA-PARTICIPATIVO' alt='' srcset=\"https:\/\/bar-sur.com.ar\/wp-content\/uploads\/2019\/07\/HISTORIA-PARTICIPATIVO.jpg 1280w, https:\/\/bar-sur.com.ar\/wp-content\/uploads\/2019\/07\/HISTORIA-PARTICIPATIVO-300x211.jpg 300w, https:\/\/bar-sur.com.ar\/wp-content\/uploads\/2019\/07\/HISTORIA-PARTICIPATIVO-768x540.jpg 768w, https:\/\/bar-sur.com.ar\/wp-content\/uploads\/2019\/07\/HISTORIA-PARTICIPATIVO-1030x724.jpg 1030w, https:\/\/bar-sur.com.ar\/wp-content\/uploads\/2019\/07\/HISTORIA-PARTICIPATIVO-705x496.jpg 705w, https:\/\/bar-sur.com.ar\/wp-content\/uploads\/2019\/07\/HISTORIA-PARTICIPATIVO-450x316.jpg 450w\" sizes=\"auto, (max-width: 1280px) 100vw, 1280px\" \/><\/div><\/a><a href=\"https:\/\/bar-sur.com.ar\/wp-content\/uploads\/2019\/07\/ACT-CULTURALES-LUISA-VEHIL.jpg\" data-srcset=\"https:\/\/bar-sur.com.ar\/wp-content\/uploads\/2019\/07\/ACT-CULTURALES-LUISA-VEHIL.jpg 800w, https:\/\/bar-sur.com.ar\/wp-content\/uploads\/2019\/07\/ACT-CULTURALES-LUISA-VEHIL-300x223.jpg 300w, https:\/\/bar-sur.com.ar\/wp-content\/uploads\/2019\/07\/ACT-CULTURALES-LUISA-VEHIL-768x570.jpg 768w, https:\/\/bar-sur.com.ar\/wp-content\/uploads\/2019\/07\/ACT-CULTURALES-LUISA-VEHIL-705x523.jpg 705w, https:\/\/bar-sur.com.ar\/wp-content\/uploads\/2019\/07\/ACT-CULTURALES-LUISA-VEHIL-450x334.jpg 450w\" data-sizes=\"(max-width: 800px) 100vw, 800px\" data-rel='gallery-1' data-prev-img='https:\/\/bar-sur.com.ar\/wp-content\/uploads\/2019\/07\/ACT-CULTURALES-LUISA-VEHIL.jpg' class='first_thumb lightbox ' data-onclick='17' title='Luisa Vehil y Ulises Petit de Murat'  itemprop=\"thumbnailUrl\"  ><img decoding=\"async\" fetchpriority=\"high\" class=\"wp-image-1426 avia-img-lazy-loading-not-1426\"  data-avia-tooltip='Luisa Vehil y Ulises Petit de Murat' src=\"https:\/\/bar-sur.com.ar\/wp-content\/uploads\/2019\/07\/ACT-CULTURALES-LUISA-VEHIL-495x400.jpg\" width=\"495\" height=\"400\"  title='ACT-CULTURALES-LUISA-VEHIL' alt='' \/><div class='big-prev-fake'><img decoding=\"async\" loading=\"lazy\" class=\"wp-image-1426 avia-img-lazy-loading-1426\"  width=\"800\" height=\"594\" src=\"https:\/\/bar-sur.com.ar\/wp-content\/uploads\/2019\/07\/ACT-CULTURALES-LUISA-VEHIL.jpg\" title='ACT-CULTURALES-LUISA-VEHIL' alt='' srcset=\"https:\/\/bar-sur.com.ar\/wp-content\/uploads\/2019\/07\/ACT-CULTURALES-LUISA-VEHIL.jpg 800w, https:\/\/bar-sur.com.ar\/wp-content\/uploads\/2019\/07\/ACT-CULTURALES-LUISA-VEHIL-300x223.jpg 300w, https:\/\/bar-sur.com.ar\/wp-content\/uploads\/2019\/07\/ACT-CULTURALES-LUISA-VEHIL-768x570.jpg 768w, https:\/\/bar-sur.com.ar\/wp-content\/uploads\/2019\/07\/ACT-CULTURALES-LUISA-VEHIL-705x523.jpg 705w, https:\/\/bar-sur.com.ar\/wp-content\/uploads\/2019\/07\/ACT-CULTURALES-LUISA-VEHIL-450x334.jpg 450w\" sizes=\"auto, (max-width: 800px) 100vw, 800px\" \/><\/div><\/a><a href=\"https:\/\/bar-sur.com.ar\/wp-content\/uploads\/2019\/07\/VISITAS-SOLDI-1030x772.jpg\" data-srcset=\"https:\/\/bar-sur.com.ar\/wp-content\/uploads\/2019\/07\/VISITAS-SOLDI-1030x772.jpg 1030w, https:\/\/bar-sur.com.ar\/wp-content\/uploads\/2019\/07\/VISITAS-SOLDI-300x225.jpg 300w, https:\/\/bar-sur.com.ar\/wp-content\/uploads\/2019\/07\/VISITAS-SOLDI-768x575.jpg 768w, https:\/\/bar-sur.com.ar\/wp-content\/uploads\/2019\/07\/VISITAS-SOLDI-705x528.jpg 705w, https:\/\/bar-sur.com.ar\/wp-content\/uploads\/2019\/07\/VISITAS-SOLDI-450x337.jpg 450w, https:\/\/bar-sur.com.ar\/wp-content\/uploads\/2019\/07\/VISITAS-SOLDI.jpg 1280w\" data-sizes=\"(max-width: 1030px) 100vw, 1030px\" data-rel='gallery-1' data-prev-img='https:\/\/bar-sur.com.ar\/wp-content\/uploads\/2019\/07\/VISITAS-SOLDI.jpg' class='lightbox ' data-onclick='18' title='Ra\u00fal Soldi and Ricardo Montesino'  itemprop=\"thumbnailUrl\"  ><img decoding=\"async\" fetchpriority=\"high\" class=\"wp-image-1358 avia-img-lazy-loading-not-1358\"  data-avia-tooltip='Ra\u00fal Soldi and Ricardo Montesino' src=\"https:\/\/bar-sur.com.ar\/wp-content\/uploads\/2019\/07\/VISITAS-SOLDI-495x400.jpg\" width=\"495\" height=\"400\"  title='Ra\u00fal Soldi and Ricardo Montesino' alt='Ra\u00fal Soldi and Ricardo Montesino' srcset=\"https:\/\/bar-sur.com.ar\/wp-content\/uploads\/2019\/07\/VISITAS-SOLDI-495x400.jpg 495w, https:\/\/bar-sur.com.ar\/wp-content\/uploads\/2019\/07\/VISITAS-SOLDI-845x684.jpg 845w\" sizes=\"(max-width: 495px) 100vw, 495px\" \/><div class='big-prev-fake'><img decoding=\"async\" loading=\"lazy\" class=\"wp-image-1358 avia-img-lazy-loading-1358\"  width=\"1280\" height=\"959\" src=\"https:\/\/bar-sur.com.ar\/wp-content\/uploads\/2019\/07\/VISITAS-SOLDI.jpg\" title='Ra\u00fal Soldi and Ricardo Montesino' alt='Ra\u00fal Soldi and Ricardo Montesino' srcset=\"https:\/\/bar-sur.com.ar\/wp-content\/uploads\/2019\/07\/VISITAS-SOLDI.jpg 1280w, https:\/\/bar-sur.com.ar\/wp-content\/uploads\/2019\/07\/VISITAS-SOLDI-300x225.jpg 300w, https:\/\/bar-sur.com.ar\/wp-content\/uploads\/2019\/07\/VISITAS-SOLDI-768x575.jpg 768w, https:\/\/bar-sur.com.ar\/wp-content\/uploads\/2019\/07\/VISITAS-SOLDI-1030x772.jpg 1030w, https:\/\/bar-sur.com.ar\/wp-content\/uploads\/2019\/07\/VISITAS-SOLDI-705x528.jpg 705w, https:\/\/bar-sur.com.ar\/wp-content\/uploads\/2019\/07\/VISITAS-SOLDI-450x337.jpg 450w\" sizes=\"auto, (max-width: 1280px) 100vw, 1280px\" \/><\/div><\/a><a href=\"https:\/\/bar-sur.com.ar\/wp-content\/uploads\/2019\/07\/ACT-CULTURALES-KORENBLIT.jpg\" data-srcset=\"https:\/\/bar-sur.com.ar\/wp-content\/uploads\/2019\/07\/ACT-CULTURALES-KORENBLIT.jpg 800w, https:\/\/bar-sur.com.ar\/wp-content\/uploads\/2019\/07\/ACT-CULTURALES-KORENBLIT-300x223.jpg 300w, https:\/\/bar-sur.com.ar\/wp-content\/uploads\/2019\/07\/ACT-CULTURALES-KORENBLIT-768x570.jpg 768w, https:\/\/bar-sur.com.ar\/wp-content\/uploads\/2019\/07\/ACT-CULTURALES-KORENBLIT-705x523.jpg 705w, https:\/\/bar-sur.com.ar\/wp-content\/uploads\/2019\/07\/ACT-CULTURALES-KORENBLIT-450x334.jpg 450w\" data-sizes=\"(max-width: 800px) 100vw, 800px\" data-rel='gallery-1' data-prev-img='https:\/\/bar-sur.com.ar\/wp-content\/uploads\/2019\/07\/ACT-CULTURALES-KORENBLIT.jpg' class='lightbox ' data-onclick='19' title='Bernardo Koremblit, Julia Prilunsky, R. Montesino y Osvaldo Colombo'  itemprop=\"thumbnailUrl\"  ><img decoding=\"async\" fetchpriority=\"high\" class=\"wp-image-1444 avia-img-lazy-loading-not-1444\"  data-avia-tooltip='Bernardo Koremblit, Julia Prilunsky, R. Montesino y Osvaldo Colombo' src=\"https:\/\/bar-sur.com.ar\/wp-content\/uploads\/2019\/07\/ACT-CULTURALES-KORENBLIT-495x400.jpg\" width=\"495\" height=\"400\"  title='ACT-CULTURALES-KORENBLIT' alt='' \/><div class='big-prev-fake'><img decoding=\"async\" loading=\"lazy\" class=\"wp-image-1444 avia-img-lazy-loading-1444\"  width=\"800\" height=\"594\" src=\"https:\/\/bar-sur.com.ar\/wp-content\/uploads\/2019\/07\/ACT-CULTURALES-KORENBLIT.jpg\" title='ACT-CULTURALES-KORENBLIT' alt='' srcset=\"https:\/\/bar-sur.com.ar\/wp-content\/uploads\/2019\/07\/ACT-CULTURALES-KORENBLIT.jpg 800w, https:\/\/bar-sur.com.ar\/wp-content\/uploads\/2019\/07\/ACT-CULTURALES-KORENBLIT-300x223.jpg 300w, https:\/\/bar-sur.com.ar\/wp-content\/uploads\/2019\/07\/ACT-CULTURALES-KORENBLIT-768x570.jpg 768w, https:\/\/bar-sur.com.ar\/wp-content\/uploads\/2019\/07\/ACT-CULTURALES-KORENBLIT-705x523.jpg 705w, https:\/\/bar-sur.com.ar\/wp-content\/uploads\/2019\/07\/ACT-CULTURALES-KORENBLIT-450x334.jpg 450w\" sizes=\"auto, (max-width: 800px) 100vw, 800px\" \/><\/div><\/a><a href=\"https:\/\/bar-sur.com.ar\/wp-content\/uploads\/2019\/07\/HISTORIA-NOCHES-BOHEMIA-1030x724.jpg\" data-srcset=\"https:\/\/bar-sur.com.ar\/wp-content\/uploads\/2019\/07\/HISTORIA-NOCHES-BOHEMIA-1030x724.jpg 1030w, https:\/\/bar-sur.com.ar\/wp-content\/uploads\/2019\/07\/HISTORIA-NOCHES-BOHEMIA-300x211.jpg 300w, https:\/\/bar-sur.com.ar\/wp-content\/uploads\/2019\/07\/HISTORIA-NOCHES-BOHEMIA-768x540.jpg 768w, https:\/\/bar-sur.com.ar\/wp-content\/uploads\/2019\/07\/HISTORIA-NOCHES-BOHEMIA-705x496.jpg 705w, https:\/\/bar-sur.com.ar\/wp-content\/uploads\/2019\/07\/HISTORIA-NOCHES-BOHEMIA-450x316.jpg 450w, https:\/\/bar-sur.com.ar\/wp-content\/uploads\/2019\/07\/HISTORIA-NOCHES-BOHEMIA.jpg 1280w\" data-sizes=\"(max-width: 1030px) 100vw, 1030px\" data-rel='gallery-1' data-prev-img='https:\/\/bar-sur.com.ar\/wp-content\/uploads\/2019\/07\/HISTORIA-NOCHES-BOHEMIA.jpg' class='lightbox ' data-onclick='20' title='Bohemian Nights at Bar Sur'  itemprop=\"thumbnailUrl\"  ><img decoding=\"async\" fetchpriority=\"high\" class=\"wp-image-1179 avia-img-lazy-loading-not-1179\"  data-avia-tooltip='Bohemian Nights at Bar Sur' src=\"https:\/\/bar-sur.com.ar\/wp-content\/uploads\/2019\/07\/HISTORIA-NOCHES-BOHEMIA-495x400.jpg\" width=\"495\" height=\"400\"  title='HISTORIA-NOCHES-BOHEMIA' alt='' srcset=\"https:\/\/bar-sur.com.ar\/wp-content\/uploads\/2019\/07\/HISTORIA-NOCHES-BOHEMIA-495x400.jpg 495w, https:\/\/bar-sur.com.ar\/wp-content\/uploads\/2019\/07\/HISTORIA-NOCHES-BOHEMIA-845x684.jpg 845w\" sizes=\"(max-width: 495px) 100vw, 495px\" \/><div class='big-prev-fake'><img decoding=\"async\" loading=\"lazy\" class=\"wp-image-1179 avia-img-lazy-loading-1179\"  width=\"1280\" height=\"900\" src=\"https:\/\/bar-sur.com.ar\/wp-content\/uploads\/2019\/07\/HISTORIA-NOCHES-BOHEMIA.jpg\" title='HISTORIA-NOCHES-BOHEMIA' alt='' srcset=\"https:\/\/bar-sur.com.ar\/wp-content\/uploads\/2019\/07\/HISTORIA-NOCHES-BOHEMIA.jpg 1280w, https:\/\/bar-sur.com.ar\/wp-content\/uploads\/2019\/07\/HISTORIA-NOCHES-BOHEMIA-300x211.jpg 300w, https:\/\/bar-sur.com.ar\/wp-content\/uploads\/2019\/07\/HISTORIA-NOCHES-BOHEMIA-768x540.jpg 768w, https:\/\/bar-sur.com.ar\/wp-content\/uploads\/2019\/07\/HISTORIA-NOCHES-BOHEMIA-1030x724.jpg 1030w, https:\/\/bar-sur.com.ar\/wp-content\/uploads\/2019\/07\/HISTORIA-NOCHES-BOHEMIA-705x496.jpg 705w, https:\/\/bar-sur.com.ar\/wp-content\/uploads\/2019\/07\/HISTORIA-NOCHES-BOHEMIA-450x316.jpg 450w\" sizes=\"auto, (max-width: 1280px) 100vw, 1280px\" \/><\/div><\/a><a href=\"https:\/\/bar-sur.com.ar\/wp-content\/uploads\/2019\/07\/ACT-CULTURALES-PEREZ-MORIS.jpg\" data-srcset=\"https:\/\/bar-sur.com.ar\/wp-content\/uploads\/2019\/07\/ACT-CULTURALES-PEREZ-MORIS.jpg 800w, https:\/\/bar-sur.com.ar\/wp-content\/uploads\/2019\/07\/ACT-CULTURALES-PEREZ-MORIS-300x223.jpg 300w, https:\/\/bar-sur.com.ar\/wp-content\/uploads\/2019\/07\/ACT-CULTURALES-PEREZ-MORIS-768x570.jpg 768w, https:\/\/bar-sur.com.ar\/wp-content\/uploads\/2019\/07\/ACT-CULTURALES-PEREZ-MORIS-705x523.jpg 705w, https:\/\/bar-sur.com.ar\/wp-content\/uploads\/2019\/07\/ACT-CULTURALES-PEREZ-MORIS-450x334.jpg 450w\" data-sizes=\"(max-width: 800px) 100vw, 800px\" data-rel='gallery-1' data-prev-img='https:\/\/bar-sur.com.ar\/wp-content\/uploads\/2019\/07\/ACT-CULTURALES-PEREZ-MORIS.jpg' class='first_thumb lightbox ' data-onclick='21' title='Alberto P\u00e9rez Morris y Ricardo Montesino'  itemprop=\"thumbnailUrl\"  ><img decoding=\"async\" fetchpriority=\"high\" class=\"wp-image-1440 avia-img-lazy-loading-not-1440\"  data-avia-tooltip='Alberto P\u00e9rez Morris y Ricardo Montesino' src=\"https:\/\/bar-sur.com.ar\/wp-content\/uploads\/2019\/07\/ACT-CULTURALES-PEREZ-MORIS-495x400.jpg\" width=\"495\" height=\"400\"  title='ACT-CULTURALES-PEREZ-MORIS' alt='' \/><div class='big-prev-fake'><img decoding=\"async\" loading=\"lazy\" class=\"wp-image-1440 avia-img-lazy-loading-1440\"  width=\"800\" height=\"594\" src=\"https:\/\/bar-sur.com.ar\/wp-content\/uploads\/2019\/07\/ACT-CULTURALES-PEREZ-MORIS.jpg\" title='ACT-CULTURALES-PEREZ-MORIS' alt='' srcset=\"https:\/\/bar-sur.com.ar\/wp-content\/uploads\/2019\/07\/ACT-CULTURALES-PEREZ-MORIS.jpg 800w, https:\/\/bar-sur.com.ar\/wp-content\/uploads\/2019\/07\/ACT-CULTURALES-PEREZ-MORIS-300x223.jpg 300w, https:\/\/bar-sur.com.ar\/wp-content\/uploads\/2019\/07\/ACT-CULTURALES-PEREZ-MORIS-768x570.jpg 768w, https:\/\/bar-sur.com.ar\/wp-content\/uploads\/2019\/07\/ACT-CULTURALES-PEREZ-MORIS-705x523.jpg 705w, https:\/\/bar-sur.com.ar\/wp-content\/uploads\/2019\/07\/ACT-CULTURALES-PEREZ-MORIS-450x334.jpg 450w\" sizes=\"auto, (max-width: 800px) 100vw, 800px\" \/><\/div><\/a><a href=\"https:\/\/bar-sur.com.ar\/wp-content\/uploads\/2019\/07\/ACT-CULTURALES-BRITO.jpg\" data-srcset=\"https:\/\/bar-sur.com.ar\/wp-content\/uploads\/2019\/07\/ACT-CULTURALES-BRITO.jpg 800w, https:\/\/bar-sur.com.ar\/wp-content\/uploads\/2019\/07\/ACT-CULTURALES-BRITO-300x223.jpg 300w, https:\/\/bar-sur.com.ar\/wp-content\/uploads\/2019\/07\/ACT-CULTURALES-BRITO-768x570.jpg 768w, https:\/\/bar-sur.com.ar\/wp-content\/uploads\/2019\/07\/ACT-CULTURALES-BRITO-705x523.jpg 705w, https:\/\/bar-sur.com.ar\/wp-content\/uploads\/2019\/07\/ACT-CULTURALES-BRITO-450x334.jpg 450w\" data-sizes=\"(max-width: 800px) 100vw, 800px\" data-rel='gallery-1' data-prev-img='https:\/\/bar-sur.com.ar\/wp-content\/uploads\/2019\/07\/ACT-CULTURALES-BRITO.jpg' class='lightbox ' data-onclick='22' title='Lily Hartz, Argentina Brito y M\u00e1ximo Paz'  itemprop=\"thumbnailUrl\"  ><img decoding=\"async\" fetchpriority=\"high\" class=\"wp-image-1442 avia-img-lazy-loading-not-1442\"  data-avia-tooltip='Lily Hartz, Argentina Brito y M\u00e1ximo Paz' src=\"https:\/\/bar-sur.com.ar\/wp-content\/uploads\/2019\/07\/ACT-CULTURALES-BRITO-495x400.jpg\" width=\"495\" height=\"400\"  title='ACT-CULTURALES-BRITO' alt='' \/><div class='big-prev-fake'><img decoding=\"async\" loading=\"lazy\" class=\"wp-image-1442 avia-img-lazy-loading-1442\"  width=\"800\" height=\"594\" src=\"https:\/\/bar-sur.com.ar\/wp-content\/uploads\/2019\/07\/ACT-CULTURALES-BRITO.jpg\" title='ACT-CULTURALES-BRITO' alt='' srcset=\"https:\/\/bar-sur.com.ar\/wp-content\/uploads\/2019\/07\/ACT-CULTURALES-BRITO.jpg 800w, https:\/\/bar-sur.com.ar\/wp-content\/uploads\/2019\/07\/ACT-CULTURALES-BRITO-300x223.jpg 300w, https:\/\/bar-sur.com.ar\/wp-content\/uploads\/2019\/07\/ACT-CULTURALES-BRITO-768x570.jpg 768w, https:\/\/bar-sur.com.ar\/wp-content\/uploads\/2019\/07\/ACT-CULTURALES-BRITO-705x523.jpg 705w, https:\/\/bar-sur.com.ar\/wp-content\/uploads\/2019\/07\/ACT-CULTURALES-BRITO-450x334.jpg 450w\" sizes=\"auto, (max-width: 800px) 100vw, 800px\" \/><\/div><\/a><a href=\"https:\/\/bar-sur.com.ar\/wp-content\/uploads\/2019\/07\/ACT-CULTURALES-3.jpg\" data-srcset=\"https:\/\/bar-sur.com.ar\/wp-content\/uploads\/2019\/07\/ACT-CULTURALES-3.jpg 800w, https:\/\/bar-sur.com.ar\/wp-content\/uploads\/2019\/07\/ACT-CULTURALES-3-300x223.jpg 300w, https:\/\/bar-sur.com.ar\/wp-content\/uploads\/2019\/07\/ACT-CULTURALES-3-768x570.jpg 768w, https:\/\/bar-sur.com.ar\/wp-content\/uploads\/2019\/07\/ACT-CULTURALES-3-705x523.jpg 705w, https:\/\/bar-sur.com.ar\/wp-content\/uploads\/2019\/07\/ACT-CULTURALES-3-450x334.jpg 450w\" data-sizes=\"(max-width: 800px) 100vw, 800px\" data-rel='gallery-1' data-prev-img='https:\/\/bar-sur.com.ar\/wp-content\/uploads\/2019\/07\/ACT-CULTURALES-3.jpg' class='lightbox ' data-onclick='23' title='Acto Cultural &#8211; Uni\u00f3n Bar'  itemprop=\"thumbnailUrl\"  ><img decoding=\"async\" fetchpriority=\"high\" class=\"wp-image-1436 avia-img-lazy-loading-not-1436\"  data-avia-tooltip='Acto Cultural &#8211; Uni\u00f3n Bar' src=\"https:\/\/bar-sur.com.ar\/wp-content\/uploads\/2019\/07\/ACT-CULTURALES-3-495x400.jpg\" width=\"495\" height=\"400\"  title='ACT-CULTURALES-3' alt='' \/><div class='big-prev-fake'><img decoding=\"async\" loading=\"lazy\" class=\"wp-image-1436 avia-img-lazy-loading-1436\"  width=\"800\" height=\"594\" src=\"https:\/\/bar-sur.com.ar\/wp-content\/uploads\/2019\/07\/ACT-CULTURALES-3.jpg\" title='ACT-CULTURALES-3' alt='' srcset=\"https:\/\/bar-sur.com.ar\/wp-content\/uploads\/2019\/07\/ACT-CULTURALES-3.jpg 800w, https:\/\/bar-sur.com.ar\/wp-content\/uploads\/2019\/07\/ACT-CULTURALES-3-300x223.jpg 300w, https:\/\/bar-sur.com.ar\/wp-content\/uploads\/2019\/07\/ACT-CULTURALES-3-768x570.jpg 768w, https:\/\/bar-sur.com.ar\/wp-content\/uploads\/2019\/07\/ACT-CULTURALES-3-705x523.jpg 705w, https:\/\/bar-sur.com.ar\/wp-content\/uploads\/2019\/07\/ACT-CULTURALES-3-450x334.jpg 450w\" sizes=\"auto, (max-width: 800px) 100vw, 800px\" \/><\/div><\/a><a href=\"https:\/\/bar-sur.com.ar\/wp-content\/uploads\/2019\/07\/ACT-CULTURALES-SOLDI.jpg\" data-srcset=\"https:\/\/bar-sur.com.ar\/wp-content\/uploads\/2019\/07\/ACT-CULTURALES-SOLDI.jpg 800w, https:\/\/bar-sur.com.ar\/wp-content\/uploads\/2019\/07\/ACT-CULTURALES-SOLDI-300x223.jpg 300w, https:\/\/bar-sur.com.ar\/wp-content\/uploads\/2019\/07\/ACT-CULTURALES-SOLDI-768x570.jpg 768w, https:\/\/bar-sur.com.ar\/wp-content\/uploads\/2019\/07\/ACT-CULTURALES-SOLDI-705x523.jpg 705w, https:\/\/bar-sur.com.ar\/wp-content\/uploads\/2019\/07\/ACT-CULTURALES-SOLDI-450x334.jpg 450w\" data-sizes=\"(max-width: 800px) 100vw, 800px\" data-rel='gallery-1' data-prev-img='https:\/\/bar-sur.com.ar\/wp-content\/uploads\/2019\/07\/ACT-CULTURALES-SOLDI.jpg' class='lightbox ' data-onclick='24' title='Ra\u00fal Soldi '  itemprop=\"thumbnailUrl\"  ><img decoding=\"async\" fetchpriority=\"high\" class=\"wp-image-1434 avia-img-lazy-loading-not-1434\"  data-avia-tooltip='Ra\u00fal Soldi ' src=\"https:\/\/bar-sur.com.ar\/wp-content\/uploads\/2019\/07\/ACT-CULTURALES-SOLDI-495x400.jpg\" width=\"495\" height=\"400\"  title='ACT-CULTURALES-SOLDI' alt='' \/><div class='big-prev-fake'><img decoding=\"async\" loading=\"lazy\" class=\"wp-image-1434 avia-img-lazy-loading-1434\"  width=\"800\" height=\"594\" src=\"https:\/\/bar-sur.com.ar\/wp-content\/uploads\/2019\/07\/ACT-CULTURALES-SOLDI.jpg\" title='ACT-CULTURALES-SOLDI' alt='' srcset=\"https:\/\/bar-sur.com.ar\/wp-content\/uploads\/2019\/07\/ACT-CULTURALES-SOLDI.jpg 800w, https:\/\/bar-sur.com.ar\/wp-content\/uploads\/2019\/07\/ACT-CULTURALES-SOLDI-300x223.jpg 300w, https:\/\/bar-sur.com.ar\/wp-content\/uploads\/2019\/07\/ACT-CULTURALES-SOLDI-768x570.jpg 768w, https:\/\/bar-sur.com.ar\/wp-content\/uploads\/2019\/07\/ACT-CULTURALES-SOLDI-705x523.jpg 705w, https:\/\/bar-sur.com.ar\/wp-content\/uploads\/2019\/07\/ACT-CULTURALES-SOLDI-450x334.jpg 450w\" sizes=\"auto, (max-width: 800px) 100vw, 800px\" \/><\/div><\/a><\/div><\/div><\/p><\/div>\n<style type=\"text\/css\" data-created_by=\"avia_inline_auto\" id=\"style-css-av-1ofk6-f520a64548c4d90457af712fa6a3bf5a\">\n.flex_column.av-1ofk6-f520a64548c4d90457af712fa6a3bf5a{\nborder-radius:0px 0px 0px 0px;\npadding:0px 0px 0px 0px;\n}\n<\/style>\n<div  class='flex_column av-1ofk6-f520a64548c4d90457af712fa6a3bf5a av_one_fifth  avia-builder-el-19  el_after_av_three_fifth  el_before_av_one_fifth  flex_column_div av-zero-column-padding  '     ><\/div>\n<style type=\"text\/css\" data-created_by=\"avia_inline_auto\" id=\"style-css-av-1ofk6-ae7c6e27596c935af3604de496b20437\">\n.flex_column.av-1ofk6-ae7c6e27596c935af3604de496b20437{\nborder-radius:0px 0px 0px 0px;\npadding:0px 0px 0px 0px;\n}\n<\/style>\n<div  class='flex_column av-1ofk6-ae7c6e27596c935af3604de496b20437 av_one_fifth  avia-builder-el-20  el_after_av_one_fifth  el_before_av_three_fifth  first flex_column_div av-zero-column-padding  column-top-margin'     ><\/div>\n<style type=\"text\/css\" data-created_by=\"avia_inline_auto\" id=\"style-css-av-1jgbe-3964d79985450d3ef0bbf7db00b3a527\">\n.flex_column.av-1jgbe-3964d79985450d3ef0bbf7db00b3a527{\nborder-radius:0px 0px 0px 0px;\npadding:0px 0px 0px 0px;\n}\n<\/style>\n<div  class='flex_column av-1jgbe-3964d79985450d3ef0bbf7db00b3a527 av_three_fifth  avia-builder-el-21  el_after_av_one_fifth  el_before_av_one_fifth  flex_column_div av-zero-column-padding  column-top-margin'     ><p>\n<style type=\"text\/css\" data-created_by=\"avia_inline_auto\" id=\"style-css-av-1on9j-22cd7ff7ca00c413005878d7f30e3031\">\n#top .av-special-heading.av-1on9j-22cd7ff7ca00c413005878d7f30e3031{\npadding-bottom:10px;\ncolor:#4c4c4c;\n}\nbody .av-special-heading.av-1on9j-22cd7ff7ca00c413005878d7f30e3031 .av-special-heading-tag .heading-char{\nfont-size:25px;\n}\n.av-special-heading.av-1on9j-22cd7ff7ca00c413005878d7f30e3031 .special-heading-inner-border{\nborder-color:#4c4c4c;\n}\n.av-special-heading.av-1on9j-22cd7ff7ca00c413005878d7f30e3031 .av-subheading{\nfont-size:15px;\n}\n<\/style>\n<div  class='av-special-heading av-1on9j-22cd7ff7ca00c413005878d7f30e3031 av-special-heading-h2 custom-color-heading blockquote modern-quote modern-centered  avia-builder-el-22  el_before_av_gallery  avia-builder-el-first '><h2 class='av-special-heading-tag '  itemprop=\"headline\"  >1990 \/ 2019<\/h2><div class=\"special-heading-border\"><div class=\"special-heading-inner-border\"><\/div><\/div><\/div><br \/>\n\n<style type=\"text\/css\" data-created_by=\"avia_inline_auto\" id=\"style-css-av-jy3a5k3c-b75448ef8077505658ec084267c0241f\">\n#top .avia-gallery.av-jy3a5k3c-b75448ef8077505658ec084267c0241f .avia-gallery-thumb a{\nwidth:25%;\n}\n<\/style>\n<div  class='avia-gallery av-jy3a5k3c-b75448ef8077505658ec084267c0241f avia_animate_when_visible  avia-builder-el-23  el_after_av_heading  el_before_av_hr  animations_off av-slideshow-ui av-loop-manual-endless av-control-hidden av-navigate-arrows av-navigate-dots hover-effect av-control-hidden avia-gallery-2'  itemprop=\"image\" itemscope=\"itemscope\" itemtype=\"https:\/\/schema.org\/ImageObject\" ><meta itemprop=\"contentURL\" content=\"https:\/\/bar-sur.com.ar\/en\/cultural-activities\/\"><div class='avia-gallery-big-wrapper'><a class='avia-gallery-big fakeLightbox lightbox avia-gallery-big-no-crop-thumb ' href=\"https:\/\/bar-sur.com.ar\/wp-content\/uploads\/2019\/07\/ACT-CULTURALES-CIRCUITO-TURISTICO-1.jpg\" data-srcset=\"https:\/\/bar-sur.com.ar\/wp-content\/uploads\/2019\/07\/ACT-CULTURALES-CIRCUITO-TURISTICO-1.jpg 800w, https:\/\/bar-sur.com.ar\/wp-content\/uploads\/2019\/07\/ACT-CULTURALES-CIRCUITO-TURISTICO-1-300x223.jpg 300w, https:\/\/bar-sur.com.ar\/wp-content\/uploads\/2019\/07\/ACT-CULTURALES-CIRCUITO-TURISTICO-1-768x570.jpg 768w, https:\/\/bar-sur.com.ar\/wp-content\/uploads\/2019\/07\/ACT-CULTURALES-CIRCUITO-TURISTICO-1-705x523.jpg 705w, https:\/\/bar-sur.com.ar\/wp-content\/uploads\/2019\/07\/ACT-CULTURALES-CIRCUITO-TURISTICO-1-450x334.jpg 450w\" data-sizes=\"(max-width: 800px) 100vw, 800px\"  data-onclick='1' title='Inauguraci\u00f3n Circuito Tur\u00edstico Oficial de San Telmo' ><span class='avia-gallery-big-inner'  itemprop=\"thumbnailUrl\" ><img decoding=\"async\" fetchpriority=\"high\" class=\"wp-image-1376 avia-img-lazy-loading-not-1376\"  width=\"800\" height=\"594\" src=\"https:\/\/bar-sur.com.ar\/wp-content\/uploads\/2019\/07\/ACT-CULTURALES-CIRCUITO-TURISTICO-1.jpg\" title='ACT-CULTURALES-CIRCUITO-TURISTICO-1' alt='' srcset=\"https:\/\/bar-sur.com.ar\/wp-content\/uploads\/2019\/07\/ACT-CULTURALES-CIRCUITO-TURISTICO-1.jpg 800w, https:\/\/bar-sur.com.ar\/wp-content\/uploads\/2019\/07\/ACT-CULTURALES-CIRCUITO-TURISTICO-1-300x223.jpg 300w, https:\/\/bar-sur.com.ar\/wp-content\/uploads\/2019\/07\/ACT-CULTURALES-CIRCUITO-TURISTICO-1-768x570.jpg 768w, https:\/\/bar-sur.com.ar\/wp-content\/uploads\/2019\/07\/ACT-CULTURALES-CIRCUITO-TURISTICO-1-705x523.jpg 705w, https:\/\/bar-sur.com.ar\/wp-content\/uploads\/2019\/07\/ACT-CULTURALES-CIRCUITO-TURISTICO-1-450x334.jpg 450w\" sizes=\"(max-width: 800px) 100vw, 800px\" \/><span class='avia-gallery-caption'>Inauguraci\u00f3n Circuito Tur\u00edstico Oficial de San Telmo<\/span><\/span><\/a><\/div><div class='avia-gallery-thumb'><a href=\"https:\/\/bar-sur.com.ar\/wp-content\/uploads\/2019\/07\/ACT-CULTURALES-CIRCUITO-TURISTICO-1.jpg\" data-srcset=\"https:\/\/bar-sur.com.ar\/wp-content\/uploads\/2019\/07\/ACT-CULTURALES-CIRCUITO-TURISTICO-1.jpg 800w, https:\/\/bar-sur.com.ar\/wp-content\/uploads\/2019\/07\/ACT-CULTURALES-CIRCUITO-TURISTICO-1-300x223.jpg 300w, https:\/\/bar-sur.com.ar\/wp-content\/uploads\/2019\/07\/ACT-CULTURALES-CIRCUITO-TURISTICO-1-768x570.jpg 768w, https:\/\/bar-sur.com.ar\/wp-content\/uploads\/2019\/07\/ACT-CULTURALES-CIRCUITO-TURISTICO-1-705x523.jpg 705w, https:\/\/bar-sur.com.ar\/wp-content\/uploads\/2019\/07\/ACT-CULTURALES-CIRCUITO-TURISTICO-1-450x334.jpg 450w\" data-sizes=\"(max-width: 800px) 100vw, 800px\" data-rel='gallery-2' data-prev-img='https:\/\/bar-sur.com.ar\/wp-content\/uploads\/2019\/07\/ACT-CULTURALES-CIRCUITO-TURISTICO-1.jpg' class='first_thumb lightbox ' data-onclick='1' title='Inauguraci\u00f3n Circuito Tur\u00edstico Oficial de San Telmo'  itemprop=\"thumbnailUrl\"  ><img decoding=\"async\" fetchpriority=\"high\" class=\"wp-image-1376 avia-img-lazy-loading-not-1376\"  data-avia-tooltip='Inauguraci\u00f3n Circuito Tur\u00edstico Oficial de San Telmo' src=\"https:\/\/bar-sur.com.ar\/wp-content\/uploads\/2019\/07\/ACT-CULTURALES-CIRCUITO-TURISTICO-1-495x400.jpg\" width=\"495\" height=\"400\"  title='ACT-CULTURALES-CIRCUITO-TURISTICO-1' alt='' \/><div class='big-prev-fake'><img decoding=\"async\" loading=\"lazy\" class=\"wp-image-1376 avia-img-lazy-loading-1376\"  width=\"800\" height=\"594\" src=\"https:\/\/bar-sur.com.ar\/wp-content\/uploads\/2019\/07\/ACT-CULTURALES-CIRCUITO-TURISTICO-1.jpg\" title='ACT-CULTURALES-CIRCUITO-TURISTICO-1' alt='' srcset=\"https:\/\/bar-sur.com.ar\/wp-content\/uploads\/2019\/07\/ACT-CULTURALES-CIRCUITO-TURISTICO-1.jpg 800w, https:\/\/bar-sur.com.ar\/wp-content\/uploads\/2019\/07\/ACT-CULTURALES-CIRCUITO-TURISTICO-1-300x223.jpg 300w, https:\/\/bar-sur.com.ar\/wp-content\/uploads\/2019\/07\/ACT-CULTURALES-CIRCUITO-TURISTICO-1-768x570.jpg 768w, https:\/\/bar-sur.com.ar\/wp-content\/uploads\/2019\/07\/ACT-CULTURALES-CIRCUITO-TURISTICO-1-705x523.jpg 705w, https:\/\/bar-sur.com.ar\/wp-content\/uploads\/2019\/07\/ACT-CULTURALES-CIRCUITO-TURISTICO-1-450x334.jpg 450w\" sizes=\"auto, (max-width: 800px) 100vw, 800px\" \/><\/div><\/a><a href=\"https:\/\/bar-sur.com.ar\/wp-content\/uploads\/2019\/07\/ACT-CULTURALES-CIRCUITO-TURISTICO-2.jpg\" data-srcset=\"https:\/\/bar-sur.com.ar\/wp-content\/uploads\/2019\/07\/ACT-CULTURALES-CIRCUITO-TURISTICO-2.jpg 800w, https:\/\/bar-sur.com.ar\/wp-content\/uploads\/2019\/07\/ACT-CULTURALES-CIRCUITO-TURISTICO-2-300x223.jpg 300w, https:\/\/bar-sur.com.ar\/wp-content\/uploads\/2019\/07\/ACT-CULTURALES-CIRCUITO-TURISTICO-2-768x570.jpg 768w, https:\/\/bar-sur.com.ar\/wp-content\/uploads\/2019\/07\/ACT-CULTURALES-CIRCUITO-TURISTICO-2-705x523.jpg 705w, https:\/\/bar-sur.com.ar\/wp-content\/uploads\/2019\/07\/ACT-CULTURALES-CIRCUITO-TURISTICO-2-450x334.jpg 450w\" data-sizes=\"(max-width: 800px) 100vw, 800px\" data-rel='gallery-2' data-prev-img='https:\/\/bar-sur.com.ar\/wp-content\/uploads\/2019\/07\/ACT-CULTURALES-CIRCUITO-TURISTICO-2.jpg' class='lightbox ' data-onclick='2' title='Inauguraci\u00f3n Circuito Tur\u00edstico Oficial de San Telmo'  itemprop=\"thumbnailUrl\"  ><img decoding=\"async\" fetchpriority=\"high\" class=\"wp-image-1378 avia-img-lazy-loading-not-1378\"  data-avia-tooltip='Inauguraci\u00f3n Circuito Tur\u00edstico Oficial de San Telmo' src=\"https:\/\/bar-sur.com.ar\/wp-content\/uploads\/2019\/07\/ACT-CULTURALES-CIRCUITO-TURISTICO-2-495x400.jpg\" width=\"495\" height=\"400\"  title='ACT-CULTURALES-CIRCUITO-TURISTICO-2' alt='' \/><div class='big-prev-fake'><img decoding=\"async\" loading=\"lazy\" class=\"wp-image-1378 avia-img-lazy-loading-1378\"  width=\"800\" height=\"594\" src=\"https:\/\/bar-sur.com.ar\/wp-content\/uploads\/2019\/07\/ACT-CULTURALES-CIRCUITO-TURISTICO-2.jpg\" title='ACT-CULTURALES-CIRCUITO-TURISTICO-2' alt='' srcset=\"https:\/\/bar-sur.com.ar\/wp-content\/uploads\/2019\/07\/ACT-CULTURALES-CIRCUITO-TURISTICO-2.jpg 800w, https:\/\/bar-sur.com.ar\/wp-content\/uploads\/2019\/07\/ACT-CULTURALES-CIRCUITO-TURISTICO-2-300x223.jpg 300w, https:\/\/bar-sur.com.ar\/wp-content\/uploads\/2019\/07\/ACT-CULTURALES-CIRCUITO-TURISTICO-2-768x570.jpg 768w, https:\/\/bar-sur.com.ar\/wp-content\/uploads\/2019\/07\/ACT-CULTURALES-CIRCUITO-TURISTICO-2-705x523.jpg 705w, https:\/\/bar-sur.com.ar\/wp-content\/uploads\/2019\/07\/ACT-CULTURALES-CIRCUITO-TURISTICO-2-450x334.jpg 450w\" sizes=\"auto, (max-width: 800px) 100vw, 800px\" \/><\/div><\/a><a href=\"https:\/\/bar-sur.com.ar\/wp-content\/uploads\/2019\/07\/ACT-CULTURALES-CONCURSO-2.jpg\" data-srcset=\"https:\/\/bar-sur.com.ar\/wp-content\/uploads\/2019\/07\/ACT-CULTURALES-CONCURSO-2.jpg 800w, https:\/\/bar-sur.com.ar\/wp-content\/uploads\/2019\/07\/ACT-CULTURALES-CONCURSO-2-300x223.jpg 300w, https:\/\/bar-sur.com.ar\/wp-content\/uploads\/2019\/07\/ACT-CULTURALES-CONCURSO-2-768x570.jpg 768w, https:\/\/bar-sur.com.ar\/wp-content\/uploads\/2019\/07\/ACT-CULTURALES-CONCURSO-2-705x523.jpg 705w, https:\/\/bar-sur.com.ar\/wp-content\/uploads\/2019\/07\/ACT-CULTURALES-CONCURSO-2-450x334.jpg 450w\" data-sizes=\"(max-width: 800px) 100vw, 800px\" data-rel='gallery-2' data-prev-img='https:\/\/bar-sur.com.ar\/wp-content\/uploads\/2019\/07\/ACT-CULTURALES-CONCURSO-2.jpg' class='lightbox ' data-onclick='3' title='Concurso Tango 2000 &#8211; C.C.Recoleta'  itemprop=\"thumbnailUrl\"  ><img decoding=\"async\" fetchpriority=\"high\" class=\"wp-image-1398 avia-img-lazy-loading-not-1398\"  data-avia-tooltip='Concurso Tango 2000 &#8211; C.C.Recoleta' src=\"https:\/\/bar-sur.com.ar\/wp-content\/uploads\/2019\/07\/ACT-CULTURALES-CONCURSO-2-495x400.jpg\" width=\"495\" height=\"400\"  title='ACT-CULTURALES-CONCURSO-2' alt='' \/><div class='big-prev-fake'><img decoding=\"async\" loading=\"lazy\" class=\"wp-image-1398 avia-img-lazy-loading-1398\"  width=\"800\" height=\"594\" src=\"https:\/\/bar-sur.com.ar\/wp-content\/uploads\/2019\/07\/ACT-CULTURALES-CONCURSO-2.jpg\" title='ACT-CULTURALES-CONCURSO-2' alt='' srcset=\"https:\/\/bar-sur.com.ar\/wp-content\/uploads\/2019\/07\/ACT-CULTURALES-CONCURSO-2.jpg 800w, https:\/\/bar-sur.com.ar\/wp-content\/uploads\/2019\/07\/ACT-CULTURALES-CONCURSO-2-300x223.jpg 300w, https:\/\/bar-sur.com.ar\/wp-content\/uploads\/2019\/07\/ACT-CULTURALES-CONCURSO-2-768x570.jpg 768w, https:\/\/bar-sur.com.ar\/wp-content\/uploads\/2019\/07\/ACT-CULTURALES-CONCURSO-2-705x523.jpg 705w, https:\/\/bar-sur.com.ar\/wp-content\/uploads\/2019\/07\/ACT-CULTURALES-CONCURSO-2-450x334.jpg 450w\" sizes=\"auto, (max-width: 800px) 100vw, 800px\" \/><\/div><\/a><a href=\"https:\/\/bar-sur.com.ar\/wp-content\/uploads\/2019\/07\/ACT-CULTURALES-CONCURSO-4.jpg\" data-srcset=\"https:\/\/bar-sur.com.ar\/wp-content\/uploads\/2019\/07\/ACT-CULTURALES-CONCURSO-4.jpg 800w, https:\/\/bar-sur.com.ar\/wp-content\/uploads\/2019\/07\/ACT-CULTURALES-CONCURSO-4-300x223.jpg 300w, https:\/\/bar-sur.com.ar\/wp-content\/uploads\/2019\/07\/ACT-CULTURALES-CONCURSO-4-768x570.jpg 768w, https:\/\/bar-sur.com.ar\/wp-content\/uploads\/2019\/07\/ACT-CULTURALES-CONCURSO-4-705x523.jpg 705w, https:\/\/bar-sur.com.ar\/wp-content\/uploads\/2019\/07\/ACT-CULTURALES-CONCURSO-4-450x334.jpg 450w\" data-sizes=\"(max-width: 800px) 100vw, 800px\" data-rel='gallery-2' data-prev-img='https:\/\/bar-sur.com.ar\/wp-content\/uploads\/2019\/07\/ACT-CULTURALES-CONCURSO-4.jpg' class='lightbox ' data-onclick='4' title='Concurso Tango 2000 &#8211; C.C.Recoleta'  itemprop=\"thumbnailUrl\"  ><img decoding=\"async\" fetchpriority=\"high\" class=\"wp-image-1402 avia-img-lazy-loading-not-1402\"  data-avia-tooltip='Concurso Tango 2000 &#8211; C.C.Recoleta' src=\"https:\/\/bar-sur.com.ar\/wp-content\/uploads\/2019\/07\/ACT-CULTURALES-CONCURSO-4-495x400.jpg\" width=\"495\" height=\"400\"  title='ACT-CULTURALES-CONCURSO-4' alt='' \/><div class='big-prev-fake'><img decoding=\"async\" loading=\"lazy\" class=\"wp-image-1402 avia-img-lazy-loading-1402\"  width=\"800\" height=\"594\" src=\"https:\/\/bar-sur.com.ar\/wp-content\/uploads\/2019\/07\/ACT-CULTURALES-CONCURSO-4.jpg\" title='ACT-CULTURALES-CONCURSO-4' alt='' srcset=\"https:\/\/bar-sur.com.ar\/wp-content\/uploads\/2019\/07\/ACT-CULTURALES-CONCURSO-4.jpg 800w, https:\/\/bar-sur.com.ar\/wp-content\/uploads\/2019\/07\/ACT-CULTURALES-CONCURSO-4-300x223.jpg 300w, https:\/\/bar-sur.com.ar\/wp-content\/uploads\/2019\/07\/ACT-CULTURALES-CONCURSO-4-768x570.jpg 768w, https:\/\/bar-sur.com.ar\/wp-content\/uploads\/2019\/07\/ACT-CULTURALES-CONCURSO-4-705x523.jpg 705w, https:\/\/bar-sur.com.ar\/wp-content\/uploads\/2019\/07\/ACT-CULTURALES-CONCURSO-4-450x334.jpg 450w\" sizes=\"auto, (max-width: 800px) 100vw, 800px\" \/><\/div><\/a><a href=\"https:\/\/bar-sur.com.ar\/wp-content\/uploads\/2019\/07\/ACT-CULTURALES-CONCURSO-1.jpg\" data-srcset=\"https:\/\/bar-sur.com.ar\/wp-content\/uploads\/2019\/07\/ACT-CULTURALES-CONCURSO-1.jpg 800w, https:\/\/bar-sur.com.ar\/wp-content\/uploads\/2019\/07\/ACT-CULTURALES-CONCURSO-1-300x223.jpg 300w, https:\/\/bar-sur.com.ar\/wp-content\/uploads\/2019\/07\/ACT-CULTURALES-CONCURSO-1-768x570.jpg 768w, https:\/\/bar-sur.com.ar\/wp-content\/uploads\/2019\/07\/ACT-CULTURALES-CONCURSO-1-705x523.jpg 705w, https:\/\/bar-sur.com.ar\/wp-content\/uploads\/2019\/07\/ACT-CULTURALES-CONCURSO-1-450x334.jpg 450w\" data-sizes=\"(max-width: 800px) 100vw, 800px\" data-rel='gallery-2' data-prev-img='https:\/\/bar-sur.com.ar\/wp-content\/uploads\/2019\/07\/ACT-CULTURALES-CONCURSO-1.jpg' class='first_thumb lightbox ' data-onclick='5' title='Concurso Tango 2000 &#8211; C.C.Recoleta'  itemprop=\"thumbnailUrl\"  ><img decoding=\"async\" fetchpriority=\"high\" class=\"wp-image-1396 avia-img-lazy-loading-not-1396\"  data-avia-tooltip='Concurso Tango 2000 &#8211; C.C.Recoleta' src=\"https:\/\/bar-sur.com.ar\/wp-content\/uploads\/2019\/07\/ACT-CULTURALES-CONCURSO-1-495x400.jpg\" width=\"495\" height=\"400\"  title='ACT-CULTURALES-CONCURSO-1' alt='' \/><div class='big-prev-fake'><img decoding=\"async\" loading=\"lazy\" class=\"wp-image-1396 avia-img-lazy-loading-1396\"  width=\"800\" height=\"594\" src=\"https:\/\/bar-sur.com.ar\/wp-content\/uploads\/2019\/07\/ACT-CULTURALES-CONCURSO-1.jpg\" title='ACT-CULTURALES-CONCURSO-1' alt='' srcset=\"https:\/\/bar-sur.com.ar\/wp-content\/uploads\/2019\/07\/ACT-CULTURALES-CONCURSO-1.jpg 800w, https:\/\/bar-sur.com.ar\/wp-content\/uploads\/2019\/07\/ACT-CULTURALES-CONCURSO-1-300x223.jpg 300w, https:\/\/bar-sur.com.ar\/wp-content\/uploads\/2019\/07\/ACT-CULTURALES-CONCURSO-1-768x570.jpg 768w, https:\/\/bar-sur.com.ar\/wp-content\/uploads\/2019\/07\/ACT-CULTURALES-CONCURSO-1-705x523.jpg 705w, https:\/\/bar-sur.com.ar\/wp-content\/uploads\/2019\/07\/ACT-CULTURALES-CONCURSO-1-450x334.jpg 450w\" sizes=\"auto, (max-width: 800px) 100vw, 800px\" \/><\/div><\/a><a href=\"https:\/\/bar-sur.com.ar\/wp-content\/uploads\/2019\/07\/ACT-CULTURALES-CONCURSO-3.jpg\" data-srcset=\"https:\/\/bar-sur.com.ar\/wp-content\/uploads\/2019\/07\/ACT-CULTURALES-CONCURSO-3.jpg 800w, https:\/\/bar-sur.com.ar\/wp-content\/uploads\/2019\/07\/ACT-CULTURALES-CONCURSO-3-300x223.jpg 300w, https:\/\/bar-sur.com.ar\/wp-content\/uploads\/2019\/07\/ACT-CULTURALES-CONCURSO-3-768x570.jpg 768w, https:\/\/bar-sur.com.ar\/wp-content\/uploads\/2019\/07\/ACT-CULTURALES-CONCURSO-3-705x523.jpg 705w, https:\/\/bar-sur.com.ar\/wp-content\/uploads\/2019\/07\/ACT-CULTURALES-CONCURSO-3-450x334.jpg 450w\" data-sizes=\"(max-width: 800px) 100vw, 800px\" data-rel='gallery-2' data-prev-img='https:\/\/bar-sur.com.ar\/wp-content\/uploads\/2019\/07\/ACT-CULTURALES-CONCURSO-3.jpg' class='lightbox ' data-onclick='6' title='Concurso Tango 2000 &#8211; C.C.Recoleta'  itemprop=\"thumbnailUrl\"  ><img decoding=\"async\" fetchpriority=\"high\" class=\"wp-image-1400 avia-img-lazy-loading-not-1400\"  data-avia-tooltip='Concurso Tango 2000 &#8211; C.C.Recoleta' src=\"https:\/\/bar-sur.com.ar\/wp-content\/uploads\/2019\/07\/ACT-CULTURALES-CONCURSO-3-495x400.jpg\" width=\"495\" height=\"400\"  title='ACT-CULTURALES-CONCURSO-3' alt='' \/><div class='big-prev-fake'><img decoding=\"async\" loading=\"lazy\" class=\"wp-image-1400 avia-img-lazy-loading-1400\"  width=\"800\" height=\"594\" src=\"https:\/\/bar-sur.com.ar\/wp-content\/uploads\/2019\/07\/ACT-CULTURALES-CONCURSO-3.jpg\" title='ACT-CULTURALES-CONCURSO-3' alt='' srcset=\"https:\/\/bar-sur.com.ar\/wp-content\/uploads\/2019\/07\/ACT-CULTURALES-CONCURSO-3.jpg 800w, https:\/\/bar-sur.com.ar\/wp-content\/uploads\/2019\/07\/ACT-CULTURALES-CONCURSO-3-300x223.jpg 300w, https:\/\/bar-sur.com.ar\/wp-content\/uploads\/2019\/07\/ACT-CULTURALES-CONCURSO-3-768x570.jpg 768w, https:\/\/bar-sur.com.ar\/wp-content\/uploads\/2019\/07\/ACT-CULTURALES-CONCURSO-3-705x523.jpg 705w, https:\/\/bar-sur.com.ar\/wp-content\/uploads\/2019\/07\/ACT-CULTURALES-CONCURSO-3-450x334.jpg 450w\" sizes=\"auto, (max-width: 800px) 100vw, 800px\" \/><\/div><\/a><a href=\"https:\/\/bar-sur.com.ar\/wp-content\/uploads\/2019\/07\/ACT-CULTURALES-TERTULIAS-1.jpg\" data-srcset=\"https:\/\/bar-sur.com.ar\/wp-content\/uploads\/2019\/07\/ACT-CULTURALES-TERTULIAS-1.jpg 800w, https:\/\/bar-sur.com.ar\/wp-content\/uploads\/2019\/07\/ACT-CULTURALES-TERTULIAS-1-300x223.jpg 300w, https:\/\/bar-sur.com.ar\/wp-content\/uploads\/2019\/07\/ACT-CULTURALES-TERTULIAS-1-768x570.jpg 768w, https:\/\/bar-sur.com.ar\/wp-content\/uploads\/2019\/07\/ACT-CULTURALES-TERTULIAS-1-705x523.jpg 705w, https:\/\/bar-sur.com.ar\/wp-content\/uploads\/2019\/07\/ACT-CULTURALES-TERTULIAS-1-450x334.jpg 450w\" data-sizes=\"(max-width: 800px) 100vw, 800px\" data-rel='gallery-2' data-prev-img='https:\/\/bar-sur.com.ar\/wp-content\/uploads\/2019\/07\/ACT-CULTURALES-TERTULIAS-1.jpg' class='lightbox ' data-onclick='7' title='Tertulias &#8211; Bar Sur'  itemprop=\"thumbnailUrl\"  ><img decoding=\"async\" fetchpriority=\"high\" class=\"wp-image-1382 avia-img-lazy-loading-not-1382\"  data-avia-tooltip='Tertulias &#8211; Bar Sur' src=\"https:\/\/bar-sur.com.ar\/wp-content\/uploads\/2019\/07\/ACT-CULTURALES-TERTULIAS-1-495x400.jpg\" width=\"495\" height=\"400\"  title='ACT-CULTURALES-TERTULIAS-1' alt='' \/><div class='big-prev-fake'><img decoding=\"async\" loading=\"lazy\" class=\"wp-image-1382 avia-img-lazy-loading-1382\"  width=\"800\" height=\"594\" src=\"https:\/\/bar-sur.com.ar\/wp-content\/uploads\/2019\/07\/ACT-CULTURALES-TERTULIAS-1.jpg\" title='ACT-CULTURALES-TERTULIAS-1' alt='' srcset=\"https:\/\/bar-sur.com.ar\/wp-content\/uploads\/2019\/07\/ACT-CULTURALES-TERTULIAS-1.jpg 800w, https:\/\/bar-sur.com.ar\/wp-content\/uploads\/2019\/07\/ACT-CULTURALES-TERTULIAS-1-300x223.jpg 300w, https:\/\/bar-sur.com.ar\/wp-content\/uploads\/2019\/07\/ACT-CULTURALES-TERTULIAS-1-768x570.jpg 768w, https:\/\/bar-sur.com.ar\/wp-content\/uploads\/2019\/07\/ACT-CULTURALES-TERTULIAS-1-705x523.jpg 705w, https:\/\/bar-sur.com.ar\/wp-content\/uploads\/2019\/07\/ACT-CULTURALES-TERTULIAS-1-450x334.jpg 450w\" sizes=\"auto, (max-width: 800px) 100vw, 800px\" \/><\/div><\/a><a href=\"https:\/\/bar-sur.com.ar\/wp-content\/uploads\/2019\/07\/ACT-CULTURALES-PINTORES.jpg\" data-srcset=\"https:\/\/bar-sur.com.ar\/wp-content\/uploads\/2019\/07\/ACT-CULTURALES-PINTORES.jpg 800w, https:\/\/bar-sur.com.ar\/wp-content\/uploads\/2019\/07\/ACT-CULTURALES-PINTORES-300x223.jpg 300w, https:\/\/bar-sur.com.ar\/wp-content\/uploads\/2019\/07\/ACT-CULTURALES-PINTORES-768x570.jpg 768w, https:\/\/bar-sur.com.ar\/wp-content\/uploads\/2019\/07\/ACT-CULTURALES-PINTORES-705x523.jpg 705w, https:\/\/bar-sur.com.ar\/wp-content\/uploads\/2019\/07\/ACT-CULTURALES-PINTORES-450x334.jpg 450w\" data-sizes=\"(max-width: 800px) 100vw, 800px\" data-rel='gallery-2' data-prev-img='https:\/\/bar-sur.com.ar\/wp-content\/uploads\/2019\/07\/ACT-CULTURALES-PINTORES.jpg' class='lightbox ' data-onclick='8' title='Encuentro de pintores'  itemprop=\"thumbnailUrl\"  ><img decoding=\"async\" fetchpriority=\"high\" class=\"wp-image-1394 avia-img-lazy-loading-not-1394\"  data-avia-tooltip='Encuentro de pintores' src=\"https:\/\/bar-sur.com.ar\/wp-content\/uploads\/2019\/07\/ACT-CULTURALES-PINTORES-495x400.jpg\" width=\"495\" height=\"400\"  title='ACT-CULTURALES-PINTORES' alt='' \/><div class='big-prev-fake'><img decoding=\"async\" loading=\"lazy\" class=\"wp-image-1394 avia-img-lazy-loading-1394\"  width=\"800\" height=\"594\" src=\"https:\/\/bar-sur.com.ar\/wp-content\/uploads\/2019\/07\/ACT-CULTURALES-PINTORES.jpg\" title='ACT-CULTURALES-PINTORES' alt='' srcset=\"https:\/\/bar-sur.com.ar\/wp-content\/uploads\/2019\/07\/ACT-CULTURALES-PINTORES.jpg 800w, https:\/\/bar-sur.com.ar\/wp-content\/uploads\/2019\/07\/ACT-CULTURALES-PINTORES-300x223.jpg 300w, https:\/\/bar-sur.com.ar\/wp-content\/uploads\/2019\/07\/ACT-CULTURALES-PINTORES-768x570.jpg 768w, https:\/\/bar-sur.com.ar\/wp-content\/uploads\/2019\/07\/ACT-CULTURALES-PINTORES-705x523.jpg 705w, https:\/\/bar-sur.com.ar\/wp-content\/uploads\/2019\/07\/ACT-CULTURALES-PINTORES-450x334.jpg 450w\" sizes=\"auto, (max-width: 800px) 100vw, 800px\" \/><\/div><\/a><a href=\"https:\/\/bar-sur.com.ar\/wp-content\/uploads\/2019\/07\/ACT-CULTURALES-CRUCIANI.jpg\" data-srcset=\"https:\/\/bar-sur.com.ar\/wp-content\/uploads\/2019\/07\/ACT-CULTURALES-CRUCIANI.jpg 800w, https:\/\/bar-sur.com.ar\/wp-content\/uploads\/2019\/07\/ACT-CULTURALES-CRUCIANI-300x223.jpg 300w, https:\/\/bar-sur.com.ar\/wp-content\/uploads\/2019\/07\/ACT-CULTURALES-CRUCIANI-768x570.jpg 768w, https:\/\/bar-sur.com.ar\/wp-content\/uploads\/2019\/07\/ACT-CULTURALES-CRUCIANI-705x523.jpg 705w, https:\/\/bar-sur.com.ar\/wp-content\/uploads\/2019\/07\/ACT-CULTURALES-CRUCIANI-450x334.jpg 450w\" data-sizes=\"(max-width: 800px) 100vw, 800px\" data-rel='gallery-2' data-prev-img='https:\/\/bar-sur.com.ar\/wp-content\/uploads\/2019\/07\/ACT-CULTURALES-CRUCIANI.jpg' class='first_thumb lightbox ' data-onclick='9' title='Acto Juez Julio Cruziani'  itemprop=\"thumbnailUrl\"  ><img decoding=\"async\" fetchpriority=\"high\" class=\"wp-image-1412 avia-img-lazy-loading-not-1412\"  data-avia-tooltip='Acto Juez Julio Cruziani' src=\"https:\/\/bar-sur.com.ar\/wp-content\/uploads\/2019\/07\/ACT-CULTURALES-CRUCIANI-495x400.jpg\" width=\"495\" height=\"400\"  title='Acto Juez Julio Cruziani' alt='Acto Juez Julio Cruziani' \/><div class='big-prev-fake'><img decoding=\"async\" loading=\"lazy\" class=\"wp-image-1412 avia-img-lazy-loading-1412\"  width=\"800\" height=\"594\" src=\"https:\/\/bar-sur.com.ar\/wp-content\/uploads\/2019\/07\/ACT-CULTURALES-CRUCIANI.jpg\" title='Acto Juez Julio Cruziani' alt='Acto Juez Julio Cruziani' srcset=\"https:\/\/bar-sur.com.ar\/wp-content\/uploads\/2019\/07\/ACT-CULTURALES-CRUCIANI.jpg 800w, https:\/\/bar-sur.com.ar\/wp-content\/uploads\/2019\/07\/ACT-CULTURALES-CRUCIANI-300x223.jpg 300w, https:\/\/bar-sur.com.ar\/wp-content\/uploads\/2019\/07\/ACT-CULTURALES-CRUCIANI-768x570.jpg 768w, https:\/\/bar-sur.com.ar\/wp-content\/uploads\/2019\/07\/ACT-CULTURALES-CRUCIANI-705x523.jpg 705w, https:\/\/bar-sur.com.ar\/wp-content\/uploads\/2019\/07\/ACT-CULTURALES-CRUCIANI-450x334.jpg 450w\" sizes=\"auto, (max-width: 800px) 100vw, 800px\" \/><\/div><\/a><a href=\"https:\/\/bar-sur.com.ar\/wp-content\/uploads\/2019\/07\/ACT-CULTURALES-POETAS.jpg\" data-srcset=\"https:\/\/bar-sur.com.ar\/wp-content\/uploads\/2019\/07\/ACT-CULTURALES-POETAS.jpg 800w, https:\/\/bar-sur.com.ar\/wp-content\/uploads\/2019\/07\/ACT-CULTURALES-POETAS-300x223.jpg 300w, https:\/\/bar-sur.com.ar\/wp-content\/uploads\/2019\/07\/ACT-CULTURALES-POETAS-768x570.jpg 768w, https:\/\/bar-sur.com.ar\/wp-content\/uploads\/2019\/07\/ACT-CULTURALES-POETAS-705x523.jpg 705w, https:\/\/bar-sur.com.ar\/wp-content\/uploads\/2019\/07\/ACT-CULTURALES-POETAS-450x334.jpg 450w\" data-sizes=\"(max-width: 800px) 100vw, 800px\" data-rel='gallery-2' data-prev-img='https:\/\/bar-sur.com.ar\/wp-content\/uploads\/2019\/07\/ACT-CULTURALES-POETAS.jpg' class='lightbox ' data-onclick='10' title='Encuentro de Poetas'  itemprop=\"thumbnailUrl\"  ><img decoding=\"async\" fetchpriority=\"high\" class=\"wp-image-1392 avia-img-lazy-loading-not-1392\"  data-avia-tooltip='Encuentro de Poetas' src=\"https:\/\/bar-sur.com.ar\/wp-content\/uploads\/2019\/07\/ACT-CULTURALES-POETAS-495x400.jpg\" width=\"495\" height=\"400\"  title='Encuentro de Poetas' alt='Encuentro de Poetas' \/><div class='big-prev-fake'><img decoding=\"async\" loading=\"lazy\" class=\"wp-image-1392 avia-img-lazy-loading-1392\"  width=\"800\" height=\"594\" src=\"https:\/\/bar-sur.com.ar\/wp-content\/uploads\/2019\/07\/ACT-CULTURALES-POETAS.jpg\" title='Encuentro de Poetas' alt='Encuentro de Poetas' srcset=\"https:\/\/bar-sur.com.ar\/wp-content\/uploads\/2019\/07\/ACT-CULTURALES-POETAS.jpg 800w, https:\/\/bar-sur.com.ar\/wp-content\/uploads\/2019\/07\/ACT-CULTURALES-POETAS-300x223.jpg 300w, https:\/\/bar-sur.com.ar\/wp-content\/uploads\/2019\/07\/ACT-CULTURALES-POETAS-768x570.jpg 768w, https:\/\/bar-sur.com.ar\/wp-content\/uploads\/2019\/07\/ACT-CULTURALES-POETAS-705x523.jpg 705w, https:\/\/bar-sur.com.ar\/wp-content\/uploads\/2019\/07\/ACT-CULTURALES-POETAS-450x334.jpg 450w\" sizes=\"auto, (max-width: 800px) 100vw, 800px\" \/><\/div><\/a><a href=\"https:\/\/bar-sur.com.ar\/wp-content\/uploads\/2019\/07\/ACT-CULTURALES-DENEVI.jpg\" data-srcset=\"https:\/\/bar-sur.com.ar\/wp-content\/uploads\/2019\/07\/ACT-CULTURALES-DENEVI.jpg 800w, https:\/\/bar-sur.com.ar\/wp-content\/uploads\/2019\/07\/ACT-CULTURALES-DENEVI-300x223.jpg 300w, https:\/\/bar-sur.com.ar\/wp-content\/uploads\/2019\/07\/ACT-CULTURALES-DENEVI-768x570.jpg 768w, https:\/\/bar-sur.com.ar\/wp-content\/uploads\/2019\/07\/ACT-CULTURALES-DENEVI-705x523.jpg 705w, https:\/\/bar-sur.com.ar\/wp-content\/uploads\/2019\/07\/ACT-CULTURALES-DENEVI-450x334.jpg 450w\" data-sizes=\"(max-width: 800px) 100vw, 800px\" data-rel='gallery-2' data-prev-img='https:\/\/bar-sur.com.ar\/wp-content\/uploads\/2019\/07\/ACT-CULTURALES-DENEVI.jpg' class='lightbox ' data-onclick='11' title='Marco Denevi'  itemprop=\"thumbnailUrl\"  ><img decoding=\"async\" fetchpriority=\"high\" class=\"wp-image-1386 avia-img-lazy-loading-not-1386\"  data-avia-tooltip='Marco Denevi' src=\"https:\/\/bar-sur.com.ar\/wp-content\/uploads\/2019\/07\/ACT-CULTURALES-DENEVI-495x400.jpg\" width=\"495\" height=\"400\"  title='Marco Denevi' alt='Marco Denevi' \/><div class='big-prev-fake'><img decoding=\"async\" loading=\"lazy\" class=\"wp-image-1386 avia-img-lazy-loading-1386\"  width=\"800\" height=\"594\" src=\"https:\/\/bar-sur.com.ar\/wp-content\/uploads\/2019\/07\/ACT-CULTURALES-DENEVI.jpg\" title='Marco Denevi' alt='Marco Denevi' srcset=\"https:\/\/bar-sur.com.ar\/wp-content\/uploads\/2019\/07\/ACT-CULTURALES-DENEVI.jpg 800w, https:\/\/bar-sur.com.ar\/wp-content\/uploads\/2019\/07\/ACT-CULTURALES-DENEVI-300x223.jpg 300w, https:\/\/bar-sur.com.ar\/wp-content\/uploads\/2019\/07\/ACT-CULTURALES-DENEVI-768x570.jpg 768w, https:\/\/bar-sur.com.ar\/wp-content\/uploads\/2019\/07\/ACT-CULTURALES-DENEVI-705x523.jpg 705w, https:\/\/bar-sur.com.ar\/wp-content\/uploads\/2019\/07\/ACT-CULTURALES-DENEVI-450x334.jpg 450w\" sizes=\"auto, (max-width: 800px) 100vw, 800px\" \/><\/div><\/a><a href=\"https:\/\/bar-sur.com.ar\/wp-content\/uploads\/2019\/07\/ACT-CULTURALES-PUGLIESE.jpg\" data-srcset=\"https:\/\/bar-sur.com.ar\/wp-content\/uploads\/2019\/07\/ACT-CULTURALES-PUGLIESE.jpg 800w, https:\/\/bar-sur.com.ar\/wp-content\/uploads\/2019\/07\/ACT-CULTURALES-PUGLIESE-300x223.jpg 300w, https:\/\/bar-sur.com.ar\/wp-content\/uploads\/2019\/07\/ACT-CULTURALES-PUGLIESE-768x570.jpg 768w, https:\/\/bar-sur.com.ar\/wp-content\/uploads\/2019\/07\/ACT-CULTURALES-PUGLIESE-705x523.jpg 705w, https:\/\/bar-sur.com.ar\/wp-content\/uploads\/2019\/07\/ACT-CULTURALES-PUGLIESE-450x334.jpg 450w\" data-sizes=\"(max-width: 800px) 100vw, 800px\" data-rel='gallery-2' data-prev-img='https:\/\/bar-sur.com.ar\/wp-content\/uploads\/2019\/07\/ACT-CULTURALES-PUGLIESE.jpg' class='lightbox ' data-onclick='12' title='Homenaje a Osvaldo Pugliese'  itemprop=\"thumbnailUrl\"  ><img decoding=\"async\" fetchpriority=\"high\" class=\"wp-image-1384 avia-img-lazy-loading-not-1384\"  data-avia-tooltip='Homenaje a Osvaldo Pugliese' src=\"https:\/\/bar-sur.com.ar\/wp-content\/uploads\/2019\/07\/ACT-CULTURALES-PUGLIESE-495x400.jpg\" width=\"495\" height=\"400\"  title='Homenaje a Osvaldo Pugliese' alt='Homenaje a Osvaldo Pugliese' \/><div class='big-prev-fake'><img decoding=\"async\" loading=\"lazy\" class=\"wp-image-1384 avia-img-lazy-loading-1384\"  width=\"800\" height=\"594\" src=\"https:\/\/bar-sur.com.ar\/wp-content\/uploads\/2019\/07\/ACT-CULTURALES-PUGLIESE.jpg\" title='Homenaje a Osvaldo Pugliese' alt='Homenaje a Osvaldo Pugliese' srcset=\"https:\/\/bar-sur.com.ar\/wp-content\/uploads\/2019\/07\/ACT-CULTURALES-PUGLIESE.jpg 800w, https:\/\/bar-sur.com.ar\/wp-content\/uploads\/2019\/07\/ACT-CULTURALES-PUGLIESE-300x223.jpg 300w, https:\/\/bar-sur.com.ar\/wp-content\/uploads\/2019\/07\/ACT-CULTURALES-PUGLIESE-768x570.jpg 768w, https:\/\/bar-sur.com.ar\/wp-content\/uploads\/2019\/07\/ACT-CULTURALES-PUGLIESE-705x523.jpg 705w, https:\/\/bar-sur.com.ar\/wp-content\/uploads\/2019\/07\/ACT-CULTURALES-PUGLIESE-450x334.jpg 450w\" sizes=\"auto, (max-width: 800px) 100vw, 800px\" \/><\/div><\/a><a href=\"https:\/\/bar-sur.com.ar\/wp-content\/uploads\/2019\/07\/ACT-CULTURALES-RIVERO.jpg\" data-srcset=\"https:\/\/bar-sur.com.ar\/wp-content\/uploads\/2019\/07\/ACT-CULTURALES-RIVERO.jpg 800w, https:\/\/bar-sur.com.ar\/wp-content\/uploads\/2019\/07\/ACT-CULTURALES-RIVERO-300x223.jpg 300w, https:\/\/bar-sur.com.ar\/wp-content\/uploads\/2019\/07\/ACT-CULTURALES-RIVERO-768x570.jpg 768w, https:\/\/bar-sur.com.ar\/wp-content\/uploads\/2019\/07\/ACT-CULTURALES-RIVERO-705x523.jpg 705w, https:\/\/bar-sur.com.ar\/wp-content\/uploads\/2019\/07\/ACT-CULTURALES-RIVERO-450x334.jpg 450w\" data-sizes=\"(max-width: 800px) 100vw, 800px\" data-rel='gallery-2' data-prev-img='https:\/\/bar-sur.com.ar\/wp-content\/uploads\/2019\/07\/ACT-CULTURALES-RIVERO.jpg' class='first_thumb lightbox ' data-onclick='13' title='Homenaje a Edmundo Rivero (con sus hijos Jorge y Muni)'  itemprop=\"thumbnailUrl\"  ><img decoding=\"async\" fetchpriority=\"high\" class=\"wp-image-1408 avia-img-lazy-loading-not-1408\"  data-avia-tooltip='Homenaje a Edmundo Rivero (con sus hijos Jorge y Muni)' src=\"https:\/\/bar-sur.com.ar\/wp-content\/uploads\/2019\/07\/ACT-CULTURALES-RIVERO-495x400.jpg\" width=\"495\" height=\"400\"  title='Homenaje a Edmundo Rivero (con sus hijos Jorge y Muni)' alt='Homenaje a Edmundo Rivero (con sus hijos Jorge y Muni)' \/><div class='big-prev-fake'><img decoding=\"async\" loading=\"lazy\" class=\"wp-image-1408 avia-img-lazy-loading-1408\"  width=\"800\" height=\"594\" src=\"https:\/\/bar-sur.com.ar\/wp-content\/uploads\/2019\/07\/ACT-CULTURALES-RIVERO.jpg\" title='Homenaje a Edmundo Rivero (con sus hijos Jorge y Muni)' alt='Homenaje a Edmundo Rivero (con sus hijos Jorge y Muni)' srcset=\"https:\/\/bar-sur.com.ar\/wp-content\/uploads\/2019\/07\/ACT-CULTURALES-RIVERO.jpg 800w, https:\/\/bar-sur.com.ar\/wp-content\/uploads\/2019\/07\/ACT-CULTURALES-RIVERO-300x223.jpg 300w, https:\/\/bar-sur.com.ar\/wp-content\/uploads\/2019\/07\/ACT-CULTURALES-RIVERO-768x570.jpg 768w, https:\/\/bar-sur.com.ar\/wp-content\/uploads\/2019\/07\/ACT-CULTURALES-RIVERO-705x523.jpg 705w, https:\/\/bar-sur.com.ar\/wp-content\/uploads\/2019\/07\/ACT-CULTURALES-RIVERO-450x334.jpg 450w\" sizes=\"auto, (max-width: 800px) 100vw, 800px\" \/><\/div><\/a><a href=\"https:\/\/bar-sur.com.ar\/wp-content\/uploads\/2019\/07\/ACT-CULTURALES-PREMIO.jpg\" data-srcset=\"https:\/\/bar-sur.com.ar\/wp-content\/uploads\/2019\/07\/ACT-CULTURALES-PREMIO.jpg 800w, https:\/\/bar-sur.com.ar\/wp-content\/uploads\/2019\/07\/ACT-CULTURALES-PREMIO-300x223.jpg 300w, https:\/\/bar-sur.com.ar\/wp-content\/uploads\/2019\/07\/ACT-CULTURALES-PREMIO-768x570.jpg 768w, https:\/\/bar-sur.com.ar\/wp-content\/uploads\/2019\/07\/ACT-CULTURALES-PREMIO-705x523.jpg 705w, https:\/\/bar-sur.com.ar\/wp-content\/uploads\/2019\/07\/ACT-CULTURALES-PREMIO-450x334.jpg 450w\" data-sizes=\"(max-width: 800px) 100vw, 800px\" data-rel='gallery-2' data-prev-img='https:\/\/bar-sur.com.ar\/wp-content\/uploads\/2019\/07\/ACT-CULTURALES-PREMIO.jpg' class='lightbox ' data-onclick='14' title='Entrega Premio Transparencia al Arq. Osvaldo Giesso'  itemprop=\"thumbnailUrl\"  ><img decoding=\"async\" fetchpriority=\"high\" class=\"wp-image-1390 avia-img-lazy-loading-not-1390\"  data-avia-tooltip='Entrega Premio Transparencia al Arq. Osvaldo Giesso' src=\"https:\/\/bar-sur.com.ar\/wp-content\/uploads\/2019\/07\/ACT-CULTURALES-PREMIO-495x400.jpg\" width=\"495\" height=\"400\"  title='Entrega Premio Transparencia al Arq. Osvaldo Giesso' alt='Entrega Premio Transparencia al Arq. Osvaldo Giesso' \/><div class='big-prev-fake'><img decoding=\"async\" loading=\"lazy\" class=\"wp-image-1390 avia-img-lazy-loading-1390\"  width=\"800\" height=\"594\" src=\"https:\/\/bar-sur.com.ar\/wp-content\/uploads\/2019\/07\/ACT-CULTURALES-PREMIO.jpg\" title='Entrega Premio Transparencia al Arq. Osvaldo Giesso' alt='Entrega Premio Transparencia al Arq. Osvaldo Giesso' srcset=\"https:\/\/bar-sur.com.ar\/wp-content\/uploads\/2019\/07\/ACT-CULTURALES-PREMIO.jpg 800w, https:\/\/bar-sur.com.ar\/wp-content\/uploads\/2019\/07\/ACT-CULTURALES-PREMIO-300x223.jpg 300w, https:\/\/bar-sur.com.ar\/wp-content\/uploads\/2019\/07\/ACT-CULTURALES-PREMIO-768x570.jpg 768w, https:\/\/bar-sur.com.ar\/wp-content\/uploads\/2019\/07\/ACT-CULTURALES-PREMIO-705x523.jpg 705w, https:\/\/bar-sur.com.ar\/wp-content\/uploads\/2019\/07\/ACT-CULTURALES-PREMIO-450x334.jpg 450w\" sizes=\"auto, (max-width: 800px) 100vw, 800px\" \/><\/div><\/a><a href=\"https:\/\/bar-sur.com.ar\/wp-content\/uploads\/2019\/07\/ACT-CULTURALES-ELSA-BERENGUER.jpg\" data-srcset=\"https:\/\/bar-sur.com.ar\/wp-content\/uploads\/2019\/07\/ACT-CULTURALES-ELSA-BERENGUER.jpg 800w, https:\/\/bar-sur.com.ar\/wp-content\/uploads\/2019\/07\/ACT-CULTURALES-ELSA-BERENGUER-300x223.jpg 300w, https:\/\/bar-sur.com.ar\/wp-content\/uploads\/2019\/07\/ACT-CULTURALES-ELSA-BERENGUER-768x570.jpg 768w, https:\/\/bar-sur.com.ar\/wp-content\/uploads\/2019\/07\/ACT-CULTURALES-ELSA-BERENGUER-705x523.jpg 705w, https:\/\/bar-sur.com.ar\/wp-content\/uploads\/2019\/07\/ACT-CULTURALES-ELSA-BERENGUER-450x334.jpg 450w\" data-sizes=\"(max-width: 800px) 100vw, 800px\" data-rel='gallery-2' data-prev-img='https:\/\/bar-sur.com.ar\/wp-content\/uploads\/2019\/07\/ACT-CULTURALES-ELSA-BERENGUER.jpg' class='lightbox ' data-onclick='15' title='Entrega Premio Transparencia a Elsa Berenguer'  itemprop=\"thumbnailUrl\"  ><img decoding=\"async\" fetchpriority=\"high\" class=\"wp-image-1410 avia-img-lazy-loading-not-1410\"  data-avia-tooltip='Entrega Premio Transparencia a Elsa Berenguer' src=\"https:\/\/bar-sur.com.ar\/wp-content\/uploads\/2019\/07\/ACT-CULTURALES-ELSA-BERENGUER-495x400.jpg\" width=\"495\" height=\"400\"  title='Entrega Premio Transparencia a Elsa Berenguer' alt='Entrega Premio Transparencia a Elsa Berenguer' \/><div class='big-prev-fake'><img decoding=\"async\" loading=\"lazy\" class=\"wp-image-1410 avia-img-lazy-loading-1410\"  width=\"800\" height=\"594\" src=\"https:\/\/bar-sur.com.ar\/wp-content\/uploads\/2019\/07\/ACT-CULTURALES-ELSA-BERENGUER.jpg\" title='Entrega Premio Transparencia a Elsa Berenguer' alt='Entrega Premio Transparencia a Elsa Berenguer' srcset=\"https:\/\/bar-sur.com.ar\/wp-content\/uploads\/2019\/07\/ACT-CULTURALES-ELSA-BERENGUER.jpg 800w, https:\/\/bar-sur.com.ar\/wp-content\/uploads\/2019\/07\/ACT-CULTURALES-ELSA-BERENGUER-300x223.jpg 300w, https:\/\/bar-sur.com.ar\/wp-content\/uploads\/2019\/07\/ACT-CULTURALES-ELSA-BERENGUER-768x570.jpg 768w, https:\/\/bar-sur.com.ar\/wp-content\/uploads\/2019\/07\/ACT-CULTURALES-ELSA-BERENGUER-705x523.jpg 705w, https:\/\/bar-sur.com.ar\/wp-content\/uploads\/2019\/07\/ACT-CULTURALES-ELSA-BERENGUER-450x334.jpg 450w\" sizes=\"auto, (max-width: 800px) 100vw, 800px\" \/><\/div><\/a><a href=\"https:\/\/bar-sur.com.ar\/wp-content\/uploads\/2019\/07\/ACT-CULTURALES-GUAYASAMIN.jpg\" data-srcset=\"https:\/\/bar-sur.com.ar\/wp-content\/uploads\/2019\/07\/ACT-CULTURALES-GUAYASAMIN.jpg 800w, https:\/\/bar-sur.com.ar\/wp-content\/uploads\/2019\/07\/ACT-CULTURALES-GUAYASAMIN-300x223.jpg 300w, https:\/\/bar-sur.com.ar\/wp-content\/uploads\/2019\/07\/ACT-CULTURALES-GUAYASAMIN-768x570.jpg 768w, https:\/\/bar-sur.com.ar\/wp-content\/uploads\/2019\/07\/ACT-CULTURALES-GUAYASAMIN-705x523.jpg 705w, https:\/\/bar-sur.com.ar\/wp-content\/uploads\/2019\/07\/ACT-CULTURALES-GUAYASAMIN-450x334.jpg 450w\" data-sizes=\"(max-width: 800px) 100vw, 800px\" data-rel='gallery-2' data-prev-img='https:\/\/bar-sur.com.ar\/wp-content\/uploads\/2019\/07\/ACT-CULTURALES-GUAYASAMIN.jpg' class='lightbox ' data-onclick='16' title='Homenaje a Oswaldo Guayasam\u00edn'  itemprop=\"thumbnailUrl\"  ><img decoding=\"async\" fetchpriority=\"high\" class=\"wp-image-1388 avia-img-lazy-loading-not-1388\"  data-avia-tooltip='Homenaje a Oswaldo Guayasam\u00edn' src=\"https:\/\/bar-sur.com.ar\/wp-content\/uploads\/2019\/07\/ACT-CULTURALES-GUAYASAMIN-495x400.jpg\" width=\"495\" height=\"400\"  title='Homenaje a Oswaldo Guayasam\u00edn' alt='Homenaje a Oswaldo Guayasam\u00edn' \/><div class='big-prev-fake'><img decoding=\"async\" loading=\"lazy\" class=\"wp-image-1388 avia-img-lazy-loading-1388\"  width=\"800\" height=\"594\" src=\"https:\/\/bar-sur.com.ar\/wp-content\/uploads\/2019\/07\/ACT-CULTURALES-GUAYASAMIN.jpg\" title='Homenaje a Oswaldo Guayasam\u00edn' alt='Homenaje a Oswaldo Guayasam\u00edn' srcset=\"https:\/\/bar-sur.com.ar\/wp-content\/uploads\/2019\/07\/ACT-CULTURALES-GUAYASAMIN.jpg 800w, https:\/\/bar-sur.com.ar\/wp-content\/uploads\/2019\/07\/ACT-CULTURALES-GUAYASAMIN-300x223.jpg 300w, https:\/\/bar-sur.com.ar\/wp-content\/uploads\/2019\/07\/ACT-CULTURALES-GUAYASAMIN-768x570.jpg 768w, https:\/\/bar-sur.com.ar\/wp-content\/uploads\/2019\/07\/ACT-CULTURALES-GUAYASAMIN-705x523.jpg 705w, https:\/\/bar-sur.com.ar\/wp-content\/uploads\/2019\/07\/ACT-CULTURALES-GUAYASAMIN-450x334.jpg 450w\" sizes=\"auto, (max-width: 800px) 100vw, 800px\" \/><\/div><\/a><a href=\"https:\/\/bar-sur.com.ar\/wp-content\/uploads\/2019\/07\/ACT-CULTURALES-7.jpg\" data-srcset=\"https:\/\/bar-sur.com.ar\/wp-content\/uploads\/2019\/07\/ACT-CULTURALES-7.jpg 800w, https:\/\/bar-sur.com.ar\/wp-content\/uploads\/2019\/07\/ACT-CULTURALES-7-300x223.jpg 300w, https:\/\/bar-sur.com.ar\/wp-content\/uploads\/2019\/07\/ACT-CULTURALES-7-768x570.jpg 768w, https:\/\/bar-sur.com.ar\/wp-content\/uploads\/2019\/07\/ACT-CULTURALES-7-705x523.jpg 705w, https:\/\/bar-sur.com.ar\/wp-content\/uploads\/2019\/07\/ACT-CULTURALES-7-450x334.jpg 450w\" data-sizes=\"(max-width: 800px) 100vw, 800px\" data-rel='gallery-2' data-prev-img='https:\/\/bar-sur.com.ar\/wp-content\/uploads\/2019\/07\/ACT-CULTURALES-7.jpg' class='first_thumb lightbox ' data-onclick='17' title='Homenaje D\u00eda de la Mujer'  itemprop=\"thumbnailUrl\"  ><img decoding=\"async\" fetchpriority=\"high\" class=\"wp-image-1374 avia-img-lazy-loading-not-1374\"  data-avia-tooltip='Homenaje D\u00eda de la Mujer' src=\"https:\/\/bar-sur.com.ar\/wp-content\/uploads\/2019\/07\/ACT-CULTURALES-7-495x400.jpg\" width=\"495\" height=\"400\"  title='Homenaje D\u00eda de la Mujer - Bar Sur' alt='Homenaje D\u00eda de la Mujer - Bar Sur' \/><div class='big-prev-fake'><img decoding=\"async\" loading=\"lazy\" class=\"wp-image-1374 avia-img-lazy-loading-1374\"  width=\"800\" height=\"594\" src=\"https:\/\/bar-sur.com.ar\/wp-content\/uploads\/2019\/07\/ACT-CULTURALES-7.jpg\" title='Homenaje D\u00eda de la Mujer - Bar Sur' alt='Homenaje D\u00eda de la Mujer - Bar Sur' srcset=\"https:\/\/bar-sur.com.ar\/wp-content\/uploads\/2019\/07\/ACT-CULTURALES-7.jpg 800w, https:\/\/bar-sur.com.ar\/wp-content\/uploads\/2019\/07\/ACT-CULTURALES-7-300x223.jpg 300w, https:\/\/bar-sur.com.ar\/wp-content\/uploads\/2019\/07\/ACT-CULTURALES-7-768x570.jpg 768w, https:\/\/bar-sur.com.ar\/wp-content\/uploads\/2019\/07\/ACT-CULTURALES-7-705x523.jpg 705w, https:\/\/bar-sur.com.ar\/wp-content\/uploads\/2019\/07\/ACT-CULTURALES-7-450x334.jpg 450w\" sizes=\"auto, (max-width: 800px) 100vw, 800px\" \/><\/div><\/a><a href=\"https:\/\/bar-sur.com.ar\/wp-content\/uploads\/2019\/07\/ACT-CULTURALES-40-ANIVERSARIO-1.jpg\" data-srcset=\"https:\/\/bar-sur.com.ar\/wp-content\/uploads\/2019\/07\/ACT-CULTURALES-40-ANIVERSARIO-1.jpg 800w, https:\/\/bar-sur.com.ar\/wp-content\/uploads\/2019\/07\/ACT-CULTURALES-40-ANIVERSARIO-1-300x223.jpg 300w, https:\/\/bar-sur.com.ar\/wp-content\/uploads\/2019\/07\/ACT-CULTURALES-40-ANIVERSARIO-1-768x570.jpg 768w, https:\/\/bar-sur.com.ar\/wp-content\/uploads\/2019\/07\/ACT-CULTURALES-40-ANIVERSARIO-1-705x523.jpg 705w, https:\/\/bar-sur.com.ar\/wp-content\/uploads\/2019\/07\/ACT-CULTURALES-40-ANIVERSARIO-1-450x334.jpg 450w\" data-sizes=\"(max-width: 800px) 100vw, 800px\" data-rel='gallery-2' data-prev-img='https:\/\/bar-sur.com.ar\/wp-content\/uploads\/2019\/07\/ACT-CULTURALES-40-ANIVERSARIO-1.jpg' class='lightbox ' data-onclick='18' title='Celebraci\u00f3n 40 Aniversario: Rafael Estrella, Osvaldo Comide, Ricardo Montesino y Don Jos\u00e9 Benito L\u00f3pez Carballedo'  itemprop=\"thumbnailUrl\"  ><img decoding=\"async\" fetchpriority=\"high\" class=\"wp-image-1372 avia-img-lazy-loading-not-1372\"  data-avia-tooltip='Celebraci\u00f3n 40 Aniversario: Rafael Estrella, Osvaldo Comide, Ricardo Montesino y Don Jos\u00e9 Benito L\u00f3pez Carballedo' src=\"https:\/\/bar-sur.com.ar\/wp-content\/uploads\/2019\/07\/ACT-CULTURALES-40-ANIVERSARIO-1-495x400.jpg\" width=\"495\" height=\"400\"  title='Rafael Estrella, Osvaldo Comide, Ricardo Montesino y Don Jos\u00e9 Benito L\u00f3pez Carballedo' alt='Rafael Estrella, Osvaldo Comide, Ricardo Montesino y Don Jos\u00e9 Benito L\u00f3pez Carballedo' \/><div class='big-prev-fake'><img decoding=\"async\" loading=\"lazy\" class=\"wp-image-1372 avia-img-lazy-loading-1372\"  width=\"800\" height=\"594\" src=\"https:\/\/bar-sur.com.ar\/wp-content\/uploads\/2019\/07\/ACT-CULTURALES-40-ANIVERSARIO-1.jpg\" title='Rafael Estrella, Osvaldo Comide, Ricardo Montesino y Don Jos\u00e9 Benito L\u00f3pez Carballedo' alt='Rafael Estrella, Osvaldo Comide, Ricardo Montesino y Don Jos\u00e9 Benito L\u00f3pez Carballedo' srcset=\"https:\/\/bar-sur.com.ar\/wp-content\/uploads\/2019\/07\/ACT-CULTURALES-40-ANIVERSARIO-1.jpg 800w, https:\/\/bar-sur.com.ar\/wp-content\/uploads\/2019\/07\/ACT-CULTURALES-40-ANIVERSARIO-1-300x223.jpg 300w, https:\/\/bar-sur.com.ar\/wp-content\/uploads\/2019\/07\/ACT-CULTURALES-40-ANIVERSARIO-1-768x570.jpg 768w, https:\/\/bar-sur.com.ar\/wp-content\/uploads\/2019\/07\/ACT-CULTURALES-40-ANIVERSARIO-1-705x523.jpg 705w, https:\/\/bar-sur.com.ar\/wp-content\/uploads\/2019\/07\/ACT-CULTURALES-40-ANIVERSARIO-1-450x334.jpg 450w\" sizes=\"auto, (max-width: 800px) 100vw, 800px\" \/><\/div><\/a><a href=\"https:\/\/bar-sur.com.ar\/wp-content\/uploads\/2019\/07\/ACT-CULTURALES-40-ANIVERSARIO-4.jpg\" data-srcset=\"https:\/\/bar-sur.com.ar\/wp-content\/uploads\/2019\/07\/ACT-CULTURALES-40-ANIVERSARIO-4.jpg 800w, https:\/\/bar-sur.com.ar\/wp-content\/uploads\/2019\/07\/ACT-CULTURALES-40-ANIVERSARIO-4-300x223.jpg 300w, https:\/\/bar-sur.com.ar\/wp-content\/uploads\/2019\/07\/ACT-CULTURALES-40-ANIVERSARIO-4-768x570.jpg 768w, https:\/\/bar-sur.com.ar\/wp-content\/uploads\/2019\/07\/ACT-CULTURALES-40-ANIVERSARIO-4-705x523.jpg 705w, https:\/\/bar-sur.com.ar\/wp-content\/uploads\/2019\/07\/ACT-CULTURALES-40-ANIVERSARIO-4-450x334.jpg 450w\" data-sizes=\"(max-width: 800px) 100vw, 800px\" data-rel='gallery-2' data-prev-img='https:\/\/bar-sur.com.ar\/wp-content\/uploads\/2019\/07\/ACT-CULTURALES-40-ANIVERSARIO-4.jpg' class='lightbox ' data-onclick='19' title='Celebraci\u00f3n 40 Aniversario: Ricardo Montesino, Silvio Sold\u00e1n y Pancho Figueroa'  itemprop=\"thumbnailUrl\"  ><img decoding=\"async\" fetchpriority=\"high\" class=\"wp-image-1366 avia-img-lazy-loading-not-1366\"  data-avia-tooltip='Celebraci\u00f3n 40 Aniversario: Ricardo Montesino, Silvio Sold\u00e1n y Pancho Figueroa' src=\"https:\/\/bar-sur.com.ar\/wp-content\/uploads\/2019\/07\/ACT-CULTURALES-40-ANIVERSARIO-4-495x400.jpg\" width=\"495\" height=\"400\"  title='Ricardo Montesino, Silvio Sold\u00e1n y Pancho Figueroa' alt='Ricardo Montesino, Silvio Sold\u00e1n y Pancho Figueroa' \/><div class='big-prev-fake'><img decoding=\"async\" loading=\"lazy\" class=\"wp-image-1366 avia-img-lazy-loading-1366\"  width=\"800\" height=\"594\" src=\"https:\/\/bar-sur.com.ar\/wp-content\/uploads\/2019\/07\/ACT-CULTURALES-40-ANIVERSARIO-4.jpg\" title='Ricardo Montesino, Silvio Sold\u00e1n y Pancho Figueroa' alt='Ricardo Montesino, Silvio Sold\u00e1n y Pancho Figueroa' srcset=\"https:\/\/bar-sur.com.ar\/wp-content\/uploads\/2019\/07\/ACT-CULTURALES-40-ANIVERSARIO-4.jpg 800w, https:\/\/bar-sur.com.ar\/wp-content\/uploads\/2019\/07\/ACT-CULTURALES-40-ANIVERSARIO-4-300x223.jpg 300w, https:\/\/bar-sur.com.ar\/wp-content\/uploads\/2019\/07\/ACT-CULTURALES-40-ANIVERSARIO-4-768x570.jpg 768w, https:\/\/bar-sur.com.ar\/wp-content\/uploads\/2019\/07\/ACT-CULTURALES-40-ANIVERSARIO-4-705x523.jpg 705w, https:\/\/bar-sur.com.ar\/wp-content\/uploads\/2019\/07\/ACT-CULTURALES-40-ANIVERSARIO-4-450x334.jpg 450w\" sizes=\"auto, (max-width: 800px) 100vw, 800px\" \/><\/div><\/a><a href=\"https:\/\/bar-sur.com.ar\/wp-content\/uploads\/2019\/07\/ACT-CULTURALES-40-ANIVERSARIO-5.jpg\" data-srcset=\"https:\/\/bar-sur.com.ar\/wp-content\/uploads\/2019\/07\/ACT-CULTURALES-40-ANIVERSARIO-5.jpg 800w, https:\/\/bar-sur.com.ar\/wp-content\/uploads\/2019\/07\/ACT-CULTURALES-40-ANIVERSARIO-5-300x223.jpg 300w, https:\/\/bar-sur.com.ar\/wp-content\/uploads\/2019\/07\/ACT-CULTURALES-40-ANIVERSARIO-5-768x570.jpg 768w, https:\/\/bar-sur.com.ar\/wp-content\/uploads\/2019\/07\/ACT-CULTURALES-40-ANIVERSARIO-5-705x523.jpg 705w, https:\/\/bar-sur.com.ar\/wp-content\/uploads\/2019\/07\/ACT-CULTURALES-40-ANIVERSARIO-5-450x334.jpg 450w\" data-sizes=\"(max-width: 800px) 100vw, 800px\" data-rel='gallery-2' data-prev-img='https:\/\/bar-sur.com.ar\/wp-content\/uploads\/2019\/07\/ACT-CULTURALES-40-ANIVERSARIO-5.jpg' class='lightbox ' data-onclick='20' title='Celebraci\u00f3n 40 Aniversario: Horacio Ferrer, Juan A. Lan\u00fas, Ricardo Montesino y Luisa Valenzuela'  itemprop=\"thumbnailUrl\"  ><img decoding=\"async\" fetchpriority=\"high\" class=\"wp-image-1368 avia-img-lazy-loading-not-1368\"  data-avia-tooltip='Celebraci\u00f3n 40 Aniversario: Horacio Ferrer, Juan A. Lan\u00fas, Ricardo Montesino y Luisa Valenzuela' src=\"https:\/\/bar-sur.com.ar\/wp-content\/uploads\/2019\/07\/ACT-CULTURALES-40-ANIVERSARIO-5-495x400.jpg\" width=\"495\" height=\"400\"  title='Horacio Ferrer, Juan A. Lan\u00fas, Ricardo Montesino y Luisa Valenzuela' alt='Horacio Ferrer, Juan A. Lan\u00fas, Ricardo Montesino y Luisa Valenzuela' \/><div class='big-prev-fake'><img decoding=\"async\" loading=\"lazy\" class=\"wp-image-1368 avia-img-lazy-loading-1368\"  width=\"800\" height=\"594\" src=\"https:\/\/bar-sur.com.ar\/wp-content\/uploads\/2019\/07\/ACT-CULTURALES-40-ANIVERSARIO-5.jpg\" title='Horacio Ferrer, Juan A. Lan\u00fas, Ricardo Montesino y Luisa Valenzuela' alt='Horacio Ferrer, Juan A. Lan\u00fas, Ricardo Montesino y Luisa Valenzuela' srcset=\"https:\/\/bar-sur.com.ar\/wp-content\/uploads\/2019\/07\/ACT-CULTURALES-40-ANIVERSARIO-5.jpg 800w, https:\/\/bar-sur.com.ar\/wp-content\/uploads\/2019\/07\/ACT-CULTURALES-40-ANIVERSARIO-5-300x223.jpg 300w, https:\/\/bar-sur.com.ar\/wp-content\/uploads\/2019\/07\/ACT-CULTURALES-40-ANIVERSARIO-5-768x570.jpg 768w, https:\/\/bar-sur.com.ar\/wp-content\/uploads\/2019\/07\/ACT-CULTURALES-40-ANIVERSARIO-5-705x523.jpg 705w, https:\/\/bar-sur.com.ar\/wp-content\/uploads\/2019\/07\/ACT-CULTURALES-40-ANIVERSARIO-5-450x334.jpg 450w\" sizes=\"auto, (max-width: 800px) 100vw, 800px\" \/><\/div><\/a><a href=\"https:\/\/bar-sur.com.ar\/wp-content\/uploads\/2019\/07\/ACT-CULTURALES-40-ANIVERSARIO-2.jpg\" data-srcset=\"https:\/\/bar-sur.com.ar\/wp-content\/uploads\/2019\/07\/ACT-CULTURALES-40-ANIVERSARIO-2.jpg 800w, https:\/\/bar-sur.com.ar\/wp-content\/uploads\/2019\/07\/ACT-CULTURALES-40-ANIVERSARIO-2-300x223.jpg 300w, https:\/\/bar-sur.com.ar\/wp-content\/uploads\/2019\/07\/ACT-CULTURALES-40-ANIVERSARIO-2-768x570.jpg 768w, https:\/\/bar-sur.com.ar\/wp-content\/uploads\/2019\/07\/ACT-CULTURALES-40-ANIVERSARIO-2-705x523.jpg 705w, https:\/\/bar-sur.com.ar\/wp-content\/uploads\/2019\/07\/ACT-CULTURALES-40-ANIVERSARIO-2-450x334.jpg 450w\" data-sizes=\"(max-width: 800px) 100vw, 800px\" data-rel='gallery-2' data-prev-img='https:\/\/bar-sur.com.ar\/wp-content\/uploads\/2019\/07\/ACT-CULTURALES-40-ANIVERSARIO-2.jpg' class='first_thumb lightbox ' data-onclick='21' title='40th Anniversary Celebration: Beatriz Mendon\u00e7a'  itemprop=\"thumbnailUrl\"  ><img decoding=\"async\" fetchpriority=\"high\" class=\"wp-image-1362 avia-img-lazy-loading-not-1362\"  data-avia-tooltip='40th Anniversary Celebration: Beatriz Mendon\u00e7a' src=\"https:\/\/bar-sur.com.ar\/wp-content\/uploads\/2019\/07\/ACT-CULTURALES-40-ANIVERSARIO-2-495x400.jpg\" width=\"495\" height=\"400\"  title='Beatriz Mendon\u00e7a' alt='Beatriz Mendon\u00e7a' \/><div class='big-prev-fake'><img decoding=\"async\" loading=\"lazy\" class=\"wp-image-1362 avia-img-lazy-loading-1362\"  width=\"800\" height=\"594\" src=\"https:\/\/bar-sur.com.ar\/wp-content\/uploads\/2019\/07\/ACT-CULTURALES-40-ANIVERSARIO-2.jpg\" title='Beatriz Mendon\u00e7a' alt='Beatriz Mendon\u00e7a' srcset=\"https:\/\/bar-sur.com.ar\/wp-content\/uploads\/2019\/07\/ACT-CULTURALES-40-ANIVERSARIO-2.jpg 800w, https:\/\/bar-sur.com.ar\/wp-content\/uploads\/2019\/07\/ACT-CULTURALES-40-ANIVERSARIO-2-300x223.jpg 300w, https:\/\/bar-sur.com.ar\/wp-content\/uploads\/2019\/07\/ACT-CULTURALES-40-ANIVERSARIO-2-768x570.jpg 768w, https:\/\/bar-sur.com.ar\/wp-content\/uploads\/2019\/07\/ACT-CULTURALES-40-ANIVERSARIO-2-705x523.jpg 705w, https:\/\/bar-sur.com.ar\/wp-content\/uploads\/2019\/07\/ACT-CULTURALES-40-ANIVERSARIO-2-450x334.jpg 450w\" sizes=\"auto, (max-width: 800px) 100vw, 800px\" \/><\/div><\/a><a href=\"https:\/\/bar-sur.com.ar\/wp-content\/uploads\/2019\/07\/ACT-CULTURALES-40-ANIVERSARIO-6.jpg\" data-srcset=\"https:\/\/bar-sur.com.ar\/wp-content\/uploads\/2019\/07\/ACT-CULTURALES-40-ANIVERSARIO-6.jpg 800w, https:\/\/bar-sur.com.ar\/wp-content\/uploads\/2019\/07\/ACT-CULTURALES-40-ANIVERSARIO-6-300x223.jpg 300w, https:\/\/bar-sur.com.ar\/wp-content\/uploads\/2019\/07\/ACT-CULTURALES-40-ANIVERSARIO-6-768x570.jpg 768w, https:\/\/bar-sur.com.ar\/wp-content\/uploads\/2019\/07\/ACT-CULTURALES-40-ANIVERSARIO-6-705x523.jpg 705w, https:\/\/bar-sur.com.ar\/wp-content\/uploads\/2019\/07\/ACT-CULTURALES-40-ANIVERSARIO-6-450x334.jpg 450w\" data-sizes=\"(max-width: 800px) 100vw, 800px\" data-rel='gallery-2' data-prev-img='https:\/\/bar-sur.com.ar\/wp-content\/uploads\/2019\/07\/ACT-CULTURALES-40-ANIVERSARIO-6.jpg' class='lightbox ' data-onclick='22' title='Celebraci\u00f3n 40 Aniversario'  itemprop=\"thumbnailUrl\"  ><img decoding=\"async\" fetchpriority=\"high\" class=\"wp-image-1370 avia-img-lazy-loading-not-1370\"  data-avia-tooltip='Celebraci\u00f3n 40 Aniversario' src=\"https:\/\/bar-sur.com.ar\/wp-content\/uploads\/2019\/07\/ACT-CULTURALES-40-ANIVERSARIO-6-495x400.jpg\" width=\"495\" height=\"400\"  title='ACT-CULTURALES-40-ANIVERSARIO-6' alt='' \/><div class='big-prev-fake'><img decoding=\"async\" loading=\"lazy\" class=\"wp-image-1370 avia-img-lazy-loading-1370\"  width=\"800\" height=\"594\" src=\"https:\/\/bar-sur.com.ar\/wp-content\/uploads\/2019\/07\/ACT-CULTURALES-40-ANIVERSARIO-6.jpg\" title='ACT-CULTURALES-40-ANIVERSARIO-6' alt='' srcset=\"https:\/\/bar-sur.com.ar\/wp-content\/uploads\/2019\/07\/ACT-CULTURALES-40-ANIVERSARIO-6.jpg 800w, https:\/\/bar-sur.com.ar\/wp-content\/uploads\/2019\/07\/ACT-CULTURALES-40-ANIVERSARIO-6-300x223.jpg 300w, https:\/\/bar-sur.com.ar\/wp-content\/uploads\/2019\/07\/ACT-CULTURALES-40-ANIVERSARIO-6-768x570.jpg 768w, https:\/\/bar-sur.com.ar\/wp-content\/uploads\/2019\/07\/ACT-CULTURALES-40-ANIVERSARIO-6-705x523.jpg 705w, https:\/\/bar-sur.com.ar\/wp-content\/uploads\/2019\/07\/ACT-CULTURALES-40-ANIVERSARIO-6-450x334.jpg 450w\" sizes=\"auto, (max-width: 800px) 100vw, 800px\" \/><\/div><\/a><a href=\"https:\/\/bar-sur.com.ar\/wp-content\/uploads\/2019\/07\/ACT-CULTURALES-40-ANIVERSARIO-3.jpg\" data-srcset=\"https:\/\/bar-sur.com.ar\/wp-content\/uploads\/2019\/07\/ACT-CULTURALES-40-ANIVERSARIO-3.jpg 800w, https:\/\/bar-sur.com.ar\/wp-content\/uploads\/2019\/07\/ACT-CULTURALES-40-ANIVERSARIO-3-300x223.jpg 300w, https:\/\/bar-sur.com.ar\/wp-content\/uploads\/2019\/07\/ACT-CULTURALES-40-ANIVERSARIO-3-768x570.jpg 768w, https:\/\/bar-sur.com.ar\/wp-content\/uploads\/2019\/07\/ACT-CULTURALES-40-ANIVERSARIO-3-705x523.jpg 705w, https:\/\/bar-sur.com.ar\/wp-content\/uploads\/2019\/07\/ACT-CULTURALES-40-ANIVERSARIO-3-450x334.jpg 450w\" data-sizes=\"(max-width: 800px) 100vw, 800px\" data-rel='gallery-2' data-prev-img='https:\/\/bar-sur.com.ar\/wp-content\/uploads\/2019\/07\/ACT-CULTURALES-40-ANIVERSARIO-3.jpg' class='lightbox ' data-onclick='23' title='40th Anniversary Celebration'  itemprop=\"thumbnailUrl\"  ><img decoding=\"async\" fetchpriority=\"high\" class=\"wp-image-1364 avia-img-lazy-loading-not-1364\"  data-avia-tooltip='40th Anniversary Celebration' src=\"https:\/\/bar-sur.com.ar\/wp-content\/uploads\/2019\/07\/ACT-CULTURALES-40-ANIVERSARIO-3-495x400.jpg\" width=\"495\" height=\"400\"  title='Monument to Tango Inauguration' alt='Monument to Tango Inauguration' \/><div class='big-prev-fake'><img decoding=\"async\" loading=\"lazy\" class=\"wp-image-1364 avia-img-lazy-loading-1364\"  width=\"800\" height=\"594\" src=\"https:\/\/bar-sur.com.ar\/wp-content\/uploads\/2019\/07\/ACT-CULTURALES-40-ANIVERSARIO-3.jpg\" title='Monument to Tango Inauguration' alt='Monument to Tango Inauguration' srcset=\"https:\/\/bar-sur.com.ar\/wp-content\/uploads\/2019\/07\/ACT-CULTURALES-40-ANIVERSARIO-3.jpg 800w, https:\/\/bar-sur.com.ar\/wp-content\/uploads\/2019\/07\/ACT-CULTURALES-40-ANIVERSARIO-3-300x223.jpg 300w, https:\/\/bar-sur.com.ar\/wp-content\/uploads\/2019\/07\/ACT-CULTURALES-40-ANIVERSARIO-3-768x570.jpg 768w, https:\/\/bar-sur.com.ar\/wp-content\/uploads\/2019\/07\/ACT-CULTURALES-40-ANIVERSARIO-3-705x523.jpg 705w, https:\/\/bar-sur.com.ar\/wp-content\/uploads\/2019\/07\/ACT-CULTURALES-40-ANIVERSARIO-3-450x334.jpg 450w\" sizes=\"auto, (max-width: 800px) 100vw, 800px\" \/><\/div><\/a><a href=\"https:\/\/bar-sur.com.ar\/wp-content\/uploads\/2019\/07\/ACT-CULTURALES-MONUMENTO-TANGO-1-788x1030.jpg\" data-srcset=\"https:\/\/bar-sur.com.ar\/wp-content\/uploads\/2019\/07\/ACT-CULTURALES-MONUMENTO-TANGO-1-788x1030.jpg 788w, https:\/\/bar-sur.com.ar\/wp-content\/uploads\/2019\/07\/ACT-CULTURALES-MONUMENTO-TANGO-1-230x300.jpg 230w, https:\/\/bar-sur.com.ar\/wp-content\/uploads\/2019\/07\/ACT-CULTURALES-MONUMENTO-TANGO-1-768x1004.jpg 768w, https:\/\/bar-sur.com.ar\/wp-content\/uploads\/2019\/07\/ACT-CULTURALES-MONUMENTO-TANGO-1-540x705.jpg 540w, https:\/\/bar-sur.com.ar\/wp-content\/uploads\/2019\/07\/ACT-CULTURALES-MONUMENTO-TANGO-1-450x588.jpg 450w, https:\/\/bar-sur.com.ar\/wp-content\/uploads\/2019\/07\/ACT-CULTURALES-MONUMENTO-TANGO-1.jpg 851w\" data-sizes=\"(max-width: 788px) 100vw, 788px\" data-rel='gallery-2' data-prev-img='https:\/\/bar-sur.com.ar\/wp-content\/uploads\/2019\/07\/ACT-CULTURALES-MONUMENTO-TANGO-1.jpg' class='lightbox ' data-onclick='24' title='Inauguraci\u00f3n Monumento al Tango'  itemprop=\"thumbnailUrl\"  ><img decoding=\"async\" fetchpriority=\"high\" class=\"wp-image-1414 avia-img-lazy-loading-not-1414\"  data-avia-tooltip='Inauguraci\u00f3n Monumento al Tango' src=\"https:\/\/bar-sur.com.ar\/wp-content\/uploads\/2019\/07\/ACT-CULTURALES-MONUMENTO-TANGO-1-495x400.jpg\" width=\"495\" height=\"400\"  title='ACT-CULTURALES-MONUMENTO-TANGO-1' alt='' srcset=\"https:\/\/bar-sur.com.ar\/wp-content\/uploads\/2019\/07\/ACT-CULTURALES-MONUMENTO-TANGO-1-495x400.jpg 495w, https:\/\/bar-sur.com.ar\/wp-content\/uploads\/2019\/07\/ACT-CULTURALES-MONUMENTO-TANGO-1-845x684.jpg 845w\" sizes=\"(max-width: 495px) 100vw, 495px\" \/><div class='big-prev-fake'><img decoding=\"async\" loading=\"lazy\" class=\"wp-image-1414 avia-img-lazy-loading-1414\"  width=\"851\" height=\"1112\" src=\"https:\/\/bar-sur.com.ar\/wp-content\/uploads\/2019\/07\/ACT-CULTURALES-MONUMENTO-TANGO-1.jpg\" title='ACT-CULTURALES-MONUMENTO-TANGO-1' alt='' srcset=\"https:\/\/bar-sur.com.ar\/wp-content\/uploads\/2019\/07\/ACT-CULTURALES-MONUMENTO-TANGO-1.jpg 851w, https:\/\/bar-sur.com.ar\/wp-content\/uploads\/2019\/07\/ACT-CULTURALES-MONUMENTO-TANGO-1-230x300.jpg 230w, https:\/\/bar-sur.com.ar\/wp-content\/uploads\/2019\/07\/ACT-CULTURALES-MONUMENTO-TANGO-1-768x1004.jpg 768w, https:\/\/bar-sur.com.ar\/wp-content\/uploads\/2019\/07\/ACT-CULTURALES-MONUMENTO-TANGO-1-788x1030.jpg 788w, https:\/\/bar-sur.com.ar\/wp-content\/uploads\/2019\/07\/ACT-CULTURALES-MONUMENTO-TANGO-1-540x705.jpg 540w, https:\/\/bar-sur.com.ar\/wp-content\/uploads\/2019\/07\/ACT-CULTURALES-MONUMENTO-TANGO-1-450x588.jpg 450w\" sizes=\"auto, (max-width: 851px) 100vw, 851px\" \/><\/div><\/a><\/div><\/div><br \/>\n\n<style type=\"text\/css\" data-created_by=\"avia_inline_auto\" id=\"style-css-av-jy37q6z7-93b1b8397fae924e63f6481605db9d4e\">\n#top .hr.hr-invisible.av-jy37q6z7-93b1b8397fae924e63f6481605db9d4e{\nheight:50px;\n}\n<\/style>\n<div  class='hr av-jy37q6z7-93b1b8397fae924e63f6481605db9d4e hr-invisible  avia-builder-el-24  el_after_av_gallery  el_before_av_image '><span class='hr-inner '><span class=\"hr-inner-style\"><\/span><\/span><\/div><br \/>\n\n<style type=\"text\/css\" data-created_by=\"avia_inline_auto\" id=\"style-css-av-jvyb5dcm-d184ce1162b7365c4e4163628ed403b6\">\n.avia-image-container.av-jvyb5dcm-d184ce1162b7365c4e4163628ed403b6 img.avia_image{\nbox-shadow:none;\n}\n.avia-image-container.av-jvyb5dcm-d184ce1162b7365c4e4163628ed403b6 .av-image-caption-overlay-center{\ncolor:#ffffff;\n}\n<\/style>\n<div  class='avia-image-container av-jvyb5dcm-d184ce1162b7365c4e4163628ed403b6 av-styling- avia_animated_image av-animated-when-visible-95 fade-in avia-align-center  avia-builder-el-25  el_after_av_hr  el_before_av_hr '   itemprop=\"image\" itemscope=\"itemscope\" itemtype=\"https:\/\/schema.org\/ImageObject\" ><div class=\"avia-image-container-inner\"><div class=\"avia-image-overlay-wrap\"><img decoding=\"async\" fetchpriority=\"high\" class='wp-image-1097 avia-img-lazy-loading-not-1097 avia_image ' src=\"https:\/\/bar-sur.com.ar\/wp-content\/uploads\/2019\/07\/guarda-3.png\" alt='' title='guarda-3'  height=\"35\" width=\"400\"  itemprop=\"thumbnailUrl\" srcset=\"https:\/\/bar-sur.com.ar\/wp-content\/uploads\/2019\/07\/guarda-3.png 400w, https:\/\/bar-sur.com.ar\/wp-content\/uploads\/2019\/07\/guarda-3-300x26.png 300w\" sizes=\"(max-width: 400px) 100vw, 400px\" \/><\/div><\/div><\/div><br \/>\n\n<style type=\"text\/css\" data-created_by=\"avia_inline_auto\" id=\"style-css-av-jy37q6z7-9f2d3f773e42c319a3dbb7f71497e159\">\n#top .hr.hr-invisible.av-jy37q6z7-9f2d3f773e42c319a3dbb7f71497e159{\nheight:25px;\n}\n<\/style>\n<div  class='hr av-jy37q6z7-9f2d3f773e42c319a3dbb7f71497e159 hr-invisible  avia-builder-el-26  el_after_av_image  avia-builder-el-last '><span class='hr-inner '><span class=\"hr-inner-style\"><\/span><\/span><\/div><\/p><\/div>\n<style type=\"text\/css\" data-created_by=\"avia_inline_auto\" id=\"style-css-av-1ofk6-f520a64548c4d90457af712fa6a3bf5a\">\n.flex_column.av-1ofk6-f520a64548c4d90457af712fa6a3bf5a{\nborder-radius:0px 0px 0px 0px;\npadding:0px 0px 0px 0px;\n}\n<\/style>\n<div  class='flex_column av-1ofk6-f520a64548c4d90457af712fa6a3bf5a av_one_fifth  avia-builder-el-27  el_after_av_three_fifth  el_before_av_one_fifth  flex_column_div av-zero-column-padding  column-top-margin'     ><\/div>\n<style type=\"text\/css\" data-created_by=\"avia_inline_auto\" id=\"style-css-av-1ofk6-ae7c6e27596c935af3604de496b20437\">\n.flex_column.av-1ofk6-ae7c6e27596c935af3604de496b20437{\nborder-radius:0px 0px 0px 0px;\npadding:0px 0px 0px 0px;\n}\n<\/style>\n<div  class='flex_column av-1ofk6-ae7c6e27596c935af3604de496b20437 av_one_fifth  avia-builder-el-28  el_after_av_one_fifth  el_before_av_three_fifth  first flex_column_div av-zero-column-padding  column-top-margin'     ><\/div>\n<style type=\"text\/css\" data-created_by=\"avia_inline_auto\" id=\"style-css-av-1ofk6-f520a64548c4d90457af712fa6a3bf5a\">\n.flex_column.av-1ofk6-f520a64548c4d90457af712fa6a3bf5a{\nborder-radius:0px 0px 0px 0px;\npadding:0px 0px 0px 0px;\n}\n<\/style>\n<div  class='flex_column av-1ofk6-f520a64548c4d90457af712fa6a3bf5a av_three_fifth  avia-builder-el-29  el_after_av_one_fifth  el_before_av_one_fifth  flex_column_div av-zero-column-padding  column-top-margin'     ><p>\n<style type=\"text\/css\" data-created_by=\"avia_inline_auto\" id=\"style-css-av-bd0xj-163b0b7163b7a58dc5a9a9521dc26172\">\n#top .av-special-heading.av-bd0xj-163b0b7163b7a58dc5a9a9521dc26172{\npadding-bottom:10px;\ncolor:#4c4c4c;\nfont-size:32px;\n}\nbody .av-special-heading.av-bd0xj-163b0b7163b7a58dc5a9a9521dc26172 .av-special-heading-tag .heading-char{\nfont-size:25px;\n}\n#top #wrap_all .av-special-heading.av-bd0xj-163b0b7163b7a58dc5a9a9521dc26172 .av-special-heading-tag{\nfont-size:32px;\n}\n.av-special-heading.av-bd0xj-163b0b7163b7a58dc5a9a9521dc26172 .special-heading-inner-border{\nborder-color:#4c4c4c;\n}\n.av-special-heading.av-bd0xj-163b0b7163b7a58dc5a9a9521dc26172 .av-subheading{\nfont-size:15px;\n}\n\n@media only screen and (min-width: 480px) and (max-width: 767px){ \n#top #wrap_all .av-special-heading.av-bd0xj-163b0b7163b7a58dc5a9a9521dc26172 .av-special-heading-tag{\nfont-size:0.8em;\n}\n}\n\n@media only screen and (max-width: 479px){ \n#top #wrap_all .av-special-heading.av-bd0xj-163b0b7163b7a58dc5a9a9521dc26172 .av-special-heading-tag{\nfont-size:0.8em;\n}\n}\n<\/style>\n<div  class='av-special-heading av-bd0xj-163b0b7163b7a58dc5a9a9521dc26172 av-special-heading-h3 custom-color-heading blockquote modern-quote modern-centered  avia-builder-el-30  el_before_av_masonry_gallery  avia-builder-el-no-sibling  av-inherit-size'><h3 class='av-special-heading-tag '  itemprop=\"headline\"  >1ra. Feria Exposici\u00f3n Internacional de Tango<\/h3><div class='av_custom_color av-subheading av-subheading_below'><p>CENTRO CULTURAL RECOLETA &#8211; 1997<\/p>\n<\/div><div class=\"special-heading-border\"><div class=\"special-heading-inner-border\"><\/div><\/div><\/div><br \/>\n<div id='av-masonry-1' class='av-masonry av-jy66xefd-1fed625d131506607186da46e8cd55be noHover av-flex-size av-large-gap av-hover-overlay- av-masonry-animation-active av-masonry-col-2 av-caption-always av-caption-style- av-masonry-gallery ' data-post_id=\"1361\"><div class=\"av-masonry-container isotope av-js-disabled\"><div class='av-masonry-entry isotope-item av-masonry-item-no-image '><\/div><a href=\"https:\/\/bar-sur.com.ar\/wp-content\/uploads\/2019\/07\/ACT-CULTURALES-6.jpg\" data-srcset=\"https:\/\/bar-sur.com.ar\/wp-content\/uploads\/2019\/07\/ACT-CULTURALES-6.jpg 800w, https:\/\/bar-sur.com.ar\/wp-content\/uploads\/2019\/07\/ACT-CULTURALES-6-300x223.jpg 300w, https:\/\/bar-sur.com.ar\/wp-content\/uploads\/2019\/07\/ACT-CULTURALES-6-768x570.jpg 768w, https:\/\/bar-sur.com.ar\/wp-content\/uploads\/2019\/07\/ACT-CULTURALES-6-705x523.jpg 705w, https:\/\/bar-sur.com.ar\/wp-content\/uploads\/2019\/07\/ACT-CULTURALES-6-450x334.jpg 450w\" data-sizes=\"(max-width: 800px) 100vw, 800px\"  aria-label=\"image ACT-CULTURALES-6\"  id='av-masonry-1-item-1406' data-av-masonry-item='1406' class='av-masonry-entry isotope-item post-1406 attachment type-attachment status-inherit hentry  av-masonry-item-with-image' title=\"ACT-CULTURALES-6\" alt=\"\"    itemprop=\"thumbnailUrl\" ><div class='av-inner-masonry-sizer'><\/div><figure class='av-inner-masonry main_color'><div class=\"av-masonry-outerimage-container\"><div class='av-masonry-image-container'  ><img decoding=\"async\" width=\"705\" height=\"523\" fetchpriority=\"high\" class=\"wp-image-1406 avia-img-lazy-loading-not-1406\"  src=\"https:\/\/bar-sur.com.ar\/wp-content\/uploads\/2019\/07\/ACT-CULTURALES-6-705x523.jpg\" title=\"ACT-CULTURALES-6\" alt=\"\" srcset=\"https:\/\/bar-sur.com.ar\/wp-content\/uploads\/2019\/07\/ACT-CULTURALES-6-705x523.jpg 705w, https:\/\/bar-sur.com.ar\/wp-content\/uploads\/2019\/07\/ACT-CULTURALES-6-300x223.jpg 300w, https:\/\/bar-sur.com.ar\/wp-content\/uploads\/2019\/07\/ACT-CULTURALES-6-768x570.jpg 768w, https:\/\/bar-sur.com.ar\/wp-content\/uploads\/2019\/07\/ACT-CULTURALES-6-450x334.jpg 450w, https:\/\/bar-sur.com.ar\/wp-content\/uploads\/2019\/07\/ACT-CULTURALES-6.jpg 800w\" sizes=\"(max-width: 705px) 100vw, 705px\" \/><\/div><\/div><\/figure><\/a><!--end av-masonry entry--><a href=\"https:\/\/bar-sur.com.ar\/wp-content\/uploads\/2019\/07\/ACT-CULTURALES-PIAZZOLA.jpg\" data-srcset=\"https:\/\/bar-sur.com.ar\/wp-content\/uploads\/2019\/07\/ACT-CULTURALES-PIAZZOLA.jpg 800w, https:\/\/bar-sur.com.ar\/wp-content\/uploads\/2019\/07\/ACT-CULTURALES-PIAZZOLA-300x223.jpg 300w, https:\/\/bar-sur.com.ar\/wp-content\/uploads\/2019\/07\/ACT-CULTURALES-PIAZZOLA-768x570.jpg 768w, https:\/\/bar-sur.com.ar\/wp-content\/uploads\/2019\/07\/ACT-CULTURALES-PIAZZOLA-705x523.jpg 705w, https:\/\/bar-sur.com.ar\/wp-content\/uploads\/2019\/07\/ACT-CULTURALES-PIAZZOLA-450x334.jpg 450w\" data-sizes=\"(max-width: 800px) 100vw, 800px\"  aria-label=\"image ACT-CULTURALES-PIAZZOLA\"  id='av-masonry-1-item-1404' data-av-masonry-item='1404' class='av-masonry-entry isotope-item post-1404 attachment type-attachment status-inherit hentry  av-masonry-item-with-image' title=\"ACT-CULTURALES-PIAZZOLA\" alt=\"\"    itemprop=\"thumbnailUrl\" ><div class='av-inner-masonry-sizer'><\/div><figure class='av-inner-masonry main_color'><div class=\"av-masonry-outerimage-container\"><div class='av-masonry-image-container'  ><img decoding=\"async\" width=\"705\" height=\"523\" fetchpriority=\"high\" class=\"wp-image-1404 avia-img-lazy-loading-not-1404\"  src=\"https:\/\/bar-sur.com.ar\/wp-content\/uploads\/2019\/07\/ACT-CULTURALES-PIAZZOLA-705x523.jpg\" title=\"ACT-CULTURALES-PIAZZOLA\" alt=\"\" srcset=\"https:\/\/bar-sur.com.ar\/wp-content\/uploads\/2019\/07\/ACT-CULTURALES-PIAZZOLA-705x523.jpg 705w, https:\/\/bar-sur.com.ar\/wp-content\/uploads\/2019\/07\/ACT-CULTURALES-PIAZZOLA-300x223.jpg 300w, https:\/\/bar-sur.com.ar\/wp-content\/uploads\/2019\/07\/ACT-CULTURALES-PIAZZOLA-768x570.jpg 768w, https:\/\/bar-sur.com.ar\/wp-content\/uploads\/2019\/07\/ACT-CULTURALES-PIAZZOLA-450x334.jpg 450w, https:\/\/bar-sur.com.ar\/wp-content\/uploads\/2019\/07\/ACT-CULTURALES-PIAZZOLA.jpg 800w\" sizes=\"(max-width: 705px) 100vw, 705px\" \/><\/div><\/div><\/figure><\/a><!--end av-masonry entry--><\/div><\/div><br \/>\n\n<style type=\"text\/css\" data-created_by=\"avia_inline_auto\" id=\"style-css-av-jy66aukw-5a845a487cfb0a8e22bc90f77eb1c9cb\">\n#top .av_textblock_section.av-jy66aukw-5a845a487cfb0a8e22bc90f77eb1c9cb .avia_textblock{\nfont-size:18px;\n}\n<\/style>\n<section  class='av_textblock_section av-jy66aukw-5a845a487cfb0a8e22bc90f77eb1c9cb '   itemscope=\"itemscope\" itemtype=\"https:\/\/schema.org\/CreativeWork\" ><div class='avia_textblock'  itemprop=\"text\" ><p>This Exhibition Fair had the objective to honour tango as an expression of the spirit of Buenos Aires city inhabitants and generator of characteristic expressions in music, dance, prose and poetry, visual arts, humour and many other artistic and cultural expressions.<\/p>\n<p>This exhibition, well-rounded and comprehensive- where artists, intellectuals and many human values and institutions have been invited- is a space created with the intention of including people and connecting peoples, spreading our message of friendship.<\/p>\n<p>Idea, direction and production: Ricardo Montesino<br \/>\nPresident: Ricardo Montesino<br \/>\nOrganising Committee: Georgette Grayeb, Gloria Sof\u00eda Albistur, Isabel Rojas, Juan Carlos V\u00e1squez Vela y L\u00eda Albistur.<\/p>\n<\/div><\/section><br \/>\n\n<style type=\"text\/css\" data-created_by=\"avia_inline_auto\" id=\"style-css-av-jy3gt6p9-fc489b9b5632fbef0c92566bb742197d\">\n#top .togglecontainer.av-jy3gt6p9-fc489b9b5632fbef0c92566bb742197d p.toggler{\ncolor:#515151;\nbackground-color:#f1eee6;\nborder-color:#f1eee6;\n}\n#top .togglecontainer.av-jy3gt6p9-fc489b9b5632fbef0c92566bb742197d p.toggler.activeTitle{\nbackground-color:#f1eee6;\n}\n#top .togglecontainer.av-jy3gt6p9-fc489b9b5632fbef0c92566bb742197d p.toggler:not(.activeTitle):hover{\ncolor:#515151;\nbackground-color:#ffffff;\n}\n#top .togglecontainer.av-jy3gt6p9-fc489b9b5632fbef0c92566bb742197d p.toggler:not(.activeTitle):hover .toggle_icon, #top .togglecontainer.av-jy3gt6p9-fc489b9b5632fbef0c92566bb742197d p.toggler:not(.activeTitle):hover .toggle_icon *{\nborder-color:#515151 !important;\n}\n#top .togglecontainer.av-jy3gt6p9-fc489b9b5632fbef0c92566bb742197d p.toggler .toggle_icon{\ncolor:#515151;\nborder-color:#515151;\n}\n#top .togglecontainer.av-jy3gt6p9-fc489b9b5632fbef0c92566bb742197d .toggle_wrap .toggle_content{\ncolor:#515151;\nbackground-color:#f1eee6;\nborder-color:#f1eee6;\n}\n<\/style>\n<div  class='togglecontainer av-jy3gt6p9-fc489b9b5632fbef0c92566bb742197d av-minimal-toggle  avia-builder-el-33  el_after_av_textblock  avia-builder-el-last  toggle_close_all' >\n<section class='av_toggle_section av-qrtxb-ff544cd076e943a578a0f09f8f5ac99c'  itemscope=\"itemscope\" itemtype=\"https:\/\/schema.org\/CreativeWork\" ><div role=\"tablist\" class=\"single_toggle\" data-tags=\"{All} \"  ><p id='toggle-toggle-id-1' data-fake-id='#toggle-id-1' class='toggler  av-title-above av-inherit-font-color hasCustomColor av-inherit-border-color'  itemprop=\"headline\"  role='tab' tabindex='0' aria-controls='toggle-id-1' data-slide-speed=\"200\" data-title=\"SPONSORSHIPS AND ACCESSIONS\" data-title-open=\"\" data-aria_collapsed=\"Click to expand: SPONSORSHIPS AND ACCESSIONS\" data-aria_expanded=\"Click to collapse: SPONSORSHIPS AND ACCESSIONS\">SPONSORSHIPS AND ACCESSIONS<span class=\"toggle_icon\"><span class=\"vert_icon\"><\/span><span class=\"hor_icon\"><\/span><\/span><\/p><div id='toggle-id-1' aria-labelledby='toggle-toggle-id-1' role='region' class='toggle_wrap  av-title-above'  ><div class='toggle_content invers-color av-inherit-font-color hasCustomColor av-inherit-border-color'  itemprop=\"text\" ><p>Declarado de Inter\u00e9s Cultural por la Secretar\u00eda de Cultura de la Naci\u00f3n \u2013 Resoluci\u00f3n S.C Nro. 952 &#8211; Declarado de Inter\u00e9s Cultural el Honorable Senado de la Naci\u00f3n &#8211; Promovido por la Senadora Graciela Fern\u00e1ndez Meijide &#8211; Declarado de Inter\u00e9s Parlamentario por la Honorable C\u00e1mara de Diputados de la Naci\u00f3n. Promovido por los Diputados Marta Mercader, Silvia V\u00e1zquez y Marcelo Stubrin &#8211; Declarado de Inter\u00e9s de la Ciudad de Buenos Aires por el Honorable Concejo Deliberante. Promovido por el Concejal Mario Grandinetti &#8211; Declarado de Inter\u00e9s Tur\u00edstico por la Secretar\u00eda de Turismo de la Naci\u00f3n &#8211; Secretar\u00eda de Cultura de la Naci\u00f3n &#8211; Secretar\u00eda de Cultura del Gobierno de la Ciudad de Buenos Aires &#8211; Ministerio de Relaciones Exteriores, Comercio Internacional y Culto, Direcci\u00f3n de Asuntos Culturales &#8211; Fondo Nacional de las Artes (Secretar\u00eda de Cultura de la Presidencia de la Naci\u00f3n) &#8211; Organizaci\u00f3n de las Naciones para la Educaci\u00f3n, la Ciencia y la Cultura (UNESCO) \u00a0&#8211; Organizaci\u00f3n de los Estados Americanos (OEA) &#8211; Fundaci\u00f3n de Ciudades Hermanas, Comit\u00e9 Buenos Aires \u2013 Quito &#8211; Fundaci\u00f3n de Relaciones Internacionales (FUNREI) &#8211; Asociaci\u00f3n Argentina de Agencias de Viajes y Turismo (AAAVYT) &#8211; Asociaci\u00f3n Argentina de Int\u00e9rpretes (AADI) &#8211; Asociaci\u00f3n de Agencias de Viajes y Turismo de Buenos Aires &#8211; Asociaci\u00f3n Gardeleana Argentina &#8211; C\u00e1mara de Comercio, Industria y Producci\u00f3n de la Rep\u00fablica Argentina &#8211; C\u00e1mara de Empresarios del Espect\u00e1culo &#8211; Centro Astor Piazzolla de Buenos Aires &#8211; Confederaci\u00f3n de Organizaciones Tur\u00edsticas de la Am\u00e9rica Latina (COTAL) &#8211; Consejo Tur\u00edstico de Buenos Aires &#8211; Conservatorio Albistur &#8211; Fundaci\u00f3n Astor Piazzolla &#8211; Fundaci\u00f3n El Libro &#8211; Fundaci\u00f3n (La Casa del Tango) &#8211; Grupo Cultural Arcano &#8211; Laboratorio Ejecutivo de la Persona (LEP CLUB) &#8211; Museo Metropolitano &#8211; Sociedad Argentina de Autores y Compositores de M\u00fasica (SADAIC) &#8211; Sindicato Argentino de M\u00fasicos &#8211; Sociedad Argentina de Escritores (SADE) &#8211; Sociedad Argentina de Artistas Pl\u00e1sticos (SAAP) &#8211; Uni\u00f3n Argentina Artistas de Variedades.<\/p>\n<\/div><\/div><\/div><\/section>\n<section class='av_toggle_section av-m176f-dd774c715afca38b6c69165685bb235a'  itemscope=\"itemscope\" itemtype=\"https:\/\/schema.org\/CreativeWork\" ><div role=\"tablist\" class=\"single_toggle\" data-tags=\"{All} \"  ><p id='toggle-toggle-id-2' data-fake-id='#toggle-id-2' class='toggler  av-title-above av-inherit-font-color hasCustomColor av-inherit-border-color'  itemprop=\"headline\"  role='tab' tabindex='0' aria-controls='toggle-id-2' data-slide-speed=\"200\" data-title=\"MEMBERS OF HONOR\" data-title-open=\"\" data-aria_collapsed=\"Click to expand: MEMBERS OF HONOR\" data-aria_expanded=\"Click to collapse: MEMBERS OF HONOR\">MEMBERS OF HONOR<span class=\"toggle_icon\"><span class=\"vert_icon\"><\/span><span class=\"hor_icon\"><\/span><\/span><\/p><div id='toggle-id-2' aria-labelledby='toggle-toggle-id-2' role='region' class='toggle_wrap  av-title-above'  ><div class='toggle_content invers-color av-inherit-font-color hasCustomColor av-inherit-border-color'  itemprop=\"text\" ><p>An\u00edbal Arias &#8211; Adolfo Bioy Casares &#8211; Adriana Varela &#8211; Alberto Castillo &#8211; Alberto Podest\u00e1 &#8211; Antonio Carrizo &#8211; Antonio Requeni &#8211; Ariel Ram\u00edrez &#8211; Atilio Stampone &#8211; Beba Pugliese &#8211; Ben Molar &#8211; Carlos Garc\u00eda &#8211; Carlos \u201cGato\u201d Dumas &#8211; Casti\u00f1iera de Dios &#8211; Daniel De Anchorena &#8211; Daniel Piazzolla &#8211; Eduardo Albistur &#8211; Eduardo Fal\u00fa &#8211; Enrique Cad\u00edcamo &#8211; Ernesto S\u00e1bato &#8211; Gilda Paz &#8211; Granara Ins\u00faa &#8211; Jaime Salazar &#8211; Jairo &#8211; Jos\u00e9 Gobelo &#8211; Julio Iglesias &#8211; Juli\u00e1n Plaza &#8211; Julio Boca &#8211; Juan Carlos Copes &#8211; Leopoldo D\u00edaz V\u00e9lez &#8211; Laura Escalada &#8211; Le\u00f3n Benar\u00f3s &#8211; Libertad Lamarque &#8211; Mariano Arana &#8211; Mariano Mores &#8211; Marco Denevi &#8211; Maria Burkun &#8211; Marta Minuj\u00edn &#8211; M\u00e1ximo Paz &#8211; Miguel Gonz\u00e1lez &#8211; Moreno &#8211; Raquel Rossetti &#8211; Ra\u00fal Garelo &#8211; Rosita de Filiberto &#8211; Tania &#8211; Tita Merello &#8211; V\u00edctor Oliveros &#8211; V\u00edctor Sasson &#8211; Virginia Luque &#8211; Virulazo (h) &#8211; Zita Troilo<\/p>\n<\/div><\/div><\/div><\/section>\n<section class='av_toggle_section av-ht4n3-a4b6369763be9bad5bfd08b36f0fdafd'  itemscope=\"itemscope\" itemtype=\"https:\/\/schema.org\/CreativeWork\" ><div role=\"tablist\" class=\"single_toggle\" data-tags=\"{All} \"  ><p id='toggle-toggle-id-3' data-fake-id='#toggle-id-3' class='toggler  av-title-above av-inherit-font-color hasCustomColor av-inherit-border-color'  itemprop=\"headline\"  role='tab' tabindex='0' aria-controls='toggle-id-3' data-slide-speed=\"200\" data-title=\"FEES ADVISORY COMMITTEE\" data-title-open=\"\" data-aria_collapsed=\"Click to expand: FEES ADVISORY COMMITTEE\" data-aria_expanded=\"Click to collapse: FEES ADVISORY COMMITTEE\">FEES ADVISORY COMMITTEE<span class=\"toggle_icon\"><span class=\"vert_icon\"><\/span><span class=\"hor_icon\"><\/span><\/span><\/p><div id='toggle-id-3' aria-labelledby='toggle-toggle-id-3' role='region' class='toggle_wrap  av-title-above'  ><div class='toggle_content invers-color av-inherit-font-color hasCustomColor av-inherit-border-color'  itemprop=\"text\" ><p>Anamar\u00eda Micceli &#8211; Ben Molar &#8211; Jorge Bellone &#8211; Enrique Cad\u00edcamo &#8211; Centro Astor Piazzolla &#8211; Jos\u00e9 Col\u00e1ngelo &#8211; Oscar Del Priore &#8211; Leopoldo D\u00edaz V\u00e9lez &#8211; Nen\u00e9 D\u00b4Inzeo &#8211; Jorge Dragone &#8211; Duillo Ferraro &#8211; Rosa Fontana &#8211; M\u00f3nica y V\u00edctor Ayo &#8211; Oscar Fresedo &#8211; Alejandro Manrique &#8211; Mar\u00eda Isabel Clucella &#8211; Mario Oderigo &#8211; P\u00e9rez Celis &#8211; Augusto Rattembach \u2022Alberto Rodr\u00edguez Ru\u00edz &#8211; Pedro Rojas &#8211; Mar\u00eda Laura San Mart\u00edn &#8211; Sela Sierra &#8211; Beatriz Scheafer Pe\u00f1a &#8211; N\u00e9lida Rouchetto &#8211; Susana Zimmermann &#8211; Marta y Alfredo G\u00f3mez.<\/p>\n<\/div><\/div><\/div><\/section>\n<section class='av_toggle_section av-6sfrz-7a5a318ec01d0a900b71e9dcf8813a01'  itemscope=\"itemscope\" itemtype=\"https:\/\/schema.org\/CreativeWork\" ><div role=\"tablist\" class=\"single_toggle\" data-tags=\"{All} \"  ><p id='toggle-toggle-id-4' data-fake-id='#toggle-id-4' class='toggler  av-title-above av-inherit-font-color hasCustomColor av-inherit-border-color'  itemprop=\"headline\"  role='tab' tabindex='0' aria-controls='toggle-id-4' data-slide-speed=\"200\" data-title=\"PARTICIPATING ARTISTS\" data-title-open=\"\" data-aria_collapsed=\"Click to expand: PARTICIPATING ARTISTS\" data-aria_expanded=\"Click to collapse: PARTICIPATING ARTISTS\">PARTICIPATING ARTISTS<span class=\"toggle_icon\"><span class=\"vert_icon\"><\/span><span class=\"hor_icon\"><\/span><\/span><\/p><div id='toggle-id-4' aria-labelledby='toggle-toggle-id-4' role='region' class='toggle_wrap  av-title-above'  ><div class='toggle_content invers-color av-inherit-font-color hasCustomColor av-inherit-border-color'  itemprop=\"text\" ><p>Alonso, Cristino &#8211; Bengochea, Miguel \u00c1ngel -Benguria, Silvina -Ca\u00f1\u00e1s, Carlos Carpani, Ricardo &#8211; D\u00b4Arienzo, Miguel Alfredo &#8211; D\u00e1vila, Miguel &#8211; Dowek, Diana &#8211; Eckell, Ana &#8211; Firpo, Roberto &#8211; Gagliardi, Helios &#8211; Gorriarena, Carlos &#8211; Kawarai, Akiko &#8211; Lavarello, Julio Luis &#8211; Luchenio, Marta &#8211; Magyar, Ladislao &#8211; Merellano, Isabel -Monzani, Carlos &#8211; Negrotto, Beatriz &#8211; No\u00e9, Luis Felipe &#8211; Oliva, Lila &#8211; P\u00e9rez Celis &#8211; P\u00e9rez, Tito &#8211; Saiace, N\u00e9stor &#8211; San Mart\u00edn, Mar\u00eda Laura &#8211; Valladares, Edmund &#8211; Vinci, Leo &#8211; Colombres, Juan Carlos \u201cLandr\u00fa\u201d &#8211; Dobal, Felipe Miguel \u00c1ngel &#8211; Dzwonik, Cristian \u201cNik\u201d &#8211; Fontanarrosa, Roberto &#8211; Garaycochea, Carlos &#8211; G\u00f3mez Laborde, Tabar\u00e9 \u201cTabar\u00e9\u201d &#8211; Ib\u00e1\u00f1ez, N\u00e9stor Antonio &#8211; Jacinto, Jos\u00e9 Oscar \u201cS\u00f3crates\u201d &#8211; Lembo, Mario J. &#8211; Mattiello, H\u00e9ctor &#8211; P\u00e1ez, Beto &#8211; Pilipczuk, Ana Mar\u00eda \u201cAna Pili\u201d &#8211; Roth, Pedro.<\/p>\n<\/div><\/div><\/div><\/section>\n<\/div><\/p><\/div>\n<style type=\"text\/css\" data-created_by=\"avia_inline_auto\" id=\"style-css-av-1ofk6-f520a64548c4d90457af712fa6a3bf5a\">\n.flex_column.av-1ofk6-f520a64548c4d90457af712fa6a3bf5a{\nborder-radius:0px 0px 0px 0px;\npadding:0px 0px 0px 0px;\n}\n<\/style>\n<div  class='flex_column av-1ofk6-f520a64548c4d90457af712fa6a3bf5a av_one_fifth  avia-builder-el-34  el_after_av_three_fifth  avia-builder-el-last  flex_column_div av-zero-column-padding  column-top-margin'     ><\/div>\n","protected":false},"excerpt":{"rendered":"","protected":false},"author":1,"featured_media":0,"parent":0,"menu_order":0,"comment_status":"closed","ping_status":"closed","template":"","meta":{"footnotes":""},"class_list":["post-1361","page","type-page","status-publish","hentry"],"_links":{"self":[{"href":"https:\/\/bar-sur.com.ar\/en\/wp-json\/wp\/v2\/pages\/1361","targetHints":{"allow":["GET"]}}],"collection":[{"href":"https:\/\/bar-sur.com.ar\/en\/wp-json\/wp\/v2\/pages"}],"about":[{"href":"https:\/\/bar-sur.com.ar\/en\/wp-json\/wp\/v2\/types\/page"}],"author":[{"embeddable":true,"href":"https:\/\/bar-sur.com.ar\/en\/wp-json\/wp\/v2\/users\/1"}],"replies":[{"embeddable":true,"href":"https:\/\/bar-sur.com.ar\/en\/wp-json\/wp\/v2\/comments?post=1361"}],"version-history":[{"count":2,"href":"https:\/\/bar-sur.com.ar\/en\/wp-json\/wp\/v2\/pages\/1361\/revisions"}],"predecessor-version":[{"id":1595,"href":"https:\/\/bar-sur.com.ar\/en\/wp-json\/wp\/v2\/pages\/1361\/revisions\/1595"}],"wp:attachment":[{"href":"https:\/\/bar-sur.com.ar\/en\/wp-json\/wp\/v2\/media?parent=1361"}],"curies":[{"name":"wp","href":"https:\/\/api.w.org\/{rel}","templated":true}]}}